{"version":"1.0","provider_name":"Convivencia y educaci\u00f3n en valores","provider_url":"https:\/\/eldiariodelaeducacion.com\/convivenciayeducacionenvalores","title":"Piensa m\u00e1s... y acertar\u00e1s - Convivencia y educaci\u00f3n en valores","type":"rich","width":600,"height":338,"html":"<blockquote class=\"wp-embedded-content\" data-secret=\"T7HyOVaHiE\"><a href=\"https:\/\/eldiariodelaeducacion.com\/convivenciayeducacionenvalores\/2019\/02\/12\/piensa-mas-y-acertaras\/\">Piensa m\u00e1s&#8230;  y acertar\u00e1s<\/a><\/blockquote><iframe sandbox=\"allow-scripts\" security=\"restricted\" src=\"https:\/\/eldiariodelaeducacion.com\/convivenciayeducacionenvalores\/2019\/02\/12\/piensa-mas-y-acertaras\/embed\/#?secret=T7HyOVaHiE\" width=\"600\" height=\"338\" title=\"\u00abPiensa m\u00e1s&#8230;  y acertar\u00e1s\u00bb \u2014 Convivencia y educaci\u00f3n en valores\" data-secret=\"T7HyOVaHiE\" frameborder=\"0\" marginwidth=\"0\" marginheight=\"0\" scrolling=\"no\" class=\"wp-embedded-content\"><\/iframe><script type=\"text\/javascript\">\n\/* <![CDATA[ *\/\n\/*! This file is auto-generated *\/\n!function(d,l){\"use strict\";l.querySelector&&d.addEventListener&&\"undefined\"!=typeof URL&&(d.wp=d.wp||{},d.wp.receiveEmbedMessage||(d.wp.receiveEmbedMessage=function(e){var t=e.data;if((t||t.secret||t.message||t.value)&&!\/[^a-zA-Z0-9]\/.test(t.secret)){for(var s,r,n,a=l.querySelectorAll('iframe[data-secret=\"'+t.secret+'\"]'),o=l.querySelectorAll('blockquote[data-secret=\"'+t.secret+'\"]'),c=new RegExp(\"^https?:$\",\"i\"),i=0;i<o.length;i++)o[i].style.display=\"none\";for(i=0;i<a.length;i++)s=a[i],e.source===s.contentWindow&&(s.removeAttribute(\"style\"),\"height\"===t.message?(1e3<(r=parseInt(t.value,10))?r=1e3:~~r<200&&(r=200),s.height=r):\"link\"===t.message&&(r=new URL(s.getAttribute(\"src\")),n=new URL(t.value),c.test(n.protocol))&&n.host===r.host&&l.activeElement===s&&(d.top.location.href=t.value))}},d.addEventListener(\"message\",d.wp.receiveEmbedMessage,!1),l.addEventListener(\"DOMContentLoaded\",function(){for(var e,t,s=l.querySelectorAll(\"iframe.wp-embedded-content\"),r=0;r<s.length;r++)(t=(e=s[r]).getAttribute(\"data-secret\"))||(t=Math.random().toString(36).substring(2,12),e.src+=\"#?secret=\"+t,e.setAttribute(\"data-secret\",t)),e.contentWindow.postMessage({message:\"ready\",secret:t},\"*\")},!1)))}(window,document);\n\/\/# sourceURL=https:\/\/eldiariodelaeducacion.com\/convivenciayeducacionenvalores\/wp-includes\/js\/wp-embed.min.js\n\/* ]]> *\/\n<\/script>\n","thumbnail_url":"https:\/\/eldiariodelaeducacion.com\/convivenciayeducacionenvalores\/wp-content\/uploads\/sites\/18\/2018\/11\/aula-2-ENRIC-CATALA-18_20.jpg","thumbnail_width":1200,"thumbnail_height":800,"description":"La preocupaci\u00f3n por las \u201cfake news\u201d, las noticias falsas ha aumentado considerablemente. Hace poco le\u00edamos que el presidente Trump, en sus dos a\u00f1os de mandato, hab\u00eda lanzado casi 8.000 noticias, difundiendo situaciones, afirmaciones o problemas que eran totalmente falsas. Ante el auge de este tipo de hechos, algunos peri\u00f3dicos digitales han incluido en sus p\u00e1ginas"}