{"id":2,"date":"2024-02-11T13:37:04","date_gmt":"2024-02-11T12:37:04","guid":{"rendered":"https:\/\/gracious-carson.82-223-1-47.plesk.page\/convivenciayeducacionenvaloresi\/?page_id=2"},"modified":"2026-02-02T10:39:59","modified_gmt":"2026-02-02T09:39:59","slug":"inicio-prisma-convives","status":"publish","type":"page","link":"https:\/\/eldiariodelaeducacion.com\/convivenciayeducacionenvalores\/","title":{"rendered":"inicio"},"content":{"rendered":"\t\t<div data-elementor-type=\"wp-page\" data-elementor-id=\"2\" class=\"elementor elementor-2\" data-elementor-post-type=\"page\">\n\t\t\t\t\t\t<section class=\"has-el-gap el-gap-default elementor-section elementor-top-section elementor-element elementor-element-4ce178a elementor-section-boxed elementor-section-height-default elementor-section-height-default\" data-id=\"4ce178a\" data-element_type=\"section\" data-e-type=\"section\">\n\t\t\t\t\t\t<div class=\"elementor-container elementor-column-gap-no\">\n\t\t\t\t\t<div class=\"elementor-column elementor-col-100 elementor-top-column elementor-element elementor-element-3555872\" data-id=\"3555872\" data-element_type=\"column\" data-e-type=\"column\">\n\t\t\t<div class=\"elementor-widget-wrap elementor-element-populated\">\n\t\t\t\t\t\t<div class=\"elementor-element elementor-element-d6b8474 post-content elementor-widget elementor-widget-text-editor\" data-id=\"d6b8474\" data-element_type=\"widget\" data-e-type=\"widget\" data-widget_type=\"text-editor.default\">\n\t\t\t\t<div class=\"elementor-widget-container\">\n\t\t\t\t\t\t\t\t\t<h1 style=\"text-align: center; font-family: inter tight; font-size: 20px;\">APS Y EDUCACI\u00d3N EN VALORES \u00b7 Un blog de <span style=\"color: #3878b0;\"><a style=\"color: #3878b0; text-decoration: none;\" href=\"https:\/\/eldiariodelaeducacion.com\">El Diario de la Educaci\u00f3n<\/a><\/span><\/h1>\t\t\t\t\t\t\t\t<\/div>\n\t\t\t\t<\/div>\n\t\t\t\t\t<\/div>\n\t\t<\/div>\n\t\t\t\t\t<\/div>\n\t\t<\/section>\n\t\t\t\t<section class=\"has-el-gap el-gap-default elementor-section elementor-top-section elementor-element elementor-element-9eb35ab elementor-section-boxed elementor-section-height-default elementor-section-height-default\" data-id=\"9eb35ab\" data-element_type=\"section\" data-e-type=\"section\">\n\t\t\t\t\t\t<div class=\"elementor-container elementor-column-gap-no\">\n\t\t\t\t\t<div class=\"elementor-column elementor-col-66 elementor-top-column elementor-element elementor-element-9b9a6a4\" data-id=\"9b9a6a4\" data-element_type=\"column\" data-e-type=\"column\">\n\t\t\t<div class=\"elementor-widget-wrap elementor-element-populated\">\n\t\t\t\t\t\t<div class=\"elementor-element elementor-element-34982ab elementor-widget elementor-widget-smartmag-grid\" data-id=\"34982ab\" data-element_type=\"widget\" data-e-type=\"widget\" data-widget_type=\"smartmag-grid.default\">\n\t\t\t\t<div class=\"elementor-widget-container\">\n\t\t\t\t\t\t\t<section class=\"block-wrap block-grid block-sc\" data-id=\"1\">\n\n\t\t\t\t\n\t\t\t<div class=\"block-content\">\n\t\t\t\t\t\n\t<div class=\"loop loop-grid loop-grid-base grid grid-1 md:grid-1 xs:grid-1\">\n\n\t\t\t\t\t\n<article class=\"l-post grid-post grid-base-post\">\n\n\t\n\t\t\t<div class=\"media\">\n\n\t\t\n\t\t\t<a href=\"https:\/\/eldiariodelaeducacion.com\/convivenciayeducacionenvalores\/2026\/04\/28\/educacion-buen-vivir-alternativa-educativa-crisis-global\/\" class=\"image-link media-ratio ratio-16-9\" title=\"El buen vivir: una educaci\u00f3n para toda la vida\"><img fetchpriority=\"high\" decoding=\"async\" width=\"803\" height=\"451\" src=\"https:\/\/eldiariodelaeducacion.com\/convivenciayeducacionenvalores\/wp-content\/uploads\/sites\/18\/2026\/04\/people-planting-tree-countryside.jpg\" class=\"attachment-large size-large wp-post-image\" alt=\"\" sizes=\"(max-width: 803px) 100vw, 803px\" title=\"El buen vivir: una educaci\u00f3n para toda la vida\" srcset=\"https:\/\/eldiariodelaeducacion.com\/convivenciayeducacionenvalores\/wp-content\/uploads\/sites\/18\/2026\/04\/people-planting-tree-countryside.jpg 1000w, https:\/\/eldiariodelaeducacion.com\/convivenciayeducacionenvalores\/wp-content\/uploads\/sites\/18\/2026\/04\/people-planting-tree-countryside-768x512.jpg 768w\" \/><\/a>\t\t\t\n\t\t\t\n\t\t\t\n\t\t\t\n\t\t\n\t\t<\/div>\n\t\n\n\t\n\t\t<div class=\"content\">\n\n\t\t\t<div class=\"post-meta post-meta-a has-below\"><h2 class=\"is-title post-title\"><a href=\"https:\/\/eldiariodelaeducacion.com\/convivenciayeducacionenvalores\/2026\/04\/28\/educacion-buen-vivir-alternativa-educativa-crisis-global\/\">El buen vivir: una educaci\u00f3n para toda la vida<\/a><\/h2><div class=\"post-meta-items meta-below\"><span class=\"meta-item post-author\"><a href=\"https:\/\/eldiariodelaeducacion.com\/convivenciayeducacionenvalores\/author\/agustincorominas\/\" title=\"Entradas de Agust\u00ed Corominas\" rel=\"author\">Agust\u00ed Corominas<\/a><\/span><\/div><\/div>\t\t\t\n\t\t\t\t\t\t\n\t\t\t\t<div class=\"excerpt limit-lines l-lines-2\">\n\t\t\t\t\t<p>El Buen Vivir nos invita a repensar la educaci\u00f3n m\u00e1s all\u00e1 de la escuela y del consumismo. Desde una mirada comunitaria, ecol\u00f3gica e interdependiente, plantea una vida austera pero plena, arraigada en el cuidado, la justicia y el bien com\u00fan. En tiempos de crisis, esta propuesta abre nuevos horizontes para educar personas capaces de vivir en armon\u00eda con los dem\u00e1s, con la naturaleza y con el futuro.<\/p>\n\t\t\t\t<\/div>\n\t\t\t\n\t\t\t\n\t\t\t\n\t\t<\/div>\n\n\t\n<\/article>\t\t\n\t<\/div>\n\n\t\t\n\t\t\t<\/div>\n\n\t\t<\/section>\n\t\t\t\t\t\t<\/div>\n\t\t\t\t<\/div>\n\t\t\t\t<div class=\"elementor-element elementor-element-dc64505 elementor-widget elementor-widget-smartmag-grid\" data-id=\"dc64505\" data-element_type=\"widget\" data-e-type=\"widget\" data-widget_type=\"smartmag-grid.default\">\n\t\t\t\t<div class=\"elementor-widget-container\">\n\t\t\t\t\t\t\t<section class=\"block-wrap block-grid block-sc\" data-id=\"2\" data-block=\"{&quot;id&quot;:&quot;grid&quot;,&quot;props&quot;:{&quot;cat_labels&quot;:&quot;0&quot;,&quot;cat_labels_pos&quot;:&quot;bot-left&quot;,&quot;reviews&quot;:&quot;stars&quot;,&quot;post_formats_pos&quot;:&quot;center&quot;,&quot;load_more_style&quot;:&quot;a&quot;,&quot;meta_cat_style&quot;:&quot;text&quot;,&quot;media_style_shadow&quot;:0,&quot;meta_sponsor&quot;:1,&quot;meta_sponsor_logo&quot;:0,&quot;meta_sponsor_label&quot;:&quot;Sponsor: {sponsor}&quot;,&quot;meta_sponsor_above&quot;:[],&quot;meta_sponsor_below&quot;:[&quot;sponsor&quot;,&quot;date&quot;],&quot;media_ratio&quot;:&quot;&quot;,&quot;media_ratio_custom&quot;:&quot;&quot;,&quot;read_more&quot;:&quot;none&quot;,&quot;content_center&quot;:0,&quot;posts&quot;:12,&quot;container_width&quot;:66,&quot;offset&quot;:0,&quot;pagination&quot;:&quot;1&quot;,&quot;pagination_type&quot;:&quot;load-more&quot;,&quot;sort_order&quot;:&quot;desc&quot;,&quot;excerpts&quot;:&quot;&quot;,&quot;meta_items_default&quot;:false,&quot;meta_below&quot;:[&quot;author&quot;],&quot;title_tag&quot;:&quot;h3&quot;,&quot;meta_sponsor_items_default&quot;:true,&quot;query_type&quot;:&quot;custom&quot;,&quot;sort_days&quot;:null,&quot;carousel_dots&quot;:null,&quot;is_sc_call&quot;:true}}\">\n\n\t\t\t\t\n\t\t\t<div class=\"block-content\">\n\t\t\t\t\t\n\t<div class=\"loop loop-grid loop-grid-base grid grid-2 md:grid-2 xs:grid-1\">\n\n\t\t\t\t\t\n<article class=\"l-post grid-post grid-base-post\">\n\n\t\n\t\t\t<div class=\"media\">\n\n\t\t\n\t\t\t<a href=\"https:\/\/eldiariodelaeducacion.com\/convivenciayeducacionenvalores\/2026\/04\/28\/educacion-buen-vivir-alternativa-educativa-crisis-global\/\" class=\"image-link media-ratio ratio-16-9\" title=\"El buen vivir: una educaci\u00f3n para toda la vida\"><img decoding=\"async\" width=\"377\" height=\"212\" src=\"https:\/\/eldiariodelaeducacion.com\/convivenciayeducacionenvalores\/wp-content\/uploads\/sites\/18\/2026\/04\/people-planting-tree-countryside-450x300.jpg\" class=\"attachment-bunyad-medium size-bunyad-medium wp-post-image\" alt=\"\" sizes=\"(max-width: 377px) 100vw, 377px\" title=\"El buen vivir: una educaci\u00f3n para toda la vida\" srcset=\"https:\/\/eldiariodelaeducacion.com\/convivenciayeducacionenvalores\/wp-content\/uploads\/sites\/18\/2026\/04\/people-planting-tree-countryside-450x300.jpg 450w, https:\/\/eldiariodelaeducacion.com\/convivenciayeducacionenvalores\/wp-content\/uploads\/sites\/18\/2026\/04\/people-planting-tree-countryside-768x512.jpg 768w, https:\/\/eldiariodelaeducacion.com\/convivenciayeducacionenvalores\/wp-content\/uploads\/sites\/18\/2026\/04\/people-planting-tree-countryside.jpg 1000w\" \/><\/a>\t\t\t\n\t\t\t\n\t\t\t\n\t\t\t\n\t\t\n\t\t<\/div>\n\t\n\n\t\n\t\t<div class=\"content\">\n\n\t\t\t<div class=\"post-meta post-meta-a has-below\"><h3 class=\"is-title post-title\"><a href=\"https:\/\/eldiariodelaeducacion.com\/convivenciayeducacionenvalores\/2026\/04\/28\/educacion-buen-vivir-alternativa-educativa-crisis-global\/\">El buen vivir: una educaci\u00f3n para toda la vida<\/a><\/h3><div class=\"post-meta-items meta-below\"><span class=\"meta-item post-author\"><a href=\"https:\/\/eldiariodelaeducacion.com\/convivenciayeducacionenvalores\/author\/agustincorominas\/\" title=\"Entradas de Agust\u00ed Corominas\" rel=\"author\">Agust\u00ed Corominas<\/a><\/span><\/div><\/div>\t\t\t\n\t\t\t\n\t\t\t\n\t\t<\/div>\n\n\t\n<\/article>\t\t\t\t\t\n<article class=\"l-post grid-post grid-base-post\">\n\n\t\n\t\t\t<div class=\"media\">\n\n\t\t\n\t\t\t<a href=\"https:\/\/eldiariodelaeducacion.com\/convivenciayeducacionenvalores\/2026\/04\/24\/fortalecer-escuela-alianzas-familias-contravalores\/\" class=\"image-link media-ratio ratio-16-9\" title=\"La escuela sola no puede: hay que fortalecerla\"><img decoding=\"async\" width=\"377\" height=\"212\" src=\"https:\/\/eldiariodelaeducacion.com\/convivenciayeducacionenvalores\/wp-content\/uploads\/sites\/18\/2026\/04\/technology-e-learning-school-break-lunch-concept11-450x300.jpg\" class=\"attachment-bunyad-medium size-bunyad-medium wp-post-image\" alt=\"Technology E-learning School Break Lunch Concept\" sizes=\"(max-width: 377px) 100vw, 377px\" title=\"La escuela sola no puede: hay que fortalecerla\" srcset=\"https:\/\/eldiariodelaeducacion.com\/convivenciayeducacionenvalores\/wp-content\/uploads\/sites\/18\/2026\/04\/technology-e-learning-school-break-lunch-concept11-450x300.jpg 450w, https:\/\/eldiariodelaeducacion.com\/convivenciayeducacionenvalores\/wp-content\/uploads\/sites\/18\/2026\/04\/technology-e-learning-school-break-lunch-concept11-768x512.jpg 768w, https:\/\/eldiariodelaeducacion.com\/convivenciayeducacionenvalores\/wp-content\/uploads\/sites\/18\/2026\/04\/technology-e-learning-school-break-lunch-concept11.jpg 1024w\" \/><\/a>\t\t\t\n\t\t\t\n\t\t\t\n\t\t\t\n\t\t\n\t\t<\/div>\n\t\n\n\t\n\t\t<div class=\"content\">\n\n\t\t\t<div class=\"post-meta post-meta-a has-below\"><h3 class=\"is-title post-title\"><a href=\"https:\/\/eldiariodelaeducacion.com\/convivenciayeducacionenvalores\/2026\/04\/24\/fortalecer-escuela-alianzas-familias-contravalores\/\">La escuela sola no puede: hay que fortalecerla<\/a><\/h3><div class=\"post-meta-items meta-below\"><span class=\"meta-item post-author\"><a href=\"https:\/\/eldiariodelaeducacion.com\/convivenciayeducacionenvalores\/author\/miquel-martinez\/\" title=\"Entradas de Miquel Mart\u00ednez Martin\" rel=\"author\">Miquel Mart\u00ednez Martin<\/a><\/span><\/div><\/div>\t\t\t\n\t\t\t\n\t\t\t\n\t\t<\/div>\n\n\t\n<\/article>\t\t\t\t\t\n<article class=\"l-post grid-post grid-base-post\">\n\n\t\n\t\t\t<div class=\"media\">\n\n\t\t\n\t\t\t<a href=\"https:\/\/eldiariodelaeducacion.com\/convivenciayeducacionenvalores\/2026\/03\/24\/aprendizaje-servicio-fomento-lectura-proyectos-educativos\/\" class=\"image-link media-ratio ratio-16-9\" title=\"Comprometidos con la lectura\"><img loading=\"lazy\" decoding=\"async\" width=\"377\" height=\"212\" src=\"https:\/\/eldiariodelaeducacion.com\/convivenciayeducacionenvalores\/wp-content\/uploads\/sites\/18\/2026\/03\/creative-world-book-day-arrangement-450x300.jpg\" class=\"attachment-bunyad-medium size-bunyad-medium wp-post-image\" alt=\"\" sizes=\"(max-width: 377px) 100vw, 377px\" title=\"Comprometidos con la lectura\" srcset=\"https:\/\/eldiariodelaeducacion.com\/convivenciayeducacionenvalores\/wp-content\/uploads\/sites\/18\/2026\/03\/creative-world-book-day-arrangement-450x300.jpg 450w, https:\/\/eldiariodelaeducacion.com\/convivenciayeducacionenvalores\/wp-content\/uploads\/sites\/18\/2026\/03\/creative-world-book-day-arrangement-1024x683.jpg 1024w, https:\/\/eldiariodelaeducacion.com\/convivenciayeducacionenvalores\/wp-content\/uploads\/sites\/18\/2026\/03\/creative-world-book-day-arrangement-768x512.jpg 768w, https:\/\/eldiariodelaeducacion.com\/convivenciayeducacionenvalores\/wp-content\/uploads\/sites\/18\/2026\/03\/creative-world-book-day-arrangement-1536x1024.jpg 1536w, https:\/\/eldiariodelaeducacion.com\/convivenciayeducacionenvalores\/wp-content\/uploads\/sites\/18\/2026\/03\/creative-world-book-day-arrangement-2048x1365.jpg 2048w, https:\/\/eldiariodelaeducacion.com\/convivenciayeducacionenvalores\/wp-content\/uploads\/sites\/18\/2026\/03\/creative-world-book-day-arrangement-1200x800.jpg 1200w\" \/><\/a>\t\t\t\n\t\t\t\n\t\t\t\n\t\t\t\n\t\t\n\t\t<\/div>\n\t\n\n\t\n\t\t<div class=\"content\">\n\n\t\t\t<div class=\"post-meta post-meta-a has-below\"><h3 class=\"is-title post-title\"><a href=\"https:\/\/eldiariodelaeducacion.com\/convivenciayeducacionenvalores\/2026\/03\/24\/aprendizaje-servicio-fomento-lectura-proyectos-educativos\/\">Comprometidos con la lectura<\/a><\/h3><div class=\"post-meta-items meta-below\"><span class=\"meta-item post-author\"><a href=\"https:\/\/eldiariodelaeducacion.com\/convivenciayeducacionenvalores\/author\/roser\/\" title=\"Entradas de Roser Batlle\" rel=\"author\">Roser Batlle<\/a><\/span><\/div><\/div>\t\t\t\n\t\t\t\n\t\t\t\n\t\t<\/div>\n\n\t\n<\/article>\t\t\t\t\t\n<article class=\"l-post grid-post grid-base-post\">\n\n\t\n\t\t\t<div class=\"media\">\n\n\t\t\n\t\t\t<a href=\"https:\/\/eldiariodelaeducacion.com\/convivenciayeducacionenvalores\/2026\/03\/11\/aprendizaje-servicio-formacion-docente-proyectos-comunidad\/\" class=\"image-link media-ratio ratio-16-9\" title=\"La universidad y los proyectos de vida de los futuros docentes\"><img loading=\"lazy\" decoding=\"async\" width=\"377\" height=\"212\" src=\"https:\/\/eldiariodelaeducacion.com\/convivenciayeducacionenvalores\/wp-content\/uploads\/sites\/18\/2026\/03\/female-teacher-assisting-pupils-with-class-homework-mentoring1-450x253.jpg\" class=\"attachment-bunyad-medium size-bunyad-medium wp-post-image\" alt=\"Female teacher assisting pupils with class homework and mentoring, providing academic instruction and support to help pass school assignments. Tutor lecturer gives private lessons. Camera B. SSUCv3H4sIAAAAAAAAA11VTW\/tJhD9K5HXQcKA+ci2andPr4vuoi4wjO+lsY2F7aRP0f3vHcC+ye3Gsg+HYc6ZGfzZBN+8NFoOFGw3EGpBEOH9QHo6eAKed4YqqQ23zXPj7QbNS8u5abUSlFJtFD7pc9PbNbjm5bMJ47ivW7JbiHPzgisJZg+pvIIPW0zBjvh1e27WzW77Cituwy+HsS+4Wr7PeK+fGccEf\/e7qzFx394j8rP\/B9y2Nrfnk\/MnxGWEO+FHWB2Mo50h7t9pd0Jz+\/u5sReY3a+cwi3nOoItGb02zLYG1Q9Ee6uJ6Dgjtvc9sZr1vVN9qweDofggtbO2J9kKIqRqSc8FJ9QMQmmgRrEBaQO1vYLWEemEJ6JVjGipOWnRdUkZkxI6pFHJWKsExjCDIYIbRzQYT+jAoZPWGzc4pAkmjVdKI656InQvie6pIuBsJ0B56Z1tUNzbxwZpKob+AZNFc1CYkZ0yeXXddg\/zlrGWcnqA7hpHmx7BMfTJpl8ZlAyLnrElwQYwVyJFMRm0QwrOzk92gvJSdrSMy7ojDrCuMVVUVjSB9WG+VKxTNGNutOs6YUOsj3ks+xLGO6bpNxX\/Z6bwXpr1tdHaUJ6xnC6WOxWqVKwr5\/vwjlBhMsqwJuYgW3eFe6ol6EcK21eqUp5+xbFAVBhRTHDWw1Ta9wuc46FGtZxVU8Gm+QyHvGLghFJwCCrKjGZKijYvXPZw2mRarkrMdV+WmLZ6Dm9VxsKM07e7On54mpGtvltaEN3WWl3jBB8xvdWkGO8y2Mf4Vv3BkpaDcSRyUlj+py+tXUel4MUoDBsu83SWQLaqCvawvtVAqOGRWHmanl2RB\/kQYYqIK4zLAdCS67Z\/udJmBbw6iN00P\/jn9oSNt4\/7dMBdaRK4Xx\/fa7KcllDR1l6Adxjjcs+RHq78lY9\/PPu33OK2KmlNdepfW0+lpm4bUdee4LHfjwFbr6FIZFwIw1r+aHUpsznEv+UrunZsd\/T2dHC+1aEW5+ms6N1fdw3j4\/6DeQnpmCWmMeVzQr5PB16JcStTgJdn3Octn4omCLyDxhgX2+crZbDjClg0dBM5\/gBuJVFXilbud\/wtxKm+H8NQruItOhR4\/ATqL+EaEM1HfTb7MkacJn8s7\/0Utu38TPAe4OOLfbvd\/gPyfIU\/0AYAAA==\" sizes=\"(max-width: 377px) 100vw, 377px\" title=\"La universidad y los proyectos de vida de los futuros docentes\" srcset=\"https:\/\/eldiariodelaeducacion.com\/convivenciayeducacionenvalores\/wp-content\/uploads\/sites\/18\/2026\/03\/female-teacher-assisting-pupils-with-class-homework-mentoring1-450x253.jpg 450w, https:\/\/eldiariodelaeducacion.com\/convivenciayeducacionenvalores\/wp-content\/uploads\/sites\/18\/2026\/03\/female-teacher-assisting-pupils-with-class-homework-mentoring1-300x169.jpg 300w, https:\/\/eldiariodelaeducacion.com\/convivenciayeducacionenvalores\/wp-content\/uploads\/sites\/18\/2026\/03\/female-teacher-assisting-pupils-with-class-homework-mentoring1-768x432.jpg 768w, https:\/\/eldiariodelaeducacion.com\/convivenciayeducacionenvalores\/wp-content\/uploads\/sites\/18\/2026\/03\/female-teacher-assisting-pupils-with-class-homework-mentoring1-18x10.jpg 18w, https:\/\/eldiariodelaeducacion.com\/convivenciayeducacionenvalores\/wp-content\/uploads\/sites\/18\/2026\/03\/female-teacher-assisting-pupils-with-class-homework-mentoring1-150x84.jpg 150w, https:\/\/eldiariodelaeducacion.com\/convivenciayeducacionenvalores\/wp-content\/uploads\/sites\/18\/2026\/03\/female-teacher-assisting-pupils-with-class-homework-mentoring1.jpg 1000w\" \/><\/a>\t\t\t\n\t\t\t\n\t\t\t\n\t\t\t\n\t\t\n\t\t<\/div>\n\t\n\n\t\n\t\t<div class=\"content\">\n\n\t\t\t<div class=\"post-meta post-meta-a has-below\"><h3 class=\"is-title post-title\"><a href=\"https:\/\/eldiariodelaeducacion.com\/convivenciayeducacionenvalores\/2026\/03\/11\/aprendizaje-servicio-formacion-docente-proyectos-comunidad\/\">La universidad y los proyectos de vida de los futuros docentes<\/a><\/h3><div class=\"post-meta-items meta-below\"><span class=\"meta-item post-author\"><a href=\"https:\/\/eldiariodelaeducacion.com\/convivenciayeducacionenvalores\/author\/guedes\/\" title=\"Entradas de Beattriz Guedes de Seixas\" rel=\"author\">Beattriz Guedes de Seixas<\/a><\/span><\/div><\/div>\t\t\t\n\t\t\t\n\t\t\t\n\t\t<\/div>\n\n\t\n<\/article>\t\t\t\t\t\n<article class=\"l-post grid-post grid-base-post\">\n\n\t\n\t\t\t<div class=\"media\">\n\n\t\t\n\t\t\t<a href=\"https:\/\/eldiariodelaeducacion.com\/convivenciayeducacionenvalores\/2026\/02\/24\/aprendizaje-servicio-universidad-competencias-eticas-profesionales\/\" class=\"image-link media-ratio ratio-16-9\" title=\"El aprendizaje-servicio en la universidad: no es un \u201cextra\u201d, es formaci\u00f3n profesional (y \u00e9tica)\"><img loading=\"lazy\" decoding=\"async\" width=\"377\" height=\"212\" src=\"https:\/\/eldiariodelaeducacion.com\/convivenciayeducacionenvalores\/wp-content\/uploads\/sites\/18\/2026\/02\/Foto-post-ApS-450x300.jpg\" class=\"attachment-bunyad-medium size-bunyad-medium wp-post-image\" alt=\"Hand holding wooden block with human scale, business ethics and corporate compliance concept\" sizes=\"(max-width: 377px) 100vw, 377px\" title=\"El aprendizaje-servicio en la universidad: no es un \u201cextra\u201d, es formaci\u00f3n profesional (y \u00e9tica)\" srcset=\"https:\/\/eldiariodelaeducacion.com\/convivenciayeducacionenvalores\/wp-content\/uploads\/sites\/18\/2026\/02\/Foto-post-ApS-450x300.jpg 450w, https:\/\/eldiariodelaeducacion.com\/convivenciayeducacionenvalores\/wp-content\/uploads\/sites\/18\/2026\/02\/Foto-post-ApS.jpg 612w\" \/><\/a>\t\t\t\n\t\t\t\n\t\t\t\n\t\t\t\n\t\t\n\t\t<\/div>\n\t\n\n\t\n\t\t<div class=\"content\">\n\n\t\t\t<div class=\"post-meta post-meta-a has-below\"><h3 class=\"is-title post-title\"><a href=\"https:\/\/eldiariodelaeducacion.com\/convivenciayeducacionenvalores\/2026\/02\/24\/aprendizaje-servicio-universidad-competencias-eticas-profesionales\/\">El aprendizaje-servicio en la universidad: no es un \u201cextra\u201d, es formaci\u00f3n profesional (y \u00e9tica)<\/a><\/h3><div class=\"post-meta-items meta-below\"><span class=\"meta-item post-author\"><a href=\"https:\/\/eldiariodelaeducacion.com\/convivenciayeducacionenvalores\/author\/brendafatima\/\" title=\"Entradas de Brenda B\u00e4r y F\u00e1tima Avil\u00e9s\" rel=\"author\">Brenda B\u00e4r y F\u00e1tima Avil\u00e9s<\/a><\/span><\/div><\/div>\t\t\t\n\t\t\t\n\t\t\t\n\t\t<\/div>\n\n\t\n<\/article>\t\t\t\t\t\n<article class=\"l-post grid-post grid-base-post\">\n\n\t\n\t\t\t<div class=\"media\">\n\n\t\t\n\t\t\t<a href=\"https:\/\/eldiariodelaeducacion.com\/convivenciayeducacionenvalores\/2026\/02\/11\/uso-reflexivo-inteligencia-artificial-educacion\/\" class=\"image-link media-ratio ratio-16-9\" title=\"La IA como interlocutor socr\u00e1tico para reflexionar\"><img loading=\"lazy\" decoding=\"async\" width=\"377\" height=\"212\" src=\"https:\/\/eldiariodelaeducacion.com\/convivenciayeducacionenvalores\/wp-content\/uploads\/sites\/18\/2026\/02\/cf27bab9-2057-454f-a43c-d0df789efbc3-450x300.jpg\" class=\"attachment-bunyad-medium size-bunyad-medium wp-post-image\" alt=\"\" sizes=\"(max-width: 377px) 100vw, 377px\" title=\"La IA como interlocutor socr\u00e1tico para reflexionar\" srcset=\"https:\/\/eldiariodelaeducacion.com\/convivenciayeducacionenvalores\/wp-content\/uploads\/sites\/18\/2026\/02\/cf27bab9-2057-454f-a43c-d0df789efbc3-450x300.jpg 450w, https:\/\/eldiariodelaeducacion.com\/convivenciayeducacionenvalores\/wp-content\/uploads\/sites\/18\/2026\/02\/cf27bab9-2057-454f-a43c-d0df789efbc3-768x512.jpg 768w, https:\/\/eldiariodelaeducacion.com\/convivenciayeducacionenvalores\/wp-content\/uploads\/sites\/18\/2026\/02\/cf27bab9-2057-454f-a43c-d0df789efbc3.jpg 1000w\" \/><\/a>\t\t\t\n\t\t\t\n\t\t\t\n\t\t\t\n\t\t\n\t\t<\/div>\n\t\n\n\t\n\t\t<div class=\"content\">\n\n\t\t\t<div class=\"post-meta post-meta-a has-below\"><h3 class=\"is-title post-title\"><a href=\"https:\/\/eldiariodelaeducacion.com\/convivenciayeducacionenvalores\/2026\/02\/11\/uso-reflexivo-inteligencia-artificial-educacion\/\">La IA como interlocutor socr\u00e1tico para reflexionar<\/a><\/h3><div class=\"post-meta-items meta-below\"><span class=\"meta-item post-author\"><a href=\"https:\/\/eldiariodelaeducacion.com\/convivenciayeducacionenvalores\/author\/xuspuig\/\" title=\"Entradas de Josep M\u00aa Puig y Xus Mart\u00edn\" rel=\"author\">Josep M\u00aa Puig y Xus Mart\u00edn<\/a><\/span><\/div><\/div>\t\t\t\n\t\t\t\n\t\t\t\n\t\t<\/div>\n\n\t\n<\/article>\t\t\t\t\t\n<article class=\"l-post grid-post grid-base-post\">\n\n\t\n\t\t\t<div class=\"media\">\n\n\t\t\n\t\t\t<a href=\"https:\/\/eldiariodelaeducacion.com\/convivenciayeducacionenvalores\/2026\/02\/02\/aprendizaje-servicio-educacion-posdigital\/\" class=\"image-link media-ratio ratio-16-9\" title=\"Del clic al compromiso: el aprendizaje-servicio en la educaci\u00f3n posdigital\"><img loading=\"lazy\" decoding=\"async\" width=\"377\" height=\"212\" src=\"https:\/\/eldiariodelaeducacion.com\/convivenciayeducacionenvalores\/wp-content\/uploads\/sites\/18\/2026\/02\/young-adult-friends-using-smartphones-together-outdoors-youth-culture-concept1-450x266.jpg\" class=\"attachment-bunyad-medium size-bunyad-medium wp-post-image\" alt=\"Grupo de j\u00f3venes adultos sentados al aire libre, usando tel\u00e9fonos m\u00f3viles juntos en un entorno urbano.\" sizes=\"(max-width: 377px) 100vw, 377px\" title=\"Del clic al compromiso: el aprendizaje-servicio en la educaci\u00f3n posdigital\" srcset=\"https:\/\/eldiariodelaeducacion.com\/convivenciayeducacionenvalores\/wp-content\/uploads\/sites\/18\/2026\/02\/young-adult-friends-using-smartphones-together-outdoors-youth-culture-concept1-450x266.jpg 450w, https:\/\/eldiariodelaeducacion.com\/convivenciayeducacionenvalores\/wp-content\/uploads\/sites\/18\/2026\/02\/young-adult-friends-using-smartphones-together-outdoors-youth-culture-concept1-300x178.jpg 300w, https:\/\/eldiariodelaeducacion.com\/convivenciayeducacionenvalores\/wp-content\/uploads\/sites\/18\/2026\/02\/young-adult-friends-using-smartphones-together-outdoors-youth-culture-concept1-768x455.jpg 768w, https:\/\/eldiariodelaeducacion.com\/convivenciayeducacionenvalores\/wp-content\/uploads\/sites\/18\/2026\/02\/young-adult-friends-using-smartphones-together-outdoors-youth-culture-concept1-150x89.jpg 150w, https:\/\/eldiariodelaeducacion.com\/convivenciayeducacionenvalores\/wp-content\/uploads\/sites\/18\/2026\/02\/young-adult-friends-using-smartphones-together-outdoors-youth-culture-concept1.jpg 1024w\" \/><\/a>\t\t\t\n\t\t\t\n\t\t\t\n\t\t\t\n\t\t\n\t\t<\/div>\n\t\n\n\t\n\t\t<div class=\"content\">\n\n\t\t\t<div class=\"post-meta post-meta-a has-below\"><h3 class=\"is-title post-title\"><a href=\"https:\/\/eldiariodelaeducacion.com\/convivenciayeducacionenvalores\/2026\/02\/02\/aprendizaje-servicio-educacion-posdigital\/\">Del clic al compromiso: el aprendizaje-servicio en la educaci\u00f3n posdigital<\/a><\/h3><div class=\"post-meta-items meta-below\"><span class=\"meta-item post-author\"><a href=\"https:\/\/eldiariodelaeducacion.com\/convivenciayeducacionenvalores\/author\/escofet\/\" title=\"Entradas de Anna Escofet\" rel=\"author\">Anna Escofet<\/a><\/span><\/div><\/div>\t\t\t\n\t\t\t\n\t\t\t\n\t\t<\/div>\n\n\t\n<\/article>\t\t\t\t\t\n<article class=\"l-post grid-post grid-base-post\">\n\n\t\n\t\t\t<div class=\"media\">\n\n\t\t\n\t\t\t<a href=\"https:\/\/eldiariodelaeducacion.com\/convivenciayeducacionenvalores\/2026\/01\/13\/escapar-consumismo-consumo-responsable-ciudadania\/\" class=\"image-link media-ratio ratio-16-9\" title=\"La dif\u00edcil tarea de escapar del consumismo\"><img loading=\"lazy\" decoding=\"async\" width=\"377\" height=\"212\" src=\"https:\/\/eldiariodelaeducacion.com\/convivenciayeducacionenvalores\/wp-content\/uploads\/sites\/18\/2026\/01\/mujer-sosteniendo-diferentes-paquetes-de-compras1-450x301.jpg\" class=\"attachment-bunyad-medium size-bunyad-medium wp-post-image\" alt=\"La mano de una mujer sostiene varias bolsas de papel de diferentes colores\" sizes=\"(max-width: 377px) 100vw, 377px\" title=\"La dif\u00edcil tarea de escapar del consumismo\" srcset=\"https:\/\/eldiariodelaeducacion.com\/convivenciayeducacionenvalores\/wp-content\/uploads\/sites\/18\/2026\/01\/mujer-sosteniendo-diferentes-paquetes-de-compras1-450x301.jpg 450w, https:\/\/eldiariodelaeducacion.com\/convivenciayeducacionenvalores\/wp-content\/uploads\/sites\/18\/2026\/01\/mujer-sosteniendo-diferentes-paquetes-de-compras1-768x513.jpg 768w, https:\/\/eldiariodelaeducacion.com\/convivenciayeducacionenvalores\/wp-content\/uploads\/sites\/18\/2026\/01\/mujer-sosteniendo-diferentes-paquetes-de-compras1.jpg 1024w\" \/><\/a>\t\t\t\n\t\t\t\n\t\t\t\n\t\t\t\n\t\t\n\t\t<\/div>\n\t\n\n\t\n\t\t<div class=\"content\">\n\n\t\t\t<div class=\"post-meta post-meta-a has-below\"><h3 class=\"is-title post-title\"><a href=\"https:\/\/eldiariodelaeducacion.com\/convivenciayeducacionenvalores\/2026\/01\/13\/escapar-consumismo-consumo-responsable-ciudadania\/\">La dif\u00edcil tarea de escapar del consumismo<\/a><\/h3><div class=\"post-meta-items meta-below\"><span class=\"meta-item post-author\"><a href=\"https:\/\/eldiariodelaeducacion.com\/convivenciayeducacionenvalores\/author\/josepalos\/\" title=\"Entradas de Jos\u00e9 Palos\" rel=\"author\">Jos\u00e9 Palos<\/a><\/span><\/div><\/div>\t\t\t\n\t\t\t\n\t\t\t\n\t\t<\/div>\n\n\t\n<\/article>\t\t\t\t\t\n<article class=\"l-post grid-post grid-base-post\">\n\n\t\n\t\t\t<div class=\"media\">\n\n\t\t\n\t\t\t<a href=\"https:\/\/eldiariodelaeducacion.com\/convivenciayeducacionenvalores\/2026\/01\/09\/reconocimiento-aprendizaje-servicio-jovenes\/\" class=\"image-link media-ratio ratio-16-9\" title=\"Una mirada al valor del reconocimiento en el ApS\"><img loading=\"lazy\" decoding=\"async\" width=\"377\" height=\"212\" src=\"https:\/\/eldiariodelaeducacion.com\/convivenciayeducacionenvalores\/wp-content\/uploads\/sites\/18\/2026\/01\/DSC_9796-450x299.jpg\" class=\"attachment-bunyad-medium size-bunyad-medium wp-post-image\" alt=\"entrega de premios de aprendizaje-servicio\" sizes=\"(max-width: 377px) 100vw, 377px\" title=\"Una mirada al valor del reconocimiento en el ApS\" srcset=\"https:\/\/eldiariodelaeducacion.com\/convivenciayeducacionenvalores\/wp-content\/uploads\/sites\/18\/2026\/01\/DSC_9796-450x299.jpg 450w, https:\/\/eldiariodelaeducacion.com\/convivenciayeducacionenvalores\/wp-content\/uploads\/sites\/18\/2026\/01\/DSC_9796-768x510.jpg 768w, https:\/\/eldiariodelaeducacion.com\/convivenciayeducacionenvalores\/wp-content\/uploads\/sites\/18\/2026\/01\/DSC_9796.jpg 1000w\" \/><\/a>\t\t\t\n\t\t\t\n\t\t\t\n\t\t\t\n\t\t\n\t\t<\/div>\n\t\n\n\t\n\t\t<div class=\"content\">\n\n\t\t\t<div class=\"post-meta post-meta-a has-below\"><h3 class=\"is-title post-title\"><a href=\"https:\/\/eldiariodelaeducacion.com\/convivenciayeducacionenvalores\/2026\/01\/09\/reconocimiento-aprendizaje-servicio-jovenes\/\">Una mirada al valor del reconocimiento en el ApS<\/a><\/h3><div class=\"post-meta-items meta-below\"><span class=\"meta-item post-author\"><a href=\"https:\/\/eldiariodelaeducacion.com\/convivenciayeducacionenvalores\/author\/susagna\/\" title=\"Entradas de Susagna Escard\u00edbul\" rel=\"author\">Susagna Escard\u00edbul<\/a><\/span><\/div><\/div>\t\t\t\n\t\t\t\n\t\t\t\n\t\t<\/div>\n\n\t\n<\/article>\t\t\t\t\t\n<article class=\"l-post grid-post grid-base-post\">\n\n\t\n\t\t\t<div class=\"media\">\n\n\t\t\n\t\t\t<a href=\"https:\/\/eldiariodelaeducacion.com\/convivenciayeducacionenvalores\/2025\/12\/05\/detenerse-para-poder-recibir-y-dar\/\" class=\"image-link media-ratio ratio-16-9\" title=\"Detenerse, para poder recibir y dar\"><img loading=\"lazy\" decoding=\"async\" width=\"377\" height=\"212\" src=\"https:\/\/eldiariodelaeducacion.com\/convivenciayeducacionenvalores\/wp-content\/uploads\/sites\/18\/2025\/12\/Jugant-450x259.jpeg\" class=\"attachment-bunyad-medium size-bunyad-medium wp-post-image\" alt=\"Padre jugando con su hijo\" sizes=\"(max-width: 377px) 100vw, 377px\" title=\"Detenerse, para poder recibir y dar\" srcset=\"https:\/\/eldiariodelaeducacion.com\/convivenciayeducacionenvalores\/wp-content\/uploads\/sites\/18\/2025\/12\/Jugant-450x259.jpeg 450w, https:\/\/eldiariodelaeducacion.com\/convivenciayeducacionenvalores\/wp-content\/uploads\/sites\/18\/2025\/12\/Jugant-300x173.jpeg 300w, https:\/\/eldiariodelaeducacion.com\/convivenciayeducacionenvalores\/wp-content\/uploads\/sites\/18\/2025\/12\/Jugant-1024x589.jpeg 1024w, https:\/\/eldiariodelaeducacion.com\/convivenciayeducacionenvalores\/wp-content\/uploads\/sites\/18\/2025\/12\/Jugant-768x442.jpeg 768w, https:\/\/eldiariodelaeducacion.com\/convivenciayeducacionenvalores\/wp-content\/uploads\/sites\/18\/2025\/12\/Jugant-18x10.jpeg 18w, https:\/\/eldiariodelaeducacion.com\/convivenciayeducacionenvalores\/wp-content\/uploads\/sites\/18\/2025\/12\/Jugant-150x86.jpeg 150w, https:\/\/eldiariodelaeducacion.com\/convivenciayeducacionenvalores\/wp-content\/uploads\/sites\/18\/2025\/12\/Jugant-1200x690.jpeg 1200w, https:\/\/eldiariodelaeducacion.com\/convivenciayeducacionenvalores\/wp-content\/uploads\/sites\/18\/2025\/12\/Jugant.jpeg 1368w\" \/><\/a>\t\t\t\n\t\t\t\n\t\t\t\n\t\t\t\n\t\t\n\t\t<\/div>\n\t\n\n\t\n\t\t<div class=\"content\">\n\n\t\t\t<div class=\"post-meta post-meta-a has-below\"><h3 class=\"is-title post-title\"><a href=\"https:\/\/eldiariodelaeducacion.com\/convivenciayeducacionenvalores\/2025\/12\/05\/detenerse-para-poder-recibir-y-dar\/\">Detenerse, para poder recibir y dar<\/a><\/h3><div class=\"post-meta-items meta-below\"><span class=\"meta-item post-author\"><a href=\"https:\/\/eldiariodelaeducacion.com\/convivenciayeducacionenvalores\/author\/anaramis\/\" title=\"Entradas de Anna Ramis\" rel=\"author\">Anna Ramis<\/a><\/span><\/div><\/div>\t\t\t\n\t\t\t\n\t\t\t\n\t\t<\/div>\n\n\t\n<\/article>\t\t\t\t\t\n<article class=\"l-post grid-post grid-base-post\">\n\n\t\n\t\t\t<div class=\"media\">\n\n\t\t\n\t\t\t<a href=\"https:\/\/eldiariodelaeducacion.com\/convivenciayeducacionenvalores\/2025\/11\/04\/el-aprendizaje-servicio-un-antipiretico-contra-la-fiebre-fascista\/\" class=\"image-link media-ratio ratio-16-9\" title=\"El aprendizaje-servicio, un antipir\u00e9tico contra la fiebre fascista\"><img loading=\"lazy\" decoding=\"async\" width=\"377\" height=\"212\" src=\"https:\/\/eldiariodelaeducacion.com\/convivenciayeducacionenvalores\/wp-content\/uploads\/sites\/18\/2025\/10\/foto1-450x338.jpg\" class=\"attachment-bunyad-medium size-bunyad-medium wp-post-image\" alt=\"\" sizes=\"(max-width: 377px) 100vw, 377px\" title=\"El aprendizaje-servicio, un antipir\u00e9tico contra la fiebre fascista\" srcset=\"https:\/\/eldiariodelaeducacion.com\/convivenciayeducacionenvalores\/wp-content\/uploads\/sites\/18\/2025\/10\/foto1-450x338.jpg 450w, https:\/\/eldiariodelaeducacion.com\/convivenciayeducacionenvalores\/wp-content\/uploads\/sites\/18\/2025\/10\/foto1-300x225.jpg 300w, https:\/\/eldiariodelaeducacion.com\/convivenciayeducacionenvalores\/wp-content\/uploads\/sites\/18\/2025\/10\/foto1-1024x768.jpg 1024w, https:\/\/eldiariodelaeducacion.com\/convivenciayeducacionenvalores\/wp-content\/uploads\/sites\/18\/2025\/10\/foto1-768x576.jpg 768w, https:\/\/eldiariodelaeducacion.com\/convivenciayeducacionenvalores\/wp-content\/uploads\/sites\/18\/2025\/10\/foto1-1536x1152.jpg 1536w, https:\/\/eldiariodelaeducacion.com\/convivenciayeducacionenvalores\/wp-content\/uploads\/sites\/18\/2025\/10\/foto1-1200x900.jpg 1200w, https:\/\/eldiariodelaeducacion.com\/convivenciayeducacionenvalores\/wp-content\/uploads\/sites\/18\/2025\/10\/foto1.jpg 1844w\" \/><\/a>\t\t\t\n\t\t\t\n\t\t\t\n\t\t\t\n\t\t\n\t\t<\/div>\n\t\n\n\t\n\t\t<div class=\"content\">\n\n\t\t\t<div class=\"post-meta post-meta-a has-below\"><h3 class=\"is-title post-title\"><a href=\"https:\/\/eldiariodelaeducacion.com\/convivenciayeducacionenvalores\/2025\/11\/04\/el-aprendizaje-servicio-un-antipiretico-contra-la-fiebre-fascista\/\">El aprendizaje-servicio, un antipir\u00e9tico contra la fiebre fascista<\/a><\/h3><div class=\"post-meta-items meta-below\"><span class=\"meta-item post-author\"><a href=\"https:\/\/eldiariodelaeducacion.com\/convivenciayeducacionenvalores\/author\/maessomba\/\" title=\"Entradas de Miquel \u00c0ngel Essomba\" rel=\"author\">Miquel \u00c0ngel Essomba<\/a><\/span><\/div><\/div>\t\t\t\n\t\t\t\n\t\t\t\n\t\t<\/div>\n\n\t\n<\/article>\t\t\t\t\t\n<article class=\"l-post grid-post grid-base-post\">\n\n\t\n\t\t\t<div class=\"media\">\n\n\t\t\n\t\t\t<a href=\"https:\/\/eldiariodelaeducacion.com\/convivenciayeducacionenvalores\/2025\/10\/21\/cuando-la-innovacion-universitaria-tiene-alma\/\" class=\"image-link media-ratio ratio-16-9\" title=\"Cuando la innovaci\u00f3n universitaria tiene alma\"><img loading=\"lazy\" decoding=\"async\" width=\"377\" height=\"212\" src=\"https:\/\/eldiariodelaeducacion.com\/convivenciayeducacionenvalores\/wp-content\/uploads\/sites\/18\/2025\/10\/16750403149_bb9bd61378_b1-450x300.jpg\" class=\"attachment-bunyad-medium size-bunyad-medium wp-post-image\" alt=\"\" sizes=\"(max-width: 377px) 100vw, 377px\" title=\"Cuando la innovaci\u00f3n universitaria tiene alma\" srcset=\"https:\/\/eldiariodelaeducacion.com\/convivenciayeducacionenvalores\/wp-content\/uploads\/sites\/18\/2025\/10\/16750403149_bb9bd61378_b1-450x300.jpg 450w, https:\/\/eldiariodelaeducacion.com\/convivenciayeducacionenvalores\/wp-content\/uploads\/sites\/18\/2025\/10\/16750403149_bb9bd61378_b1-768x512.jpg 768w, https:\/\/eldiariodelaeducacion.com\/convivenciayeducacionenvalores\/wp-content\/uploads\/sites\/18\/2025\/10\/16750403149_bb9bd61378_b1.jpg 1023w\" \/><\/a>\t\t\t\n\t\t\t\n\t\t\t\n\t\t\t\n\t\t\n\t\t<\/div>\n\t\n\n\t\n\t\t<div class=\"content\">\n\n\t\t\t<div class=\"post-meta post-meta-a has-below\"><h3 class=\"is-title post-title\"><a href=\"https:\/\/eldiariodelaeducacion.com\/convivenciayeducacionenvalores\/2025\/10\/21\/cuando-la-innovacion-universitaria-tiene-alma\/\">Cuando la innovaci\u00f3n universitaria tiene alma<\/a><\/h3><div class=\"post-meta-items meta-below\"><span class=\"meta-item post-author\"><a href=\"https:\/\/eldiariodelaeducacion.com\/convivenciayeducacionenvalores\/author\/escofet\/\" title=\"Entradas de Anna Escofet\" rel=\"author\">Anna Escofet<\/a><\/span><\/div><\/div>\t\t\t\n\t\t\t\n\t\t\t\n\t\t<\/div>\n\n\t\n<\/article>\t\t\n\t<\/div>\n\n\t\n\n\t\n\t\t\n\t<div class=\"main-pagination pagination-more\" data-type=\"load-more\">\n\t\t<a href=\"https:\/\/eldiariodelaeducacion.com\/convivenciayeducacionenvalores\/wp-json\/wp\/v2\/pages\/2\/page\/2\/\" class=\"ts-button load-button load-button-a ts-button-alt\" data-page=\"1\">\n\t\t\t\tLoad More \n\t\t\t\t<i class=\"icon tsi tsi-repeat\"><\/i>\n\t\t<\/a>\n\t<\/div>\t\n\t\n\t\n\n\t\n\t\t\t<\/div>\n\n\t\t<\/section>\n\t\t\t\t\t\t<\/div>\n\t\t\t\t<\/div>\n\t\t\t\t\t<\/div>\n\t\t<\/div>\n\t\t\t\t<div class=\"elementor-column elementor-col-33 elementor-top-column elementor-element elementor-element-f5e41ac\" data-id=\"f5e41ac\" data-element_type=\"column\" data-e-type=\"column\" data-settings=\"{&quot;background_background&quot;:&quot;classic&quot;,&quot;background_sd_background&quot;:&quot;classic&quot;}\">\n\t\t\t<div class=\"elementor-widget-wrap elementor-element-populated\">\n\t\t\t\t\t\t<div class=\"elementor-element elementor-element-d3f24c9 elementor-widget elementor-widget-heading\" data-id=\"d3f24c9\" data-element_type=\"widget\" data-e-type=\"widget\" data-settings=\"{&quot;_background_sd_background&quot;:&quot;classic&quot;}\" data-widget_type=\"heading.default\">\n\t\t\t\t<div class=\"elementor-widget-container\">\n\t\t\t\t\t<h2 class=\"elementor-heading-title elementor-size-default\">Sobre el blog<\/h2>\t\t\t\t<\/div>\n\t\t\t\t<\/div>\n\t\t\t\t<div class=\"elementor-element elementor-element-6e628bc elementor-widget elementor-widget-text-editor\" data-id=\"6e628bc\" data-element_type=\"widget\" data-e-type=\"widget\" data-settings=\"{&quot;_background_sd_background&quot;:&quot;classic&quot;}\" data-widget_type=\"text-editor.default\">\n\t\t\t\t<div class=\"elementor-widget-container\">\n\t\t\t\t\t\t\t\t\t<p>Queremos que este blog sea un espacio de reflexi\u00f3n y de conocimiento sobre dos asuntos conectados y que pensamos que son de gran relevancia para el sistema educativo, as\u00ed como para la sociedad.<\/p><p>Por una parte, la educaci\u00f3n en valores \u2013tome este nombre u otro de los varios que ha recibido\u2013 y que se centra en la formaci\u00f3n de personas capaces de vivir en libertad y en com\u00fan en sociedades diversas, plurales y democr\u00e1ticas.<\/p><p>Por otra parte, se centrar\u00e1 tambi\u00e9n en el ApS \u2013aprendizaje servicio\u2013 unas aut\u00e9nticas pr\u00e1cticas de ciudadan\u00eda en las que chicas y chicos han de poner lo mejor de s\u00ed para aprender y colaborar con su entorno m\u00e1s cercano.<\/p><p>Dos\u00a0elementos\u00a0que queremos desarrollar con la colaboraci\u00f3n de Senderi, el GREM de la Universidad de Barcelona y el Centre Promotor d\u2019ApS.<\/p>\t\t\t\t\t\t\t\t<\/div>\n\t\t\t\t<\/div>\n\t\t\t\t<div class=\"elementor-element elementor-element-11c5873 elementor-widget elementor-widget-shortcode\" data-id=\"11c5873\" data-element_type=\"widget\" data-e-type=\"widget\" data-widget_type=\"shortcode.default\">\n\t\t\t\t<div class=\"elementor-widget-container\">\n\t\t\t\t\t\t\t<div class=\"elementor-shortcode\"><div id=\"eldia-3489856616\" class=\"eldia-columna1_home eldia-entity-placement\"><script async=\"async\" src=\"https:\/\/securepubads.g.doubleclick.net\/tag\/js\/gpt.js\"><\/script>\n<script> var googletag = googletag || {}; googletag.cmd = googletag.cmd || [];<\/script>\n<div id=\"gpt-ad-3158295108588-0\">\n  <script>\n\tgoogletag.cmd.push(function() {\n\t\t\t\tgoogletag.defineSlot( '\/50166482\/diarioeducacion\/columna_1', [[245,90],[300,250],[300,600]], 'gpt-ad-3158295108588-0' )\n\t\t.addService(googletag.pubads());\n\t\t\t\twindow.advadsGamEmptySlotsTimers = window.advadsGamEmptySlotsTimers || {};\n\t\tconst timers                     = window.advadsGamEmptySlotsTimers;\n\n\t\ttimers['gpt-ad-3158295108588-0'] = setTimeout( function () {\n\t\t\tconst id = 'gpt-ad-3158295108588-0';\n\t\t\tdocument.dispatchEvent( new CustomEvent( 'aagam_empty_slot', {detail: id} ) );\n\t\t\tdelete ( timers[id] );\n\t\t}, 1000 );\n\n\t\tif ( typeof window.advadsGamHasEmptySlotListener === 'undefined' ) {\n\t\t\tgoogletag.pubads().addEventListener( 'slotRequested', function ( ev ) {\n\t\t\t\tconst id = ev.slot.getSlotElementId();\n\t\t\t\tif ( typeof timers[id] === 'undefined' ) {\n\t\t\t\t\treturn;\n\t\t\t\t}\n\t\t\t\tclearTimeout( timers[id] );\n\t\t\t\ttimers[id] = setTimeout( function () {\n\t\t\t\t\tdocument.dispatchEvent( new CustomEvent( 'aagam_empty_slot', {detail: id} ) );\n\t\t\t\t\tdelete ( timers[id] );\n\t\t\t\t}, 2500 );\n\t\t\t} );\n\t\t\tgoogletag.pubads().addEventListener( 'slotResponseReceived', function ( ev ) {\n\t\t\t\tconst id = ev.slot.getSlotElementId();\n\t\t\t\tif ( typeof timers[id] !== 'undefined' ) {\n\t\t\t\t\tclearTimeout( timers[id] );\n\t\t\t\t\tdelete ( timers[id] );\n\t\t\t\t}\n\t\t\t\tif ( ! ev.slot.getResponseInformation() ) {\n\t\t\t\t\tdocument.dispatchEvent( new CustomEvent( 'aagam_empty_slot', {detail: id} ) );\n\t\t\t\t}\n\t\t\t} );\n\t\t\twindow.advadsGamHasEmptySlotListener = true;\n\t\t}\n\n\t\tgoogletag.enableServices();\n\t\tgoogletag.display( 'gpt-ad-3158295108588-0' );\n\t} );\n  <\/script>\n<\/div>\n<\/div><\/div>\n\t\t\t\t\t\t<\/div>\n\t\t\t\t<\/div>\n\t\t\t\t<div class=\"elementor-element elementor-element-7e07b79 elementor-widget elementor-widget-shortcode\" data-id=\"7e07b79\" data-element_type=\"widget\" data-e-type=\"widget\" data-widget_type=\"shortcode.default\">\n\t\t\t\t<div class=\"elementor-widget-container\">\n\t\t\t\t\t\t\t<div class=\"elementor-shortcode\"><div id=\"eldia-206343543\" class=\"eldia-columna2_home eldia-entity-placement\"><script async=\"async\" src=\"https:\/\/securepubads.g.doubleclick.net\/tag\/js\/gpt.js\"><\/script>\n<script> var googletag = googletag || {}; googletag.cmd = googletag.cmd || [];<\/script>\n<div id=\"gpt-ad-4686423577549-0\">\n  <script>\n\tgoogletag.cmd.push(function() {\n\t\t\t\tgoogletag.defineSlot( '\/50166482\/diarioeducacion\/columna_2', [[245,90],[300,250],[300,600]], 'gpt-ad-4686423577549-0' )\n\t\t.addService(googletag.pubads());\n\t\t\t\twindow.advadsGamEmptySlotsTimers = window.advadsGamEmptySlotsTimers || {};\n\t\tconst timers                     = window.advadsGamEmptySlotsTimers;\n\n\t\ttimers['gpt-ad-4686423577549-0'] = setTimeout( function () {\n\t\t\tconst id = 'gpt-ad-4686423577549-0';\n\t\t\tdocument.dispatchEvent( new CustomEvent( 'aagam_empty_slot', {detail: id} ) );\n\t\t\tdelete ( timers[id] );\n\t\t}, 1000 );\n\n\t\tif ( typeof window.advadsGamHasEmptySlotListener === 'undefined' ) {\n\t\t\tgoogletag.pubads().addEventListener( 'slotRequested', function ( ev ) {\n\t\t\t\tconst id = ev.slot.getSlotElementId();\n\t\t\t\tif ( typeof timers[id] === 'undefined' ) {\n\t\t\t\t\treturn;\n\t\t\t\t}\n\t\t\t\tclearTimeout( timers[id] );\n\t\t\t\ttimers[id] = setTimeout( function () {\n\t\t\t\t\tdocument.dispatchEvent( new CustomEvent( 'aagam_empty_slot', {detail: id} ) );\n\t\t\t\t\tdelete ( timers[id] );\n\t\t\t\t}, 2500 );\n\t\t\t} );\n\t\t\tgoogletag.pubads().addEventListener( 'slotResponseReceived', function ( ev ) {\n\t\t\t\tconst id = ev.slot.getSlotElementId();\n\t\t\t\tif ( typeof timers[id] !== 'undefined' ) {\n\t\t\t\t\tclearTimeout( timers[id] );\n\t\t\t\t\tdelete ( timers[id] );\n\t\t\t\t}\n\t\t\t\tif ( ! ev.slot.getResponseInformation() ) {\n\t\t\t\t\tdocument.dispatchEvent( new CustomEvent( 'aagam_empty_slot', {detail: id} ) );\n\t\t\t\t}\n\t\t\t} );\n\t\t\twindow.advadsGamHasEmptySlotListener = true;\n\t\t}\n\n\t\tgoogletag.enableServices();\n\t\tgoogletag.display( 'gpt-ad-4686423577549-0' );\n\t} );\n  <\/script>\n<\/div>\n<\/div><\/div>\n\t\t\t\t\t\t<\/div>\n\t\t\t\t<\/div>\n\t\t\t\t<div class=\"elementor-element elementor-element-d20b49f elementor-widget elementor-widget-shortcode\" data-id=\"d20b49f\" data-element_type=\"widget\" data-e-type=\"widget\" data-widget_type=\"shortcode.default\">\n\t\t\t\t<div class=\"elementor-widget-container\">\n\t\t\t\t\t\t\t<div class=\"elementor-shortcode\"><div id=\"eldia-820780772\" class=\"eldia-columna3_home eldia-entity-placement\"><script async=\"async\" src=\"https:\/\/securepubads.g.doubleclick.net\/tag\/js\/gpt.js\"><\/script>\n<script> var googletag = googletag || {}; googletag.cmd = googletag.cmd || [];<\/script>\n<div id=\"gpt-ad-4110288383419-0\">\n  <script>\n\tgoogletag.cmd.push(function() {\n\t\t\t\tgoogletag.defineSlot( '\/50166482\/diarioeducacion\/columna_3', [[245,90],[300,250],[300,600]], 'gpt-ad-4110288383419-0' )\n\t\t.addService(googletag.pubads());\n\t\t\t\twindow.advadsGamEmptySlotsTimers = window.advadsGamEmptySlotsTimers || {};\n\t\tconst timers                     = window.advadsGamEmptySlotsTimers;\n\n\t\ttimers['gpt-ad-4110288383419-0'] = setTimeout( function () {\n\t\t\tconst id = 'gpt-ad-4110288383419-0';\n\t\t\tdocument.dispatchEvent( new CustomEvent( 'aagam_empty_slot', {detail: id} ) );\n\t\t\tdelete ( timers[id] );\n\t\t}, 1000 );\n\n\t\tif ( typeof window.advadsGamHasEmptySlotListener === 'undefined' ) {\n\t\t\tgoogletag.pubads().addEventListener( 'slotRequested', function ( ev ) {\n\t\t\t\tconst id = ev.slot.getSlotElementId();\n\t\t\t\tif ( typeof timers[id] === 'undefined' ) {\n\t\t\t\t\treturn;\n\t\t\t\t}\n\t\t\t\tclearTimeout( timers[id] );\n\t\t\t\ttimers[id] = setTimeout( function () {\n\t\t\t\t\tdocument.dispatchEvent( new CustomEvent( 'aagam_empty_slot', {detail: id} ) );\n\t\t\t\t\tdelete ( timers[id] );\n\t\t\t\t}, 2500 );\n\t\t\t} );\n\t\t\tgoogletag.pubads().addEventListener( 'slotResponseReceived', function ( ev ) {\n\t\t\t\tconst id = ev.slot.getSlotElementId();\n\t\t\t\tif ( typeof timers[id] !== 'undefined' ) {\n\t\t\t\t\tclearTimeout( timers[id] );\n\t\t\t\t\tdelete ( timers[id] );\n\t\t\t\t}\n\t\t\t\tif ( ! ev.slot.getResponseInformation() ) {\n\t\t\t\t\tdocument.dispatchEvent( new CustomEvent( 'aagam_empty_slot', {detail: id} ) );\n\t\t\t\t}\n\t\t\t} );\n\t\t\twindow.advadsGamHasEmptySlotListener = true;\n\t\t}\n\n\t\tgoogletag.enableServices();\n\t\tgoogletag.display( 'gpt-ad-4110288383419-0' );\n\t} );\n  <\/script>\n<\/div>\n<\/div><\/div>\n\t\t\t\t\t\t<\/div>\n\t\t\t\t<\/div>\n\t\t\t\t<div class=\"elementor-element elementor-element-6bef20a elementor-widget elementor-widget-shortcode\" data-id=\"6bef20a\" data-element_type=\"widget\" data-e-type=\"widget\" data-widget_type=\"shortcode.default\">\n\t\t\t\t<div class=\"elementor-widget-container\">\n\t\t\t\t\t\t\t<div class=\"elementor-shortcode\"><div id=\"eldia-2671461350\" class=\"eldia-columna4_home eldia-entity-placement\"><script async=\"async\" src=\"https:\/\/securepubads.g.doubleclick.net\/tag\/js\/gpt.js\"><\/script>\n<script> var googletag = googletag || {}; googletag.cmd = googletag.cmd || [];<\/script>\n<div id=\"gpt-ad-8384655227472-0\">\n  <script>\n\tgoogletag.cmd.push(function() {\n\t\t\t\tgoogletag.defineSlot( '\/50166482\/diarioeducacion\/columna_4', [[245,90],[300,250],[300,600]], 'gpt-ad-8384655227472-0' )\n\t\t.addService(googletag.pubads());\n\t\t\t\twindow.advadsGamEmptySlotsTimers = window.advadsGamEmptySlotsTimers || {};\n\t\tconst timers                     = window.advadsGamEmptySlotsTimers;\n\n\t\ttimers['gpt-ad-8384655227472-0'] = setTimeout( function () {\n\t\t\tconst id = 'gpt-ad-8384655227472-0';\n\t\t\tdocument.dispatchEvent( new CustomEvent( 'aagam_empty_slot', {detail: id} ) );\n\t\t\tdelete ( timers[id] );\n\t\t}, 1000 );\n\n\t\tif ( typeof window.advadsGamHasEmptySlotListener === 'undefined' ) {\n\t\t\tgoogletag.pubads().addEventListener( 'slotRequested', function ( ev ) {\n\t\t\t\tconst id = ev.slot.getSlotElementId();\n\t\t\t\tif ( typeof timers[id] === 'undefined' ) {\n\t\t\t\t\treturn;\n\t\t\t\t}\n\t\t\t\tclearTimeout( timers[id] );\n\t\t\t\ttimers[id] = setTimeout( function () {\n\t\t\t\t\tdocument.dispatchEvent( new CustomEvent( 'aagam_empty_slot', {detail: id} ) );\n\t\t\t\t\tdelete ( timers[id] );\n\t\t\t\t}, 2500 );\n\t\t\t} );\n\t\t\tgoogletag.pubads().addEventListener( 'slotResponseReceived', function ( ev ) {\n\t\t\t\tconst id = ev.slot.getSlotElementId();\n\t\t\t\tif ( typeof timers[id] !== 'undefined' ) {\n\t\t\t\t\tclearTimeout( timers[id] );\n\t\t\t\t\tdelete ( timers[id] );\n\t\t\t\t}\n\t\t\t\tif ( ! ev.slot.getResponseInformation() ) {\n\t\t\t\t\tdocument.dispatchEvent( new CustomEvent( 'aagam_empty_slot', {detail: id} ) );\n\t\t\t\t}\n\t\t\t} );\n\t\t\twindow.advadsGamHasEmptySlotListener = true;\n\t\t}\n\n\t\tgoogletag.enableServices();\n\t\tgoogletag.display( 'gpt-ad-8384655227472-0' );\n\t} );\n  <\/script>\n<\/div>\n<\/div><\/div>\n\t\t\t\t\t\t<\/div>\n\t\t\t\t<\/div>\n\t\t\t\t<div class=\"elementor-element elementor-element-babb753 elementor-widget elementor-widget-shortcode\" data-id=\"babb753\" data-element_type=\"widget\" data-e-type=\"widget\" data-widget_type=\"shortcode.default\">\n\t\t\t\t<div class=\"elementor-widget-container\">\n\t\t\t\t\t\t\t<div class=\"elementor-shortcode\"><div id=\"eldia-4174416360\" class=\"eldia-columna5_home eldia-entity-placement\"><script async=\"async\" src=\"https:\/\/securepubads.g.doubleclick.net\/tag\/js\/gpt.js\"><\/script>\n<script> var googletag = googletag || {}; googletag.cmd = googletag.cmd || [];<\/script>\n<div id=\"gpt-ad-6280085104376-0\">\n  <script>\n\tgoogletag.cmd.push(function() {\n\t\t\t\tgoogletag.defineSlot( '\/50166482\/diarioeducacion\/columna_5', [[245,90],[300,250],[300,600]], 'gpt-ad-6280085104376-0' )\n\t\t.addService(googletag.pubads());\n\t\t\t\twindow.advadsGamEmptySlotsTimers = window.advadsGamEmptySlotsTimers || {};\n\t\tconst timers                     = window.advadsGamEmptySlotsTimers;\n\n\t\ttimers['gpt-ad-6280085104376-0'] = setTimeout( function () {\n\t\t\tconst id = 'gpt-ad-6280085104376-0';\n\t\t\tdocument.dispatchEvent( new CustomEvent( 'aagam_empty_slot', {detail: id} ) );\n\t\t\tdelete ( timers[id] );\n\t\t}, 1000 );\n\n\t\tif ( typeof window.advadsGamHasEmptySlotListener === 'undefined' ) {\n\t\t\tgoogletag.pubads().addEventListener( 'slotRequested', function ( ev ) {\n\t\t\t\tconst id = ev.slot.getSlotElementId();\n\t\t\t\tif ( typeof timers[id] === 'undefined' ) {\n\t\t\t\t\treturn;\n\t\t\t\t}\n\t\t\t\tclearTimeout( timers[id] );\n\t\t\t\ttimers[id] = setTimeout( function () {\n\t\t\t\t\tdocument.dispatchEvent( new CustomEvent( 'aagam_empty_slot', {detail: id} ) );\n\t\t\t\t\tdelete ( timers[id] );\n\t\t\t\t}, 2500 );\n\t\t\t} );\n\t\t\tgoogletag.pubads().addEventListener( 'slotResponseReceived', function ( ev ) {\n\t\t\t\tconst id = ev.slot.getSlotElementId();\n\t\t\t\tif ( typeof timers[id] !== 'undefined' ) {\n\t\t\t\t\tclearTimeout( timers[id] );\n\t\t\t\t\tdelete ( timers[id] );\n\t\t\t\t}\n\t\t\t\tif ( ! ev.slot.getResponseInformation() ) {\n\t\t\t\t\tdocument.dispatchEvent( new CustomEvent( 'aagam_empty_slot', {detail: id} ) );\n\t\t\t\t}\n\t\t\t} );\n\t\t\twindow.advadsGamHasEmptySlotListener = true;\n\t\t}\n\n\t\tgoogletag.enableServices();\n\t\tgoogletag.display( 'gpt-ad-6280085104376-0' );\n\t} );\n  <\/script>\n<\/div>\n<\/div><\/div>\n\t\t\t\t\t\t<\/div>\n\t\t\t\t<\/div>\n\t\t\t\t<div class=\"elementor-element elementor-element-ef39eb1 elementor-widget elementor-widget-shortcode\" data-id=\"ef39eb1\" data-element_type=\"widget\" data-e-type=\"widget\" data-widget_type=\"shortcode.default\">\n\t\t\t\t<div class=\"elementor-widget-container\">\n\t\t\t\t\t\t\t<div class=\"elementor-shortcode\"><div id=\"eldia-1201363810\" class=\"eldia-columna6_home eldia-entity-placement\"><script async=\"async\" src=\"https:\/\/securepubads.g.doubleclick.net\/tag\/js\/gpt.js\"><\/script>\n<script> var googletag = googletag || {}; googletag.cmd = googletag.cmd || [];<\/script>\n<div id=\"gpt-ad-3807657006704-0\">\n  <script>\n\tgoogletag.cmd.push(function() {\n\t\t\t\tgoogletag.defineSlot( '\/50166482\/diarioeducacion\/columna_6', [[245,90],[300,250],[300,600]], 'gpt-ad-3807657006704-0' )\n\t\t.addService(googletag.pubads());\n\t\t\t\twindow.advadsGamEmptySlotsTimers = window.advadsGamEmptySlotsTimers || {};\n\t\tconst timers                     = window.advadsGamEmptySlotsTimers;\n\n\t\ttimers['gpt-ad-3807657006704-0'] = setTimeout( function () {\n\t\t\tconst id = 'gpt-ad-3807657006704-0';\n\t\t\tdocument.dispatchEvent( new CustomEvent( 'aagam_empty_slot', {detail: id} ) );\n\t\t\tdelete ( timers[id] );\n\t\t}, 1000 );\n\n\t\tif ( typeof window.advadsGamHasEmptySlotListener === 'undefined' ) {\n\t\t\tgoogletag.pubads().addEventListener( 'slotRequested', function ( ev ) {\n\t\t\t\tconst id = ev.slot.getSlotElementId();\n\t\t\t\tif ( typeof timers[id] === 'undefined' ) {\n\t\t\t\t\treturn;\n\t\t\t\t}\n\t\t\t\tclearTimeout( timers[id] );\n\t\t\t\ttimers[id] = setTimeout( function () {\n\t\t\t\t\tdocument.dispatchEvent( new CustomEvent( 'aagam_empty_slot', {detail: id} ) );\n\t\t\t\t\tdelete ( timers[id] );\n\t\t\t\t}, 2500 );\n\t\t\t} );\n\t\t\tgoogletag.pubads().addEventListener( 'slotResponseReceived', function ( ev ) {\n\t\t\t\tconst id = ev.slot.getSlotElementId();\n\t\t\t\tif ( typeof timers[id] !== 'undefined' ) {\n\t\t\t\t\tclearTimeout( timers[id] );\n\t\t\t\t\tdelete ( timers[id] );\n\t\t\t\t}\n\t\t\t\tif ( ! ev.slot.getResponseInformation() ) {\n\t\t\t\t\tdocument.dispatchEvent( new CustomEvent( 'aagam_empty_slot', {detail: id} ) );\n\t\t\t\t}\n\t\t\t} );\n\t\t\twindow.advadsGamHasEmptySlotListener = true;\n\t\t}\n\n\t\tgoogletag.enableServices();\n\t\tgoogletag.display( 'gpt-ad-3807657006704-0' );\n\t} );\n  <\/script>\n<\/div>\n<\/div><\/div>\n\t\t\t\t\t\t<\/div>\n\t\t\t\t<\/div>\n\t\t\t\t<div class=\"elementor-element elementor-element-9e1b436 elementor-widget elementor-widget-shortcode\" data-id=\"9e1b436\" data-element_type=\"widget\" data-e-type=\"widget\" data-widget_type=\"shortcode.default\">\n\t\t\t\t<div class=\"elementor-widget-container\">\n\t\t\t\t\t\t\t<div class=\"elementor-shortcode\"><div id=\"eldia-1119300652\" class=\"eldia-columna7_home eldia-entity-placement\"><script async=\"async\" src=\"https:\/\/securepubads.g.doubleclick.net\/tag\/js\/gpt.js\"><\/script>\n<script> var googletag = googletag || {}; googletag.cmd = googletag.cmd || [];<\/script>\n<div id=\"gpt-ad-9280612981834-0\">\n  <script>\n\tgoogletag.cmd.push(function() {\n\t\t\t\tgoogletag.defineSlot( '\/50166482\/diarioeducacion\/columna_7', [[245,90],[300,250],[300,600]], 'gpt-ad-9280612981834-0' )\n\t\t.addService(googletag.pubads());\n\t\t\t\twindow.advadsGamEmptySlotsTimers = window.advadsGamEmptySlotsTimers || {};\n\t\tconst timers                     = window.advadsGamEmptySlotsTimers;\n\n\t\ttimers['gpt-ad-9280612981834-0'] = setTimeout( function () {\n\t\t\tconst id = 'gpt-ad-9280612981834-0';\n\t\t\tdocument.dispatchEvent( new CustomEvent( 'aagam_empty_slot', {detail: id} ) );\n\t\t\tdelete ( timers[id] );\n\t\t}, 1000 );\n\n\t\tif ( typeof window.advadsGamHasEmptySlotListener === 'undefined' ) {\n\t\t\tgoogletag.pubads().addEventListener( 'slotRequested', function ( ev ) {\n\t\t\t\tconst id = ev.slot.getSlotElementId();\n\t\t\t\tif ( typeof timers[id] === 'undefined' ) {\n\t\t\t\t\treturn;\n\t\t\t\t}\n\t\t\t\tclearTimeout( timers[id] );\n\t\t\t\ttimers[id] = setTimeout( function () {\n\t\t\t\t\tdocument.dispatchEvent( new CustomEvent( 'aagam_empty_slot', {detail: id} ) );\n\t\t\t\t\tdelete ( timers[id] );\n\t\t\t\t}, 2500 );\n\t\t\t} );\n\t\t\tgoogletag.pubads().addEventListener( 'slotResponseReceived', function ( ev ) {\n\t\t\t\tconst id = ev.slot.getSlotElementId();\n\t\t\t\tif ( typeof timers[id] !== 'undefined' ) {\n\t\t\t\t\tclearTimeout( timers[id] );\n\t\t\t\t\tdelete ( timers[id] );\n\t\t\t\t}\n\t\t\t\tif ( ! ev.slot.getResponseInformation() ) {\n\t\t\t\t\tdocument.dispatchEvent( new CustomEvent( 'aagam_empty_slot', {detail: id} ) );\n\t\t\t\t}\n\t\t\t} );\n\t\t\twindow.advadsGamHasEmptySlotListener = true;\n\t\t}\n\n\t\tgoogletag.enableServices();\n\t\tgoogletag.display( 'gpt-ad-9280612981834-0' );\n\t} );\n  <\/script>\n<\/div>\n<\/div><\/div>\n\t\t\t\t\t\t<\/div>\n\t\t\t\t<\/div>\n\t\t\t\t\t<\/div>\n\t\t<\/div>\n\t\t\t\t\t<\/div>\n\t\t<\/section>\n\t\t\t\t<section class=\"elementor-section elementor-top-section elementor-element elementor-element-5819eba elementor-section-boxed elementor-section-height-default elementor-section-height-default\" data-id=\"5819eba\" data-element_type=\"section\" data-e-type=\"section\">\n\t\t\t\t\t\t<div class=\"elementor-container elementor-column-gap-default\">\n\t\t\t\t\t<div class=\"elementor-column elementor-col-100 elementor-top-column elementor-element elementor-element-2b51bd9\" data-id=\"2b51bd9\" data-element_type=\"column\" data-e-type=\"column\">\n\t\t\t<div class=\"elementor-widget-wrap\">\n\t\t\t\t\t\t\t<\/div>\n\t\t<\/div>\n\t\t\t\t\t<\/div>\n\t\t<\/section>\n\t\t\t\t<\/div>\n\t\t","protected":false},"excerpt":{"rendered":"<p>APS Y EDUCACI\u00d3N EN VALORES \u00b7 Un blog de El Diario de la Educaci\u00f3n La dif\u00edcil tarea de escapar del consumismo Jos\u00e9 Palos Vivimos inmersos en una sociedad donde el consumismo se presenta como motor econ\u00f3mico y promesa de libertad, hasta adquirir rasgos casi religiosos. Este art\u00edculo analiza cr\u00edticamente ese imaginario y plantea el consumo<\/p>\n","protected":false},"author":1,"featured_media":0,"parent":0,"menu_order":0,"comment_status":"closed","ping_status":"closed","template":"page-templates\/no-wrapper.php","meta":{"footnotes":""},"class_list":["post-2","page","type-page","status-publish"],"yoast_head":"<!-- This site is optimized with the Yoast SEO plugin v27.5 - https:\/\/yoast.com\/product\/yoast-seo-wordpress\/ -->\n<title>inicio - Convivencia y educaci\u00f3n en valores<\/title>\n<meta name=\"robots\" content=\"index, follow, max-snippet:-1, max-image-preview:large, max-video-preview:-1\" \/>\n<link rel=\"canonical\" href=\"https:\/\/eldiariodelaeducacion.com\/convivenciayeducacionenvalores\/\" \/>\n<meta property=\"og:locale\" content=\"es_ES\" \/>\n<meta property=\"og:type\" content=\"article\" \/>\n<meta property=\"og:title\" content=\"inicio - Convivencia y educaci\u00f3n en valores\" \/>\n<meta property=\"og:description\" content=\"APS Y EDUCACI\u00d3N EN VALORES \u00b7 Un blog de El Diario de la Educaci\u00f3n La dif\u00edcil tarea de escapar del consumismo Jos\u00e9 Palos Vivimos inmersos en una sociedad donde el consumismo se presenta como motor econ\u00f3mico y promesa de libertad, hasta adquirir rasgos casi religiosos. Este art\u00edculo analiza cr\u00edticamente ese imaginario y plantea el consumo\" \/>\n<meta property=\"og:url\" content=\"https:\/\/eldiariodelaeducacion.com\/convivenciayeducacionenvalores\/\" \/>\n<meta property=\"og:site_name\" content=\"Convivencia y educaci\u00f3n en valores\" \/>\n<meta property=\"article:modified_time\" content=\"2026-02-02T09:39:59+00:00\" \/>\n<meta property=\"og:image\" content=\"https:\/\/eldiariodelaeducacion.com\/convivenciayeducacionenvalores\/wp-content\/uploads\/sites\/18\/2026\/01\/mujer-sosteniendo-diferentes-paquetes-de-compras1.jpg\" \/>\n<meta name=\"twitter:card\" content=\"summary_large_image\" \/>\n<meta name=\"twitter:label1\" content=\"Tiempo de lectura\" \/>\n\t<meta name=\"twitter:data1\" content=\"5 minutos\" \/>\n<script type=\"application\/ld+json\" class=\"yoast-schema-graph\">{\"@context\":\"https:\\\/\\\/schema.org\",\"@graph\":[{\"@type\":\"WebPage\",\"@id\":\"https:\\\/\\\/eldiariodelaeducacion.com\\\/convivenciayeducacionenvalores\\\/\",\"url\":\"https:\\\/\\\/eldiariodelaeducacion.com\\\/convivenciayeducacionenvalores\\\/\",\"name\":\"inicio - Convivencia y educaci\u00f3n en valores\",\"isPartOf\":{\"@id\":\"https:\\\/\\\/eldiariodelaeducacion.com\\\/convivenciayeducacionenvalores\\\/#website\"},\"primaryImageOfPage\":{\"@id\":\"https:\\\/\\\/eldiariodelaeducacion.com\\\/convivenciayeducacionenvalores\\\/#primaryimage\"},\"image\":{\"@id\":\"https:\\\/\\\/eldiariodelaeducacion.com\\\/convivenciayeducacionenvalores\\\/#primaryimage\"},\"thumbnailUrl\":\"https:\\\/\\\/eldiariodelaeducacion.com\\\/convivenciayeducacionenvalores\\\/wp-content\\\/uploads\\\/sites\\\/18\\\/2026\\\/01\\\/mujer-sosteniendo-diferentes-paquetes-de-compras1.jpg\",\"datePublished\":\"2024-02-11T12:37:04+00:00\",\"dateModified\":\"2026-02-02T09:39:59+00:00\",\"breadcrumb\":{\"@id\":\"https:\\\/\\\/eldiariodelaeducacion.com\\\/convivenciayeducacionenvalores\\\/#breadcrumb\"},\"inLanguage\":\"es\",\"potentialAction\":[{\"@type\":\"ReadAction\",\"target\":[\"https:\\\/\\\/eldiariodelaeducacion.com\\\/convivenciayeducacionenvalores\\\/\"]}]},{\"@type\":\"ImageObject\",\"inLanguage\":\"es\",\"@id\":\"https:\\\/\\\/eldiariodelaeducacion.com\\\/convivenciayeducacionenvalores\\\/#primaryimage\",\"url\":\"https:\\\/\\\/eldiariodelaeducacion.com\\\/convivenciayeducacionenvalores\\\/wp-content\\\/uploads\\\/sites\\\/18\\\/2026\\\/01\\\/mujer-sosteniendo-diferentes-paquetes-de-compras1.jpg\",\"contentUrl\":\"https:\\\/\\\/eldiariodelaeducacion.com\\\/convivenciayeducacionenvalores\\\/wp-content\\\/uploads\\\/sites\\\/18\\\/2026\\\/01\\\/mujer-sosteniendo-diferentes-paquetes-de-compras1.jpg\",\"width\":1024,\"height\":684,\"caption\":\"Foto: Freepik\"},{\"@type\":\"BreadcrumbList\",\"@id\":\"https:\\\/\\\/eldiariodelaeducacion.com\\\/convivenciayeducacionenvalores\\\/#breadcrumb\",\"itemListElement\":[{\"@type\":\"ListItem\",\"position\":1,\"name\":\"Portada\",\"item\":\"https:\\\/\\\/eldiariodelaeducacion.com\\\/convivenciayeducacionenvalores\\\/\"},{\"@type\":\"ListItem\",\"position\":2,\"name\":\"inicio\"}]},{\"@type\":\"WebSite\",\"@id\":\"https:\\\/\\\/eldiariodelaeducacion.com\\\/convivenciayeducacionenvalores\\\/#website\",\"url\":\"https:\\\/\\\/eldiariodelaeducacion.com\\\/convivenciayeducacionenvalores\\\/\",\"name\":\"Convivencia y educaci\u00f3n en valores\",\"description\":\"Un blog de El Diario de la Educaci\u00f3n\",\"potentialAction\":[{\"@type\":\"SearchAction\",\"target\":{\"@type\":\"EntryPoint\",\"urlTemplate\":\"https:\\\/\\\/eldiariodelaeducacion.com\\\/convivenciayeducacionenvalores\\\/?s={search_term_string}\"},\"query-input\":{\"@type\":\"PropertyValueSpecification\",\"valueRequired\":true,\"valueName\":\"search_term_string\"}}],\"inLanguage\":\"es\"}]}<\/script>\n<!-- \/ Yoast SEO plugin. -->","yoast_head_json":{"title":"inicio - Convivencia y educaci\u00f3n en valores","robots":{"index":"index","follow":"follow","max-snippet":"max-snippet:-1","max-image-preview":"max-image-preview:large","max-video-preview":"max-video-preview:-1"},"canonical":"https:\/\/eldiariodelaeducacion.com\/convivenciayeducacionenvalores\/","og_locale":"es_ES","og_type":"article","og_title":"inicio - Convivencia y educaci\u00f3n en valores","og_description":"APS Y EDUCACI\u00d3N EN VALORES \u00b7 Un blog de El Diario de la Educaci\u00f3n La dif\u00edcil tarea de escapar del consumismo Jos\u00e9 Palos Vivimos inmersos en una sociedad donde el consumismo se presenta como motor econ\u00f3mico y promesa de libertad, hasta adquirir rasgos casi religiosos. Este art\u00edculo analiza cr\u00edticamente ese imaginario y plantea el consumo","og_url":"https:\/\/eldiariodelaeducacion.com\/convivenciayeducacionenvalores\/","og_site_name":"Convivencia y educaci\u00f3n en valores","article_modified_time":"2026-02-02T09:39:59+00:00","og_image":[{"url":"https:\/\/eldiariodelaeducacion.com\/convivenciayeducacionenvalores\/wp-content\/uploads\/sites\/18\/2026\/01\/mujer-sosteniendo-diferentes-paquetes-de-compras1.jpg","type":"","width":"","height":""}],"twitter_card":"summary_large_image","twitter_misc":{"Tiempo de lectura":"5 minutos"},"schema":{"@context":"https:\/\/schema.org","@graph":[{"@type":"WebPage","@id":"https:\/\/eldiariodelaeducacion.com\/convivenciayeducacionenvalores\/","url":"https:\/\/eldiariodelaeducacion.com\/convivenciayeducacionenvalores\/","name":"inicio - Convivencia y educaci\u00f3n en valores","isPartOf":{"@id":"https:\/\/eldiariodelaeducacion.com\/convivenciayeducacionenvalores\/#website"},"primaryImageOfPage":{"@id":"https:\/\/eldiariodelaeducacion.com\/convivenciayeducacionenvalores\/#primaryimage"},"image":{"@id":"https:\/\/eldiariodelaeducacion.com\/convivenciayeducacionenvalores\/#primaryimage"},"thumbnailUrl":"https:\/\/eldiariodelaeducacion.com\/convivenciayeducacionenvalores\/wp-content\/uploads\/sites\/18\/2026\/01\/mujer-sosteniendo-diferentes-paquetes-de-compras1.jpg","datePublished":"2024-02-11T12:37:04+00:00","dateModified":"2026-02-02T09:39:59+00:00","breadcrumb":{"@id":"https:\/\/eldiariodelaeducacion.com\/convivenciayeducacionenvalores\/#breadcrumb"},"inLanguage":"es","potentialAction":[{"@type":"ReadAction","target":["https:\/\/eldiariodelaeducacion.com\/convivenciayeducacionenvalores\/"]}]},{"@type":"ImageObject","inLanguage":"es","@id":"https:\/\/eldiariodelaeducacion.com\/convivenciayeducacionenvalores\/#primaryimage","url":"https:\/\/eldiariodelaeducacion.com\/convivenciayeducacionenvalores\/wp-content\/uploads\/sites\/18\/2026\/01\/mujer-sosteniendo-diferentes-paquetes-de-compras1.jpg","contentUrl":"https:\/\/eldiariodelaeducacion.com\/convivenciayeducacionenvalores\/wp-content\/uploads\/sites\/18\/2026\/01\/mujer-sosteniendo-diferentes-paquetes-de-compras1.jpg","width":1024,"height":684,"caption":"Foto: Freepik"},{"@type":"BreadcrumbList","@id":"https:\/\/eldiariodelaeducacion.com\/convivenciayeducacionenvalores\/#breadcrumb","itemListElement":[{"@type":"ListItem","position":1,"name":"Portada","item":"https:\/\/eldiariodelaeducacion.com\/convivenciayeducacionenvalores\/"},{"@type":"ListItem","position":2,"name":"inicio"}]},{"@type":"WebSite","@id":"https:\/\/eldiariodelaeducacion.com\/convivenciayeducacionenvalores\/#website","url":"https:\/\/eldiariodelaeducacion.com\/convivenciayeducacionenvalores\/","name":"Convivencia y educaci\u00f3n en valores","description":"Un blog de El Diario de la Educaci\u00f3n","potentialAction":[{"@type":"SearchAction","target":{"@type":"EntryPoint","urlTemplate":"https:\/\/eldiariodelaeducacion.com\/convivenciayeducacionenvalores\/?s={search_term_string}"},"query-input":{"@type":"PropertyValueSpecification","valueRequired":true,"valueName":"search_term_string"}}],"inLanguage":"es"}]}},"_links":{"self":[{"href":"https:\/\/eldiariodelaeducacion.com\/convivenciayeducacionenvalores\/wp-json\/wp\/v2\/pages\/2","targetHints":{"allow":["GET"]}}],"collection":[{"href":"https:\/\/eldiariodelaeducacion.com\/convivenciayeducacionenvalores\/wp-json\/wp\/v2\/pages"}],"about":[{"href":"https:\/\/eldiariodelaeducacion.com\/convivenciayeducacionenvalores\/wp-json\/wp\/v2\/types\/page"}],"author":[{"embeddable":true,"href":"https:\/\/eldiariodelaeducacion.com\/convivenciayeducacionenvalores\/wp-json\/wp\/v2\/users\/1"}],"replies":[{"embeddable":true,"href":"https:\/\/eldiariodelaeducacion.com\/convivenciayeducacionenvalores\/wp-json\/wp\/v2\/comments?post=2"}],"version-history":[{"count":70,"href":"https:\/\/eldiariodelaeducacion.com\/convivenciayeducacionenvalores\/wp-json\/wp\/v2\/pages\/2\/revisions"}],"predecessor-version":[{"id":1703,"href":"https:\/\/eldiariodelaeducacion.com\/convivenciayeducacionenvalores\/wp-json\/wp\/v2\/pages\/2\/revisions\/1703"}],"wp:attachment":[{"href":"https:\/\/eldiariodelaeducacion.com\/convivenciayeducacionenvalores\/wp-json\/wp\/v2\/media?parent=2"}],"curies":[{"name":"wp","href":"https:\/\/api.w.org\/{rel}","templated":true}]}}