{"id":2,"date":"2024-02-11T13:34:12","date_gmt":"2024-02-11T12:34:12","guid":{"rendered":"https:\/\/gracious-carson.82-223-1-47.plesk.page\/extraeducacion\/?page_id=2"},"modified":"2026-02-02T10:26:21","modified_gmt":"2026-02-02T09:26:21","slug":"inicio-extra-educacion","status":"publish","type":"page","link":"https:\/\/eldiariodelaeducacion.com\/extraeducacion\/","title":{"rendered":"INICIO"},"content":{"rendered":"\t\t<div data-elementor-type=\"wp-page\" data-elementor-id=\"2\" class=\"elementor elementor-2\" data-elementor-post-type=\"page\">\n\t\t\t\t\t\t<section class=\"has-el-gap el-gap-default elementor-section elementor-top-section elementor-element elementor-element-6f60a6e elementor-section-boxed elementor-section-height-default elementor-section-height-default\" data-id=\"6f60a6e\" data-element_type=\"section\" data-e-type=\"section\">\n\t\t\t\t\t\t<div class=\"elementor-container elementor-column-gap-no\">\n\t\t\t\t\t<div class=\"elementor-column elementor-col-100 elementor-top-column elementor-element elementor-element-bf7f0c5\" data-id=\"bf7f0c5\" data-element_type=\"column\" data-e-type=\"column\">\n\t\t\t<div class=\"elementor-widget-wrap elementor-element-populated\">\n\t\t\t\t\t\t<div class=\"elementor-element elementor-element-7855575 post-content elementor-widget elementor-widget-text-editor\" data-id=\"7855575\" data-element_type=\"widget\" data-e-type=\"widget\" data-widget_type=\"text-editor.default\">\n\t\t\t\t<div class=\"elementor-widget-container\">\n\t\t\t\t\t\t\t\t\t<h1 style=\"text-align: center; font-family: inter tight; font-size: 20px;\">EXTRA EDUCACI\u00d3N \u00b7 Un blog de <span style=\"color: #3878b0;\"><a style=\"color: #3878b0; text-decoration: none;\" href=\"https:\/\/eldiariodelaeducacion.com\">El Diario de la Educaci\u00f3n<\/a><\/span><\/h1>\n<p style=\"text-align: center;\">CONTENIDO PATROCINADO<\/p>\t\t\t\t\t\t\t\t<\/div>\n\t\t\t\t<\/div>\n\t\t\t\t\t<\/div>\n\t\t<\/div>\n\t\t\t\t\t<\/div>\n\t\t<\/section>\n\t\t\t\t<section class=\"has-el-gap el-gap-default elementor-section elementor-top-section elementor-element elementor-element-9debd78 elementor-section-boxed elementor-section-height-default elementor-section-height-default\" data-id=\"9debd78\" data-element_type=\"section\" data-e-type=\"section\">\n\t\t\t\t\t\t<div class=\"elementor-container elementor-column-gap-no\">\n\t\t\t\t\t<div class=\"elementor-column elementor-col-66 elementor-top-column elementor-element elementor-element-a005083\" data-id=\"a005083\" data-element_type=\"column\" data-e-type=\"column\">\n\t\t\t<div class=\"elementor-widget-wrap elementor-element-populated\">\n\t\t\t\t\t\t<div class=\"elementor-element elementor-element-393d960 elementor-widget elementor-widget-smartmag-grid\" data-id=\"393d960\" data-element_type=\"widget\" data-e-type=\"widget\" data-widget_type=\"smartmag-grid.default\">\n\t\t\t\t<div class=\"elementor-widget-container\">\n\t\t\t\t\t\t\t<section class=\"block-wrap block-grid block-sc\" data-id=\"1\">\n\n\t\t\t\t\n\t\t\t<div class=\"block-content\">\n\t\t\t\t\t\n\t<div class=\"loop loop-grid loop-grid-base grid grid-1 md:grid-1 xs:grid-1\">\n\n\t\t\t\t\t\n<article class=\"l-post grid-post grid-base-post\">\n\n\t\n\t\t\t<div class=\"media\">\n\n\t\t\n\t\t\t<a href=\"https:\/\/eldiariodelaeducacion.com\/extraeducacion\/2026\/03\/19\/control-de-gestion-en-empresas\/\" class=\"image-link media-ratio ratio-16-9\" title=\"C\u00f3mo formarse en control de gesti\u00f3n para tomar mejores decisiones empresariales\"><img fetchpriority=\"high\" decoding=\"async\" width=\"803\" height=\"451\" src=\"https:\/\/eldiariodelaeducacion.com\/extraeducacion\/wp-content\/uploads\/sites\/5\/2026\/03\/deeezy-laptop-4906312-1024x682.jpg\" class=\"attachment-large size-large wp-post-image\" alt=\"\" sizes=\"(max-width: 803px) 100vw, 803px\" title=\"C\u00f3mo formarse en control de gesti\u00f3n para tomar mejores decisiones empresariales\" srcset=\"https:\/\/eldiariodelaeducacion.com\/extraeducacion\/wp-content\/uploads\/sites\/5\/2026\/03\/deeezy-laptop-4906312-1024x682.jpg 1024w, https:\/\/eldiariodelaeducacion.com\/extraeducacion\/wp-content\/uploads\/sites\/5\/2026\/03\/deeezy-laptop-4906312-768x512.jpg 768w, https:\/\/eldiariodelaeducacion.com\/extraeducacion\/wp-content\/uploads\/sites\/5\/2026\/03\/deeezy-laptop-4906312-1200x800.jpg 1200w, https:\/\/eldiariodelaeducacion.com\/extraeducacion\/wp-content\/uploads\/sites\/5\/2026\/03\/deeezy-laptop-4906312.jpg 1280w\" \/><\/a>\t\t\t\n\t\t\t\n\t\t\t\n\t\t\t\n\t\t\n\t\t<\/div>\n\t\n\n\t\n\t\t<div class=\"content\">\n\n\t\t\t<div class=\"post-meta post-meta-a has-below\"><h2 class=\"is-title post-title\"><a href=\"https:\/\/eldiariodelaeducacion.com\/extraeducacion\/2026\/03\/19\/control-de-gestion-en-empresas\/\">C\u00f3mo formarse en control de gesti\u00f3n para tomar mejores decisiones empresariales<\/a><\/h2><div class=\"post-meta-items meta-below\"><span class=\"meta-item post-author\"><a href=\"https:\/\/eldiariodelaeducacion.com\/extraeducacion\/author\/redaccion\/\" title=\"Entradas de Redacci\u00f3n\" rel=\"author\">Redacci\u00f3n<\/a><\/span><\/div><\/div>\t\t\t\n\t\t\t\t\t\t\n\t\t\t\t<div class=\"excerpt\">\n\t\t\t\t\t<p>Tomar decisiones en una empresa no depende \u00fanicamente de tener intuici\u00f3n o experiencia. A d\u00eda de hoy, buena parte de esas decisiones pasan por entender qu\u00e9 dicen los datos, c\u00f3mo se comportan los costes o qu\u00e9 margen tiene cada l\u00ednea de negocio. Es en este punto donde entra en juego&hellip;<\/p>\n\t\t\t\t<\/div>\n\t\t\t\n\t\t\t\n\t\t\t\n\t\t<\/div>\n\n\t\n<\/article>\t\t\n\t<\/div>\n\n\t\t\n\t\t\t<\/div>\n\n\t\t<\/section>\n\t\t\t\t\t\t<\/div>\n\t\t\t\t<\/div>\n\t\t\t\t<div class=\"elementor-element elementor-element-7f777b7 elementor-widget elementor-widget-smartmag-grid\" data-id=\"7f777b7\" data-element_type=\"widget\" data-e-type=\"widget\" data-widget_type=\"smartmag-grid.default\">\n\t\t\t\t<div class=\"elementor-widget-container\">\n\t\t\t\t\t\t\t<section class=\"block-wrap block-grid block-sc\" data-id=\"2\" data-block=\"{&quot;id&quot;:&quot;grid&quot;,&quot;props&quot;:{&quot;cat_labels&quot;:&quot;0&quot;,&quot;cat_labels_pos&quot;:&quot;bot-left&quot;,&quot;reviews&quot;:&quot;stars&quot;,&quot;post_formats_pos&quot;:&quot;center&quot;,&quot;load_more_style&quot;:&quot;a&quot;,&quot;meta_cat_style&quot;:&quot;text&quot;,&quot;media_style_shadow&quot;:0,&quot;meta_sponsor&quot;:1,&quot;meta_sponsor_logo&quot;:0,&quot;meta_sponsor_label&quot;:&quot;Sponsor: {sponsor}&quot;,&quot;meta_sponsor_above&quot;:[],&quot;meta_sponsor_below&quot;:[&quot;sponsor&quot;,&quot;date&quot;],&quot;media_ratio&quot;:&quot;&quot;,&quot;media_ratio_custom&quot;:&quot;&quot;,&quot;read_more&quot;:&quot;none&quot;,&quot;content_center&quot;:0,&quot;posts&quot;:12,&quot;container_width&quot;:66,&quot;offset&quot;:0,&quot;pagination&quot;:&quot;1&quot;,&quot;pagination_type&quot;:&quot;load-more&quot;,&quot;sort_order&quot;:&quot;desc&quot;,&quot;excerpts&quot;:&quot;&quot;,&quot;meta_items_default&quot;:false,&quot;meta_below&quot;:[&quot;author&quot;],&quot;title_tag&quot;:&quot;h3&quot;,&quot;meta_sponsor_items_default&quot;:true,&quot;query_type&quot;:&quot;custom&quot;,&quot;sort_days&quot;:null,&quot;carousel_dots&quot;:null,&quot;is_sc_call&quot;:true}}\">\n\n\t\t\t\t\n\t\t\t<div class=\"block-content\">\n\t\t\t\t\t\n\t<div class=\"loop loop-grid loop-grid-base grid grid-2 md:grid-2 xs:grid-1\">\n\n\t\t\t\t\t\n<article class=\"l-post grid-post grid-base-post\">\n\n\t\n\t\t\t<div class=\"media\">\n\n\t\t\n\t\t\t<a href=\"https:\/\/eldiariodelaeducacion.com\/extraeducacion\/2026\/03\/19\/control-de-gestion-en-empresas\/\" class=\"image-link media-ratio ratio-16-9\" title=\"C\u00f3mo formarse en control de gesti\u00f3n para tomar mejores decisiones empresariales\"><img decoding=\"async\" width=\"377\" height=\"212\" src=\"https:\/\/eldiariodelaeducacion.com\/extraeducacion\/wp-content\/uploads\/sites\/5\/2026\/03\/deeezy-laptop-4906312-450x300.jpg\" class=\"attachment-bunyad-medium size-bunyad-medium wp-post-image\" alt=\"\" sizes=\"(max-width: 377px) 100vw, 377px\" title=\"C\u00f3mo formarse en control de gesti\u00f3n para tomar mejores decisiones empresariales\" srcset=\"https:\/\/eldiariodelaeducacion.com\/extraeducacion\/wp-content\/uploads\/sites\/5\/2026\/03\/deeezy-laptop-4906312-450x300.jpg 450w, https:\/\/eldiariodelaeducacion.com\/extraeducacion\/wp-content\/uploads\/sites\/5\/2026\/03\/deeezy-laptop-4906312-1024x682.jpg 1024w, https:\/\/eldiariodelaeducacion.com\/extraeducacion\/wp-content\/uploads\/sites\/5\/2026\/03\/deeezy-laptop-4906312-768x512.jpg 768w, https:\/\/eldiariodelaeducacion.com\/extraeducacion\/wp-content\/uploads\/sites\/5\/2026\/03\/deeezy-laptop-4906312-1200x800.jpg 1200w, https:\/\/eldiariodelaeducacion.com\/extraeducacion\/wp-content\/uploads\/sites\/5\/2026\/03\/deeezy-laptop-4906312.jpg 1280w\" \/><\/a>\t\t\t\n\t\t\t\n\t\t\t\n\t\t\t\n\t\t\n\t\t<\/div>\n\t\n\n\t\n\t\t<div class=\"content\">\n\n\t\t\t<div class=\"post-meta post-meta-a has-below\"><h3 class=\"is-title post-title\"><a href=\"https:\/\/eldiariodelaeducacion.com\/extraeducacion\/2026\/03\/19\/control-de-gestion-en-empresas\/\">C\u00f3mo formarse en control de gesti\u00f3n para tomar mejores decisiones empresariales<\/a><\/h3><div class=\"post-meta-items meta-below\"><span class=\"meta-item post-author\"><a href=\"https:\/\/eldiariodelaeducacion.com\/extraeducacion\/author\/redaccion\/\" title=\"Entradas de Redacci\u00f3n\" rel=\"author\">Redacci\u00f3n<\/a><\/span><\/div><\/div>\t\t\t\n\t\t\t\n\t\t\t\n\t\t<\/div>\n\n\t\n<\/article>\t\t\t\t\t\n<article class=\"l-post grid-post grid-base-post\">\n\n\t\n\t\t\t<div class=\"media\">\n\n\t\t\n\t\t\t<a href=\"https:\/\/eldiariodelaeducacion.com\/extraeducacion\/2026\/03\/12\/viajar-para-aprender-periodismo-viajes-educacion\/\" class=\"image-link media-ratio ratio-16-9\" title=\"Viajar para aprender: aventura, conocimiento y formaci\u00f3n\"><img decoding=\"async\" width=\"377\" height=\"212\" src=\"https:\/\/eldiariodelaeducacion.com\/extraeducacion\/wp-content\/uploads\/sites\/5\/2026\/03\/468565229_10160336466401502_2207267912064845958_n-450x182.jpg\" class=\"attachment-bunyad-medium size-bunyad-medium wp-post-image\" alt=\"\" sizes=\"(max-width: 377px) 100vw, 377px\" title=\"Viajar para aprender: aventura, conocimiento y formaci\u00f3n\" srcset=\"https:\/\/eldiariodelaeducacion.com\/extraeducacion\/wp-content\/uploads\/sites\/5\/2026\/03\/468565229_10160336466401502_2207267912064845958_n-450x182.jpg 450w, https:\/\/eldiariodelaeducacion.com\/extraeducacion\/wp-content\/uploads\/sites\/5\/2026\/03\/468565229_10160336466401502_2207267912064845958_n-768x311.jpg 768w, https:\/\/eldiariodelaeducacion.com\/extraeducacion\/wp-content\/uploads\/sites\/5\/2026\/03\/468565229_10160336466401502_2207267912064845958_n.jpg 875w\" \/><\/a>\t\t\t\n\t\t\t\n\t\t\t\n\t\t\t\n\t\t\n\t\t<\/div>\n\t\n\n\t\n\t\t<div class=\"content\">\n\n\t\t\t<div class=\"post-meta post-meta-a has-below\"><h3 class=\"is-title post-title\"><a href=\"https:\/\/eldiariodelaeducacion.com\/extraeducacion\/2026\/03\/12\/viajar-para-aprender-periodismo-viajes-educacion\/\">Viajar para aprender: aventura, conocimiento y formaci\u00f3n<\/a><\/h3><div class=\"post-meta-items meta-below\"><span class=\"meta-item post-author\"><a href=\"https:\/\/eldiariodelaeducacion.com\/extraeducacion\/author\/tejedor\/\" title=\"Entradas de Santiago Tejedor\" rel=\"author\">Santiago Tejedor<\/a><\/span><\/div><\/div>\t\t\t\n\t\t\t\n\t\t\t\n\t\t<\/div>\n\n\t\n<\/article>\t\t\t\t\t\n<article class=\"l-post grid-post grid-base-post\">\n\n\t\n\t\t\t<div class=\"media\">\n\n\t\t\n\t\t\t<a href=\"https:\/\/eldiariodelaeducacion.com\/extraeducacion\/2026\/03\/05\/movilidad-educativa-internacional-europa-estudiantes-eeuu\/\" class=\"image-link media-ratio ratio-16-9\" title=\"Aumenta la demanda de estudios en Europa frente a EE. UU.\"><img loading=\"lazy\" decoding=\"async\" width=\"377\" height=\"212\" src=\"https:\/\/eldiariodelaeducacion.com\/extraeducacion\/wp-content\/uploads\/sites\/5\/2026\/03\/GettyImages-696445496-450x300.jpg\" class=\"attachment-bunyad-medium size-bunyad-medium wp-post-image\" alt=\"\" sizes=\"(max-width: 377px) 100vw, 377px\" title=\"Aumenta la demanda de estudios en Europa frente a EE. UU.\" srcset=\"https:\/\/eldiariodelaeducacion.com\/extraeducacion\/wp-content\/uploads\/sites\/5\/2026\/03\/GettyImages-696445496-450x300.jpg 450w, https:\/\/eldiariodelaeducacion.com\/extraeducacion\/wp-content\/uploads\/sites\/5\/2026\/03\/GettyImages-696445496-1024x683.jpg 1024w, https:\/\/eldiariodelaeducacion.com\/extraeducacion\/wp-content\/uploads\/sites\/5\/2026\/03\/GettyImages-696445496-768x512.jpg 768w, https:\/\/eldiariodelaeducacion.com\/extraeducacion\/wp-content\/uploads\/sites\/5\/2026\/03\/GettyImages-696445496-1536x1024.jpg 1536w, https:\/\/eldiariodelaeducacion.com\/extraeducacion\/wp-content\/uploads\/sites\/5\/2026\/03\/GettyImages-696445496-2048x1365.jpg 2048w, https:\/\/eldiariodelaeducacion.com\/extraeducacion\/wp-content\/uploads\/sites\/5\/2026\/03\/GettyImages-696445496-1200x800.jpg 1200w\" \/><\/a>\t\t\t\n\t\t\t\n\t\t\t\n\t\t\t\n\t\t\n\t\t<\/div>\n\t\n\n\t\n\t\t<div class=\"content\">\n\n\t\t\t<div class=\"post-meta post-meta-a has-below\"><h3 class=\"is-title post-title\"><a href=\"https:\/\/eldiariodelaeducacion.com\/extraeducacion\/2026\/03\/05\/movilidad-educativa-internacional-europa-estudiantes-eeuu\/\">Aumenta la demanda de estudios en Europa frente a EE. UU.<\/a><\/h3><div class=\"post-meta-items meta-below\"><span class=\"meta-item post-author\"><a href=\"https:\/\/eldiariodelaeducacion.com\/extraeducacion\/author\/redaccion\/\" title=\"Entradas de Redacci\u00f3n\" rel=\"author\">Redacci\u00f3n<\/a><\/span><\/div><\/div>\t\t\t\n\t\t\t\n\t\t\t\n\t\t<\/div>\n\n\t\n<\/article>\t\t\t\t\t\n<article class=\"l-post grid-post grid-base-post\">\n\n\t\n\t\t\t<div class=\"media\">\n\n\t\t\n\t\t\t<a href=\"https:\/\/eldiariodelaeducacion.com\/extraeducacion\/2026\/02\/17\/inteligencia-artificial-educomunicacion-uab\/\" class=\"image-link media-ratio ratio-16-9\" title=\"Inteligencia Artificial y edu-comunicaci\u00f3n\"><img loading=\"lazy\" decoding=\"async\" width=\"377\" height=\"212\" src=\"https:\/\/eldiariodelaeducacion.com\/extraeducacion\/wp-content\/uploads\/sites\/5\/2026\/02\/GettyImages-1516288091-450x253.jpg\" class=\"attachment-bunyad-medium size-bunyad-medium wp-post-image\" alt=\"Profesor joven impartiendo una clase de ciencia de datos a un grupo diverso y multi\u00e9tnico de estudiantes, mujeres y hombres, en un aula universitaria en penumbra. Proyecta una presentaci\u00f3n con la arquitectura de una red de Inteligencia Artificial\" sizes=\"(max-width: 377px) 100vw, 377px\" title=\"Inteligencia Artificial y edu-comunicaci\u00f3n\" srcset=\"https:\/\/eldiariodelaeducacion.com\/extraeducacion\/wp-content\/uploads\/sites\/5\/2026\/02\/GettyImages-1516288091-450x253.jpg 450w, https:\/\/eldiariodelaeducacion.com\/extraeducacion\/wp-content\/uploads\/sites\/5\/2026\/02\/GettyImages-1516288091-300x169.jpg 300w, https:\/\/eldiariodelaeducacion.com\/extraeducacion\/wp-content\/uploads\/sites\/5\/2026\/02\/GettyImages-1516288091-1024x576.jpg 1024w, https:\/\/eldiariodelaeducacion.com\/extraeducacion\/wp-content\/uploads\/sites\/5\/2026\/02\/GettyImages-1516288091-768x432.jpg 768w, https:\/\/eldiariodelaeducacion.com\/extraeducacion\/wp-content\/uploads\/sites\/5\/2026\/02\/GettyImages-1516288091-1536x864.jpg 1536w, https:\/\/eldiariodelaeducacion.com\/extraeducacion\/wp-content\/uploads\/sites\/5\/2026\/02\/GettyImages-1516288091-2048x1152.jpg 2048w, https:\/\/eldiariodelaeducacion.com\/extraeducacion\/wp-content\/uploads\/sites\/5\/2026\/02\/GettyImages-1516288091-18x10.jpg 18w, https:\/\/eldiariodelaeducacion.com\/extraeducacion\/wp-content\/uploads\/sites\/5\/2026\/02\/GettyImages-1516288091-150x84.jpg 150w, https:\/\/eldiariodelaeducacion.com\/extraeducacion\/wp-content\/uploads\/sites\/5\/2026\/02\/GettyImages-1516288091-1200x675.jpg 1200w\" \/><\/a>\t\t\t\n\t\t\t\n\t\t\t\n\t\t\t\n\t\t\n\t\t<\/div>\n\t\n\n\t\n\t\t<div class=\"content\">\n\n\t\t\t<div class=\"post-meta post-meta-a has-below\"><h3 class=\"is-title post-title\"><a href=\"https:\/\/eldiariodelaeducacion.com\/extraeducacion\/2026\/02\/17\/inteligencia-artificial-educomunicacion-uab\/\">Inteligencia Artificial y edu-comunicaci\u00f3n<\/a><\/h3><div class=\"post-meta-items meta-below\"><span class=\"meta-item post-author\"><a href=\"https:\/\/eldiariodelaeducacion.com\/extraeducacion\/author\/tejedor\/\" title=\"Entradas de Santiago Tejedor\" rel=\"author\">Santiago Tejedor<\/a><\/span><\/div><\/div>\t\t\t\n\t\t\t\n\t\t\t\n\t\t<\/div>\n\n\t\n<\/article>\t\t\t\t\t\n<article class=\"l-post grid-post grid-base-post\">\n\n\t\n\t\t\t<div class=\"media\">\n\n\t\t\n\t\t\t<a href=\"https:\/\/eldiariodelaeducacion.com\/extraeducacion\/2026\/02\/05\/congreso-educacion-tecnologia-vision-etica-critica\/\" class=\"image-link media-ratio ratio-16-9\" title=\"Un Congreso cr\u00edtico sobre Educaci\u00f3n y Tecnolog\u00eda\"><img loading=\"lazy\" decoding=\"async\" width=\"377\" height=\"212\" src=\"https:\/\/eldiariodelaeducacion.com\/extraeducacion\/wp-content\/uploads\/sites\/5\/2026\/02\/GettyImages-1214298505-450x300.jpg\" class=\"attachment-bunyad-medium size-bunyad-medium wp-post-image\" alt=\"Primer plano de una ni\u00f1a observando unos hologramas futuristas. Concepto: tecnolog\u00eda, futuro, gr\u00e1ficos.\" sizes=\"(max-width: 377px) 100vw, 377px\" title=\"Un Congreso cr\u00edtico sobre Educaci\u00f3n y Tecnolog\u00eda\" srcset=\"https:\/\/eldiariodelaeducacion.com\/extraeducacion\/wp-content\/uploads\/sites\/5\/2026\/02\/GettyImages-1214298505-450x300.jpg 450w, https:\/\/eldiariodelaeducacion.com\/extraeducacion\/wp-content\/uploads\/sites\/5\/2026\/02\/GettyImages-1214298505-1024x683.jpg 1024w, https:\/\/eldiariodelaeducacion.com\/extraeducacion\/wp-content\/uploads\/sites\/5\/2026\/02\/GettyImages-1214298505-768x512.jpg 768w, https:\/\/eldiariodelaeducacion.com\/extraeducacion\/wp-content\/uploads\/sites\/5\/2026\/02\/GettyImages-1214298505-1536x1024.jpg 1536w, https:\/\/eldiariodelaeducacion.com\/extraeducacion\/wp-content\/uploads\/sites\/5\/2026\/02\/GettyImages-1214298505-2048x1365.jpg 2048w, https:\/\/eldiariodelaeducacion.com\/extraeducacion\/wp-content\/uploads\/sites\/5\/2026\/02\/GettyImages-1214298505-1200x800.jpg 1200w\" \/><\/a>\t\t\t\n\t\t\t\n\t\t\t\n\t\t\t\n\t\t\n\t\t<\/div>\n\t\n\n\t\n\t\t<div class=\"content\">\n\n\t\t\t<div class=\"post-meta post-meta-a has-below\"><h3 class=\"is-title post-title\"><a href=\"https:\/\/eldiariodelaeducacion.com\/extraeducacion\/2026\/02\/05\/congreso-educacion-tecnologia-vision-etica-critica\/\">Un Congreso cr\u00edtico sobre Educaci\u00f3n y Tecnolog\u00eda<\/a><\/h3><div class=\"post-meta-items meta-below\"><span class=\"meta-item post-author\"><a href=\"https:\/\/eldiariodelaeducacion.com\/extraeducacion\/author\/redaccion\/\" title=\"Entradas de Redacci\u00f3n\" rel=\"author\">Redacci\u00f3n<\/a><\/span><\/div><\/div>\t\t\t\n\t\t\t\n\t\t\t\n\t\t<\/div>\n\n\t\n<\/article>\t\t\t\t\t\n<article class=\"l-post grid-post grid-base-post\">\n\n\t\n\t\t\t<div class=\"media\">\n\n\t\t\n\t\t\t<a href=\"https:\/\/eldiariodelaeducacion.com\/extraeducacion\/2026\/01\/30\/encuesta-europea-profesorado-2026-teachers-survey\/\" class=\"image-link media-ratio ratio-16-9\" title=\"Haz que tu voz se escuche: participa en la Teacher\u2019s Survey 2026\"><img loading=\"lazy\" decoding=\"async\" width=\"377\" height=\"212\" src=\"https:\/\/eldiariodelaeducacion.com\/extraeducacion\/wp-content\/uploads\/sites\/5\/2026\/01\/images.jpg\" class=\"attachment-large size-large wp-post-image\" alt=\"\" sizes=\"(max-width: 377px) 100vw, 377px\" title=\"Haz que tu voz se escuche: participa en la Teacher\u2019s Survey 2026\" srcset=\"https:\/\/eldiariodelaeducacion.com\/extraeducacion\/wp-content\/uploads\/sites\/5\/2026\/01\/images.jpg 310w, https:\/\/eldiariodelaeducacion.com\/extraeducacion\/wp-content\/uploads\/sites\/5\/2026\/01\/images-300x158.jpg 300w, https:\/\/eldiariodelaeducacion.com\/extraeducacion\/wp-content\/uploads\/sites\/5\/2026\/01\/images-150x79.jpg 150w\" \/><\/a>\t\t\t\n\t\t\t\n\t\t\t\n\t\t\t\n\t\t\n\t\t<\/div>\n\t\n\n\t\n\t\t<div class=\"content\">\n\n\t\t\t<div class=\"post-meta post-meta-a has-below\"><h3 class=\"is-title post-title\"><a href=\"https:\/\/eldiariodelaeducacion.com\/extraeducacion\/2026\/01\/30\/encuesta-europea-profesorado-2026-teachers-survey\/\">Haz que tu voz se escuche: participa en la Teacher\u2019s Survey 2026<\/a><\/h3><div class=\"post-meta-items meta-below\"><span class=\"meta-item post-author\"><a href=\"https:\/\/eldiariodelaeducacion.com\/extraeducacion\/author\/redaccion\/\" title=\"Entradas de Redacci\u00f3n\" rel=\"author\">Redacci\u00f3n<\/a><\/span><\/div><\/div>\t\t\t\n\t\t\t\n\t\t\t\n\t\t<\/div>\n\n\t\n<\/article>\t\t\t\t\t\n<article class=\"l-post grid-post grid-base-post\">\n\n\t\n\t\t\t<div class=\"media\">\n\n\t\t\n\t\t\t<a href=\"https:\/\/eldiariodelaeducacion.com\/extraeducacion\/2026\/01\/30\/congreso-melise-alfabetizacion-mediatica-personas-mayores\/\" class=\"image-link media-ratio ratio-16-9\" title=\"La alfabetizaci\u00f3n medi\u00e1tica ante el reto del envejecimiento digital: Barcelona acoge el congreso internacional del proyecto europeo MELISE\"><img loading=\"lazy\" decoding=\"async\" width=\"377\" height=\"212\" src=\"https:\/\/eldiariodelaeducacion.com\/extraeducacion\/wp-content\/uploads\/sites\/5\/2026\/01\/GettyImages-2166272529-450x300.jpg\" class=\"attachment-bunyad-medium size-bunyad-medium wp-post-image\" alt=\"Se\u00f1ora mayor consulta su ordenador port\u00e1til desde el sof\u00e1\" sizes=\"(max-width: 377px) 100vw, 377px\" title=\"La alfabetizaci\u00f3n medi\u00e1tica ante el reto del envejecimiento digital: Barcelona acoge el congreso internacional del proyecto europeo MELISE\" srcset=\"https:\/\/eldiariodelaeducacion.com\/extraeducacion\/wp-content\/uploads\/sites\/5\/2026\/01\/GettyImages-2166272529-450x300.jpg 450w, https:\/\/eldiariodelaeducacion.com\/extraeducacion\/wp-content\/uploads\/sites\/5\/2026\/01\/GettyImages-2166272529-1024x683.jpg 1024w, https:\/\/eldiariodelaeducacion.com\/extraeducacion\/wp-content\/uploads\/sites\/5\/2026\/01\/GettyImages-2166272529-768x512.jpg 768w, https:\/\/eldiariodelaeducacion.com\/extraeducacion\/wp-content\/uploads\/sites\/5\/2026\/01\/GettyImages-2166272529-1536x1024.jpg 1536w, https:\/\/eldiariodelaeducacion.com\/extraeducacion\/wp-content\/uploads\/sites\/5\/2026\/01\/GettyImages-2166272529-2048x1365.jpg 2048w, https:\/\/eldiariodelaeducacion.com\/extraeducacion\/wp-content\/uploads\/sites\/5\/2026\/01\/GettyImages-2166272529-1200x800.jpg 1200w\" \/><\/a>\t\t\t\n\t\t\t\n\t\t\t\n\t\t\t\n\t\t\n\t\t<\/div>\n\t\n\n\t\n\t\t<div class=\"content\">\n\n\t\t\t<div class=\"post-meta post-meta-a has-below\"><h3 class=\"is-title post-title\"><a href=\"https:\/\/eldiariodelaeducacion.com\/extraeducacion\/2026\/01\/30\/congreso-melise-alfabetizacion-mediatica-personas-mayores\/\">La alfabetizaci\u00f3n medi\u00e1tica ante el reto del envejecimiento digital: Barcelona acoge el congreso internacional del proyecto europeo MELISE<\/a><\/h3><div class=\"post-meta-items meta-below\"><span class=\"meta-item post-author\"><a href=\"https:\/\/eldiariodelaeducacion.com\/extraeducacion\/author\/redaccion\/\" title=\"Entradas de Redacci\u00f3n\" rel=\"author\">Redacci\u00f3n<\/a><\/span><\/div><\/div>\t\t\t\n\t\t\t\n\t\t\t\n\t\t<\/div>\n\n\t\n<\/article>\t\t\t\t\t\n<article class=\"l-post grid-post grid-base-post\">\n\n\t\n\t\t\t<div class=\"media\">\n\n\t\t\n\t\t\t<a href=\"https:\/\/eldiariodelaeducacion.com\/extraeducacion\/2026\/01\/21\/executive-mba-regiones-espana\/\" class=\"image-link media-ratio ratio-16-9\" title=\"Executive MBA en Espa\u00f1a por regiones: c\u00f3mo cambia la oferta entre Madrid, Barcelona, Valencia, Andaluc\u00eda y Pa\u00eds Vasco\"><img loading=\"lazy\" decoding=\"async\" width=\"377\" height=\"212\" src=\"https:\/\/eldiariodelaeducacion.com\/extraeducacion\/wp-content\/uploads\/sites\/5\/2026\/01\/img_01-450x300.jpg\" class=\"attachment-bunyad-medium size-bunyad-medium wp-post-image\" alt=\"Un profesor se\u00f1ala una pizarra blanca mientras imparte clase a un grupo de j\u00f3venes adultos.\" sizes=\"(max-width: 377px) 100vw, 377px\" title=\"Executive MBA en Espa\u00f1a por regiones: c\u00f3mo cambia la oferta entre Madrid, Barcelona, Valencia, Andaluc\u00eda y Pa\u00eds Vasco\" srcset=\"https:\/\/eldiariodelaeducacion.com\/extraeducacion\/wp-content\/uploads\/sites\/5\/2026\/01\/img_01-450x300.jpg 450w, https:\/\/eldiariodelaeducacion.com\/extraeducacion\/wp-content\/uploads\/sites\/5\/2026\/01\/img_01-1024x683.jpg 1024w, https:\/\/eldiariodelaeducacion.com\/extraeducacion\/wp-content\/uploads\/sites\/5\/2026\/01\/img_01-768x512.jpg 768w, https:\/\/eldiariodelaeducacion.com\/extraeducacion\/wp-content\/uploads\/sites\/5\/2026\/01\/img_01-1536x1024.jpg 1536w, https:\/\/eldiariodelaeducacion.com\/extraeducacion\/wp-content\/uploads\/sites\/5\/2026\/01\/img_01-2048x1365.jpg 2048w, https:\/\/eldiariodelaeducacion.com\/extraeducacion\/wp-content\/uploads\/sites\/5\/2026\/01\/img_01-1200x800.jpg 1200w\" \/><\/a>\t\t\t\n\t\t\t\n\t\t\t\n\t\t\t\n\t\t\n\t\t<\/div>\n\t\n\n\t\n\t\t<div class=\"content\">\n\n\t\t\t<div class=\"post-meta post-meta-a has-below\"><h3 class=\"is-title post-title\"><a href=\"https:\/\/eldiariodelaeducacion.com\/extraeducacion\/2026\/01\/21\/executive-mba-regiones-espana\/\">Executive MBA en Espa\u00f1a por regiones: c\u00f3mo cambia la oferta entre Madrid, Barcelona, Valencia, Andaluc\u00eda y Pa\u00eds Vasco<\/a><\/h3><div class=\"post-meta-items meta-below\"><span class=\"meta-item post-author\"><a href=\"https:\/\/eldiariodelaeducacion.com\/extraeducacion\/author\/redaccion\/\" title=\"Entradas de Redacci\u00f3n\" rel=\"author\">Redacci\u00f3n<\/a><\/span><\/div><\/div>\t\t\t\n\t\t\t\n\t\t\t\n\t\t<\/div>\n\n\t\n<\/article>\t\t\t\t\t\n<article class=\"l-post grid-post grid-base-post\">\n\n\t\n\t\t\t<div class=\"media\">\n\n\t\t\n\t\t\t<a href=\"https:\/\/eldiariodelaeducacion.com\/extraeducacion\/2026\/01\/12\/como-elegir-juguetes-ninos-10-anos-desarrollo-creatividad\/\" class=\"image-link media-ratio ratio-16-9\" title=\"Jugar para crecer: c\u00f3mo elegir el juguete ideal a los 10 a\u00f1os\"><img loading=\"lazy\" decoding=\"async\" width=\"377\" height=\"212\" src=\"https:\/\/eldiariodelaeducacion.com\/extraeducacion\/wp-content\/uploads\/sites\/5\/2026\/01\/GettyImages-2244991970-450x299.jpg\" class=\"attachment-bunyad-medium size-bunyad-medium wp-post-image\" alt=\"Una ni\u00f1a recorre el pasillo de una jugueter\u00eda\" sizes=\"(max-width: 377px) 100vw, 377px\" title=\"Jugar para crecer: c\u00f3mo elegir el juguete ideal a los 10 a\u00f1os\" srcset=\"https:\/\/eldiariodelaeducacion.com\/extraeducacion\/wp-content\/uploads\/sites\/5\/2026\/01\/GettyImages-2244991970-450x299.jpg 450w, https:\/\/eldiariodelaeducacion.com\/extraeducacion\/wp-content\/uploads\/sites\/5\/2026\/01\/GettyImages-2244991970-1024x681.jpg 1024w, https:\/\/eldiariodelaeducacion.com\/extraeducacion\/wp-content\/uploads\/sites\/5\/2026\/01\/GettyImages-2244991970-768x511.jpg 768w, https:\/\/eldiariodelaeducacion.com\/extraeducacion\/wp-content\/uploads\/sites\/5\/2026\/01\/GettyImages-2244991970-1536x1022.jpg 1536w, https:\/\/eldiariodelaeducacion.com\/extraeducacion\/wp-content\/uploads\/sites\/5\/2026\/01\/GettyImages-2244991970-2048x1363.jpg 2048w, https:\/\/eldiariodelaeducacion.com\/extraeducacion\/wp-content\/uploads\/sites\/5\/2026\/01\/GettyImages-2244991970-1200x798.jpg 1200w\" \/><\/a>\t\t\t\n\t\t\t\n\t\t\t\n\t\t\t\n\t\t\n\t\t<\/div>\n\t\n\n\t\n\t\t<div class=\"content\">\n\n\t\t\t<div class=\"post-meta post-meta-a has-below\"><h3 class=\"is-title post-title\"><a href=\"https:\/\/eldiariodelaeducacion.com\/extraeducacion\/2026\/01\/12\/como-elegir-juguetes-ninos-10-anos-desarrollo-creatividad\/\">Jugar para crecer: c\u00f3mo elegir el juguete ideal a los 10 a\u00f1os<\/a><\/h3><div class=\"post-meta-items meta-below\"><span class=\"meta-item post-author\"><a href=\"https:\/\/eldiariodelaeducacion.com\/extraeducacion\/author\/redaccion\/\" title=\"Entradas de Redacci\u00f3n\" rel=\"author\">Redacci\u00f3n<\/a><\/span><\/div><\/div>\t\t\t\n\t\t\t\n\t\t\t\n\t\t<\/div>\n\n\t\n<\/article>\t\t\t\t\t\n<article class=\"l-post grid-post grid-base-post\">\n\n\t\n\t\t\t<div class=\"media\">\n\n\t\t\n\t\t\t<a href=\"https:\/\/eldiariodelaeducacion.com\/extraeducacion\/2026\/01\/08\/precio-luz-hoy-centros-educativos-ahorro-energetico\/\" class=\"image-link media-ratio ratio-16-9\" title=\"C\u00f3mo reducir el gasto energ\u00e9tico escolar seg\u00fan el precio de la luz hoy\"><img loading=\"lazy\" decoding=\"async\" width=\"377\" height=\"212\" src=\"https:\/\/eldiariodelaeducacion.com\/extraeducacion\/wp-content\/uploads\/sites\/5\/2026\/01\/phpFHkCad69524de93c4b1-450x370.jpg\" class=\"attachment-bunyad-medium size-bunyad-medium wp-post-image\" alt=\"bombillas encendidas\" sizes=\"(max-width: 377px) 100vw, 377px\" title=\"C\u00f3mo reducir el gasto energ\u00e9tico escolar seg\u00fan el precio de la luz hoy\" srcset=\"https:\/\/eldiariodelaeducacion.com\/extraeducacion\/wp-content\/uploads\/sites\/5\/2026\/01\/phpFHkCad69524de93c4b1-450x370.jpg 450w, https:\/\/eldiariodelaeducacion.com\/extraeducacion\/wp-content\/uploads\/sites\/5\/2026\/01\/phpFHkCad69524de93c4b1-300x246.jpg 300w, https:\/\/eldiariodelaeducacion.com\/extraeducacion\/wp-content\/uploads\/sites\/5\/2026\/01\/phpFHkCad69524de93c4b1-1024x841.jpg 1024w, https:\/\/eldiariodelaeducacion.com\/extraeducacion\/wp-content\/uploads\/sites\/5\/2026\/01\/phpFHkCad69524de93c4b1-768x631.jpg 768w, https:\/\/eldiariodelaeducacion.com\/extraeducacion\/wp-content\/uploads\/sites\/5\/2026\/01\/phpFHkCad69524de93c4b1-1536x1262.jpg 1536w, https:\/\/eldiariodelaeducacion.com\/extraeducacion\/wp-content\/uploads\/sites\/5\/2026\/01\/phpFHkCad69524de93c4b1-1200x986.jpg 1200w, https:\/\/eldiariodelaeducacion.com\/extraeducacion\/wp-content\/uploads\/sites\/5\/2026\/01\/phpFHkCad69524de93c4b1.jpg 1920w\" \/><\/a>\t\t\t\n\t\t\t\n\t\t\t\n\t\t\t\n\t\t\n\t\t<\/div>\n\t\n\n\t\n\t\t<div class=\"content\">\n\n\t\t\t<div class=\"post-meta post-meta-a has-below\"><h3 class=\"is-title post-title\"><a href=\"https:\/\/eldiariodelaeducacion.com\/extraeducacion\/2026\/01\/08\/precio-luz-hoy-centros-educativos-ahorro-energetico\/\">C\u00f3mo reducir el gasto energ\u00e9tico escolar seg\u00fan el precio de la luz hoy<\/a><\/h3><div class=\"post-meta-items meta-below\"><span class=\"meta-item post-author\"><a href=\"https:\/\/eldiariodelaeducacion.com\/extraeducacion\/author\/redaccion\/\" title=\"Entradas de Redacci\u00f3n\" rel=\"author\">Redacci\u00f3n<\/a><\/span><\/div><\/div>\t\t\t\n\t\t\t\n\t\t\t\n\t\t<\/div>\n\n\t\n<\/article>\t\t\t\t\t\n<article class=\"l-post grid-post grid-base-post\">\n\n\t\n\t\t\t<div class=\"media\">\n\n\t\t\n\t\t\t<a href=\"https:\/\/eldiariodelaeducacion.com\/extraeducacion\/2025\/12\/18\/educacion-tecnologia-vision-etico-critica\/\" class=\"image-link media-ratio ratio-16-9\" title=\"La incertidumbre: horizonte y oportunidad\"><img loading=\"lazy\" decoding=\"async\" width=\"377\" height=\"212\" src=\"https:\/\/eldiariodelaeducacion.com\/extraeducacion\/wp-content\/uploads\/sites\/5\/2025\/12\/GettyImages-1255527336-450x235.jpg\" class=\"attachment-bunyad-medium size-bunyad-medium wp-post-image\" alt=\"Perfil de una persona pensativa superpuesto con gr\u00e1ficos y datos digitales.\" sizes=\"(max-width: 377px) 100vw, 377px\" title=\"La incertidumbre: horizonte y oportunidad\" srcset=\"https:\/\/eldiariodelaeducacion.com\/extraeducacion\/wp-content\/uploads\/sites\/5\/2025\/12\/GettyImages-1255527336-450x235.jpg 450w, https:\/\/eldiariodelaeducacion.com\/extraeducacion\/wp-content\/uploads\/sites\/5\/2025\/12\/GettyImages-1255527336-300x156.jpg 300w, https:\/\/eldiariodelaeducacion.com\/extraeducacion\/wp-content\/uploads\/sites\/5\/2025\/12\/GettyImages-1255527336-1024x534.jpg 1024w, https:\/\/eldiariodelaeducacion.com\/extraeducacion\/wp-content\/uploads\/sites\/5\/2025\/12\/GettyImages-1255527336-768x400.jpg 768w, https:\/\/eldiariodelaeducacion.com\/extraeducacion\/wp-content\/uploads\/sites\/5\/2025\/12\/GettyImages-1255527336-1536x801.jpg 1536w, https:\/\/eldiariodelaeducacion.com\/extraeducacion\/wp-content\/uploads\/sites\/5\/2025\/12\/GettyImages-1255527336-2048x1068.jpg 2048w, https:\/\/eldiariodelaeducacion.com\/extraeducacion\/wp-content\/uploads\/sites\/5\/2025\/12\/GettyImages-1255527336-150x78.jpg 150w, https:\/\/eldiariodelaeducacion.com\/extraeducacion\/wp-content\/uploads\/sites\/5\/2025\/12\/GettyImages-1255527336-1200x626.jpg 1200w\" \/><\/a>\t\t\t\n\t\t\t\n\t\t\t\n\t\t\t\n\t\t\n\t\t<\/div>\n\t\n\n\t\n\t\t<div class=\"content\">\n\n\t\t\t<div class=\"post-meta post-meta-a has-below\"><h3 class=\"is-title post-title\"><a href=\"https:\/\/eldiariodelaeducacion.com\/extraeducacion\/2025\/12\/18\/educacion-tecnologia-vision-etico-critica\/\">La incertidumbre: horizonte y oportunidad<\/a><\/h3><div class=\"post-meta-items meta-below\"><span class=\"meta-item post-author\"><a href=\"https:\/\/eldiariodelaeducacion.com\/extraeducacion\/author\/andresangel\/\" title=\"Entradas de Andr\u00e9s \u00c1ngel S\u00e1enz del Castillo\" rel=\"author\">Andr\u00e9s \u00c1ngel S\u00e1enz del Castillo<\/a><\/span><\/div><\/div>\t\t\t\n\t\t\t\n\t\t\t\n\t\t<\/div>\n\n\t\n<\/article>\t\t\t\t\t\n<article class=\"l-post grid-post grid-base-post\">\n\n\t\n\t\t\t<div class=\"media\">\n\n\t\t\n\t\t\t<a href=\"https:\/\/eldiariodelaeducacion.com\/extraeducacion\/2025\/12\/08\/como-ensenar-la-primera-guerra-mundial-de-manera-didactica\/\" class=\"image-link media-ratio ratio-16-9\" title=\"C\u00f3mo ense\u00f1ar la Primera Guerra Mundial de manera did\u00e1ctica\"><img loading=\"lazy\" decoding=\"async\" width=\"377\" height=\"212\" src=\"https:\/\/eldiariodelaeducacion.com\/extraeducacion\/wp-content\/uploads\/sites\/5\/2025\/12\/img_0-450x338.jpg\" class=\"attachment-bunyad-medium size-bunyad-medium wp-post-image\" alt=\"\" sizes=\"(max-width: 377px) 100vw, 377px\" title=\"C\u00f3mo ense\u00f1ar la Primera Guerra Mundial de manera did\u00e1ctica\" srcset=\"https:\/\/eldiariodelaeducacion.com\/extraeducacion\/wp-content\/uploads\/sites\/5\/2025\/12\/img_0-450x338.jpg 450w, https:\/\/eldiariodelaeducacion.com\/extraeducacion\/wp-content\/uploads\/sites\/5\/2025\/12\/img_0-300x225.jpg 300w, https:\/\/eldiariodelaeducacion.com\/extraeducacion\/wp-content\/uploads\/sites\/5\/2025\/12\/img_0-1024x768.jpg 1024w, https:\/\/eldiariodelaeducacion.com\/extraeducacion\/wp-content\/uploads\/sites\/5\/2025\/12\/img_0-768x576.jpg 768w, https:\/\/eldiariodelaeducacion.com\/extraeducacion\/wp-content\/uploads\/sites\/5\/2025\/12\/img_0-1200x900.jpg 1200w, https:\/\/eldiariodelaeducacion.com\/extraeducacion\/wp-content\/uploads\/sites\/5\/2025\/12\/img_0.jpg 1280w\" \/><\/a>\t\t\t\n\t\t\t\n\t\t\t\n\t\t\t\n\t\t\n\t\t<\/div>\n\t\n\n\t\n\t\t<div class=\"content\">\n\n\t\t\t<div class=\"post-meta post-meta-a has-below\"><h3 class=\"is-title post-title\"><a href=\"https:\/\/eldiariodelaeducacion.com\/extraeducacion\/2025\/12\/08\/como-ensenar-la-primera-guerra-mundial-de-manera-didactica\/\">C\u00f3mo ense\u00f1ar la Primera Guerra Mundial de manera did\u00e1ctica<\/a><\/h3><div class=\"post-meta-items meta-below\"><span class=\"meta-item post-author\"><a href=\"https:\/\/eldiariodelaeducacion.com\/extraeducacion\/author\/redaccion\/\" title=\"Entradas de Redacci\u00f3n\" rel=\"author\">Redacci\u00f3n<\/a><\/span><\/div><\/div>\t\t\t\n\t\t\t\n\t\t\t\n\t\t<\/div>\n\n\t\n<\/article>\t\t\n\t<\/div>\n\n\t\n\n\t\n\t\t\n\t<div class=\"main-pagination pagination-more\" data-type=\"load-more\">\n\t\t<a href=\"https:\/\/eldiariodelaeducacion.com\/extraeducacion\/wp-json\/wp\/v2\/pages\/2\/page\/2\/\" class=\"ts-button load-button load-button-a ts-button-alt\" data-page=\"1\">\n\t\t\t\tLoad More \n\t\t\t\t<i class=\"icon tsi tsi-repeat\"><\/i>\n\t\t<\/a>\n\t<\/div>\t\n\t\n\t\n\n\t\n\t\t\t<\/div>\n\n\t\t<\/section>\n\t\t\t\t\t\t<\/div>\n\t\t\t\t<\/div>\n\t\t\t\t\t<\/div>\n\t\t<\/div>\n\t\t\t\t<div class=\"elementor-column elementor-col-33 elementor-top-column elementor-element elementor-element-aec9e9a\" data-id=\"aec9e9a\" data-element_type=\"column\" data-e-type=\"column\" data-settings=\"{&quot;background_background&quot;:&quot;classic&quot;,&quot;background_sd_background&quot;:&quot;classic&quot;}\">\n\t\t\t<div class=\"elementor-widget-wrap elementor-element-populated\">\n\t\t\t\t\t\t<div class=\"elementor-element elementor-element-d7ffb47 elementor-widget elementor-widget-heading\" data-id=\"d7ffb47\" data-element_type=\"widget\" data-e-type=\"widget\" data-settings=\"{&quot;_background_sd_background&quot;:&quot;classic&quot;}\" data-widget_type=\"heading.default\">\n\t\t\t\t<div class=\"elementor-widget-container\">\n\t\t\t\t\t<h2 class=\"elementor-heading-title elementor-size-default\">Sobre el blog<\/h2>\t\t\t\t<\/div>\n\t\t\t\t<\/div>\n\t\t\t\t<div class=\"elementor-element elementor-element-34dda29 elementor-widget elementor-widget-text-editor\" data-id=\"34dda29\" data-element_type=\"widget\" data-e-type=\"widget\" data-settings=\"{&quot;_background_sd_background&quot;:&quot;classic&quot;}\" data-widget_type=\"text-editor.default\">\n\t\t\t\t<div class=\"elementor-widget-container\">\n\t\t\t\t\t\t\t\t\t<p>Este blog es un espacio reservado para <strong>contenidos patrocinados.<\/strong> Todos los art\u00edculos que se publican son fruto de nuestra colaboraci\u00f3n con una entidad, instituci\u00f3n o marca, que como contrapartida ha contribuido econ\u00f3micamente a la consolidaci\u00f3n y crecimiento de El Diario de la Educaci\u00f3n. Son, por lo tanto, contenidos externos, algunos con mensaje publicitario, pero que son seleccionados a partir de dos requisitos imprescindibles: tienen que tener un inter\u00e9s objetivo para nuestros lectores y no pueden promocionar valores contrarios a los principios fundacionales de El Diario de la Educaci\u00f3n.<\/p>\t\t\t\t\t\t\t\t<\/div>\n\t\t\t\t<\/div>\n\t\t\t\t<div class=\"elementor-element elementor-element-af4cb00 elementor-widget elementor-widget-shortcode\" data-id=\"af4cb00\" data-element_type=\"widget\" data-e-type=\"widget\" data-widget_type=\"shortcode.default\">\n\t\t\t\t<div class=\"elementor-widget-container\">\n\t\t\t\t\t\t\t<div class=\"elementor-shortcode\"><div id=\"eldia-1468761621\" class=\"eldia-columna1_home eldia-entity-placement\"><script async=\"async\" src=\"https:\/\/securepubads.g.doubleclick.net\/tag\/js\/gpt.js\"><\/script>\n<script> var googletag = googletag || {}; googletag.cmd = googletag.cmd || [];<\/script>\n<div id=\"gpt-ad-5667553186526-0\">\n  <script>\n\tgoogletag.cmd.push(function() {\n\t\t\t\tgoogletag.defineSlot( '\/50166482\/diarioeducacion\/columna_1', [[245,90],[300,250],[300,600]], 'gpt-ad-5667553186526-0' )\n\t\t.addService(googletag.pubads());\n\t\t\t\twindow.advadsGamEmptySlotsTimers = window.advadsGamEmptySlotsTimers || {};\n\t\tconst timers                     = window.advadsGamEmptySlotsTimers;\n\n\t\ttimers['gpt-ad-5667553186526-0'] = setTimeout( function () {\n\t\t\tconst id = 'gpt-ad-5667553186526-0';\n\t\t\tdocument.dispatchEvent( new CustomEvent( 'aagam_empty_slot', {detail: id} ) );\n\t\t\tdelete ( timers[id] );\n\t\t}, 1000 );\n\n\t\tif ( typeof window.advadsGamHasEmptySlotListener === 'undefined' ) {\n\t\t\tgoogletag.pubads().addEventListener( 'slotRequested', function ( ev ) {\n\t\t\t\tconst id = ev.slot.getSlotElementId();\n\t\t\t\tif ( typeof timers[id] === 'undefined' ) {\n\t\t\t\t\treturn;\n\t\t\t\t}\n\t\t\t\tclearTimeout( timers[id] );\n\t\t\t\ttimers[id] = setTimeout( function () {\n\t\t\t\t\tdocument.dispatchEvent( new CustomEvent( 'aagam_empty_slot', {detail: id} ) );\n\t\t\t\t\tdelete ( timers[id] );\n\t\t\t\t}, 2500 );\n\t\t\t} );\n\t\t\tgoogletag.pubads().addEventListener( 'slotResponseReceived', function ( ev ) {\n\t\t\t\tconst id = ev.slot.getSlotElementId();\n\t\t\t\tif ( typeof timers[id] !== 'undefined' ) {\n\t\t\t\t\tclearTimeout( timers[id] );\n\t\t\t\t\tdelete ( timers[id] );\n\t\t\t\t}\n\t\t\t\tif ( ! ev.slot.getResponseInformation() ) {\n\t\t\t\t\tdocument.dispatchEvent( new CustomEvent( 'aagam_empty_slot', {detail: id} ) );\n\t\t\t\t}\n\t\t\t} );\n\t\t\twindow.advadsGamHasEmptySlotListener = true;\n\t\t}\n\n\t\tgoogletag.enableServices();\n\t\tgoogletag.display( 'gpt-ad-5667553186526-0' );\n\t} );\n  <\/script>\n<\/div>\n<\/div><\/div>\n\t\t\t\t\t\t<\/div>\n\t\t\t\t<\/div>\n\t\t\t\t<div class=\"elementor-element elementor-element-4dc0d7b elementor-widget elementor-widget-shortcode\" data-id=\"4dc0d7b\" data-element_type=\"widget\" data-e-type=\"widget\" data-widget_type=\"shortcode.default\">\n\t\t\t\t<div class=\"elementor-widget-container\">\n\t\t\t\t\t\t\t<div class=\"elementor-shortcode\"><div id=\"eldia-1709488992\" class=\"eldia-columna2_home eldia-entity-placement\"><script async=\"async\" src=\"https:\/\/securepubads.g.doubleclick.net\/tag\/js\/gpt.js\"><\/script>\n<script> var googletag = googletag || {}; googletag.cmd = googletag.cmd || [];<\/script>\n<div id=\"gpt-ad-3188045744705-0\">\n  <script>\n\tgoogletag.cmd.push(function() {\n\t\t\t\tgoogletag.defineSlot( '\/50166482\/diarioeducacion\/columna_2', [[245,90],[300,250],[300,600]], 'gpt-ad-3188045744705-0' )\n\t\t.addService(googletag.pubads());\n\t\t\t\twindow.advadsGamEmptySlotsTimers = window.advadsGamEmptySlotsTimers || {};\n\t\tconst timers                     = window.advadsGamEmptySlotsTimers;\n\n\t\ttimers['gpt-ad-3188045744705-0'] = setTimeout( function () {\n\t\t\tconst id = 'gpt-ad-3188045744705-0';\n\t\t\tdocument.dispatchEvent( new CustomEvent( 'aagam_empty_slot', {detail: id} ) );\n\t\t\tdelete ( timers[id] );\n\t\t}, 1000 );\n\n\t\tif ( typeof window.advadsGamHasEmptySlotListener === 'undefined' ) {\n\t\t\tgoogletag.pubads().addEventListener( 'slotRequested', function ( ev ) {\n\t\t\t\tconst id = ev.slot.getSlotElementId();\n\t\t\t\tif ( typeof timers[id] === 'undefined' ) {\n\t\t\t\t\treturn;\n\t\t\t\t}\n\t\t\t\tclearTimeout( timers[id] );\n\t\t\t\ttimers[id] = setTimeout( function () {\n\t\t\t\t\tdocument.dispatchEvent( new CustomEvent( 'aagam_empty_slot', {detail: id} ) );\n\t\t\t\t\tdelete ( timers[id] );\n\t\t\t\t}, 2500 );\n\t\t\t} );\n\t\t\tgoogletag.pubads().addEventListener( 'slotResponseReceived', function ( ev ) {\n\t\t\t\tconst id = ev.slot.getSlotElementId();\n\t\t\t\tif ( typeof timers[id] !== 'undefined' ) {\n\t\t\t\t\tclearTimeout( timers[id] );\n\t\t\t\t\tdelete ( timers[id] );\n\t\t\t\t}\n\t\t\t\tif ( ! ev.slot.getResponseInformation() ) {\n\t\t\t\t\tdocument.dispatchEvent( new CustomEvent( 'aagam_empty_slot', {detail: id} ) );\n\t\t\t\t}\n\t\t\t} );\n\t\t\twindow.advadsGamHasEmptySlotListener = true;\n\t\t}\n\n\t\tgoogletag.enableServices();\n\t\tgoogletag.display( 'gpt-ad-3188045744705-0' );\n\t} );\n  <\/script>\n<\/div>\n<\/div><\/div>\n\t\t\t\t\t\t<\/div>\n\t\t\t\t<\/div>\n\t\t\t\t<div class=\"elementor-element elementor-element-0bbf5bb elementor-widget elementor-widget-shortcode\" data-id=\"0bbf5bb\" data-element_type=\"widget\" data-e-type=\"widget\" data-widget_type=\"shortcode.default\">\n\t\t\t\t<div class=\"elementor-widget-container\">\n\t\t\t\t\t\t\t<div class=\"elementor-shortcode\"><div id=\"eldia-4197538849\" class=\"eldia-columna3_home eldia-entity-placement\"><script async=\"async\" src=\"https:\/\/securepubads.g.doubleclick.net\/tag\/js\/gpt.js\"><\/script>\n<script> var googletag = googletag || {}; googletag.cmd = googletag.cmd || [];<\/script>\n<div id=\"gpt-ad-2803469978794-0\">\n  <script>\n\tgoogletag.cmd.push(function() {\n\t\t\t\tgoogletag.defineSlot( '\/50166482\/diarioeducacion\/columna_3', [[245,90],[300,250],[300,600]], 'gpt-ad-2803469978794-0' )\n\t\t.addService(googletag.pubads());\n\t\t\t\twindow.advadsGamEmptySlotsTimers = window.advadsGamEmptySlotsTimers || {};\n\t\tconst timers                     = window.advadsGamEmptySlotsTimers;\n\n\t\ttimers['gpt-ad-2803469978794-0'] = setTimeout( function () {\n\t\t\tconst id = 'gpt-ad-2803469978794-0';\n\t\t\tdocument.dispatchEvent( new CustomEvent( 'aagam_empty_slot', {detail: id} ) );\n\t\t\tdelete ( timers[id] );\n\t\t}, 1000 );\n\n\t\tif ( typeof window.advadsGamHasEmptySlotListener === 'undefined' ) {\n\t\t\tgoogletag.pubads().addEventListener( 'slotRequested', function ( ev ) {\n\t\t\t\tconst id = ev.slot.getSlotElementId();\n\t\t\t\tif ( typeof timers[id] === 'undefined' ) {\n\t\t\t\t\treturn;\n\t\t\t\t}\n\t\t\t\tclearTimeout( timers[id] );\n\t\t\t\ttimers[id] = setTimeout( function () {\n\t\t\t\t\tdocument.dispatchEvent( new CustomEvent( 'aagam_empty_slot', {detail: id} ) );\n\t\t\t\t\tdelete ( timers[id] );\n\t\t\t\t}, 2500 );\n\t\t\t} );\n\t\t\tgoogletag.pubads().addEventListener( 'slotResponseReceived', function ( ev ) {\n\t\t\t\tconst id = ev.slot.getSlotElementId();\n\t\t\t\tif ( typeof timers[id] !== 'undefined' ) {\n\t\t\t\t\tclearTimeout( timers[id] );\n\t\t\t\t\tdelete ( timers[id] );\n\t\t\t\t}\n\t\t\t\tif ( ! ev.slot.getResponseInformation() ) {\n\t\t\t\t\tdocument.dispatchEvent( new CustomEvent( 'aagam_empty_slot', {detail: id} ) );\n\t\t\t\t}\n\t\t\t} );\n\t\t\twindow.advadsGamHasEmptySlotListener = true;\n\t\t}\n\n\t\tgoogletag.enableServices();\n\t\tgoogletag.display( 'gpt-ad-2803469978794-0' );\n\t} );\n  <\/script>\n<\/div>\n<\/div><\/div>\n\t\t\t\t\t\t<\/div>\n\t\t\t\t<\/div>\n\t\t\t\t<div class=\"elementor-element elementor-element-597d965 elementor-widget elementor-widget-shortcode\" data-id=\"597d965\" data-element_type=\"widget\" data-e-type=\"widget\" data-widget_type=\"shortcode.default\">\n\t\t\t\t<div class=\"elementor-widget-container\">\n\t\t\t\t\t\t\t<div class=\"elementor-shortcode\"><div id=\"eldia-3486888807\" class=\"eldia-columna4_home eldia-entity-placement\"><script async=\"async\" src=\"https:\/\/securepubads.g.doubleclick.net\/tag\/js\/gpt.js\"><\/script>\n<script> var googletag = googletag || {}; googletag.cmd = googletag.cmd || [];<\/script>\n<div id=\"gpt-ad-2500395206064-0\">\n  <script>\n\tgoogletag.cmd.push(function() {\n\t\t\t\tgoogletag.defineSlot( '\/50166482\/diarioeducacion\/columna_4', [[245,90],[300,250],[300,600]], 'gpt-ad-2500395206064-0' )\n\t\t.addService(googletag.pubads());\n\t\t\t\twindow.advadsGamEmptySlotsTimers = window.advadsGamEmptySlotsTimers || {};\n\t\tconst timers                     = window.advadsGamEmptySlotsTimers;\n\n\t\ttimers['gpt-ad-2500395206064-0'] = setTimeout( function () {\n\t\t\tconst id = 'gpt-ad-2500395206064-0';\n\t\t\tdocument.dispatchEvent( new CustomEvent( 'aagam_empty_slot', {detail: id} ) );\n\t\t\tdelete ( timers[id] );\n\t\t}, 1000 );\n\n\t\tif ( typeof window.advadsGamHasEmptySlotListener === 'undefined' ) {\n\t\t\tgoogletag.pubads().addEventListener( 'slotRequested', function ( ev ) {\n\t\t\t\tconst id = ev.slot.getSlotElementId();\n\t\t\t\tif ( typeof timers[id] === 'undefined' ) {\n\t\t\t\t\treturn;\n\t\t\t\t}\n\t\t\t\tclearTimeout( timers[id] );\n\t\t\t\ttimers[id] = setTimeout( function () {\n\t\t\t\t\tdocument.dispatchEvent( new CustomEvent( 'aagam_empty_slot', {detail: id} ) );\n\t\t\t\t\tdelete ( timers[id] );\n\t\t\t\t}, 2500 );\n\t\t\t} );\n\t\t\tgoogletag.pubads().addEventListener( 'slotResponseReceived', function ( ev ) {\n\t\t\t\tconst id = ev.slot.getSlotElementId();\n\t\t\t\tif ( typeof timers[id] !== 'undefined' ) {\n\t\t\t\t\tclearTimeout( timers[id] );\n\t\t\t\t\tdelete ( timers[id] );\n\t\t\t\t}\n\t\t\t\tif ( ! ev.slot.getResponseInformation() ) {\n\t\t\t\t\tdocument.dispatchEvent( new CustomEvent( 'aagam_empty_slot', {detail: id} ) );\n\t\t\t\t}\n\t\t\t} );\n\t\t\twindow.advadsGamHasEmptySlotListener = true;\n\t\t}\n\n\t\tgoogletag.enableServices();\n\t\tgoogletag.display( 'gpt-ad-2500395206064-0' );\n\t} );\n  <\/script>\n<\/div>\n<\/div><\/div>\n\t\t\t\t\t\t<\/div>\n\t\t\t\t<\/div>\n\t\t\t\t<div class=\"elementor-element elementor-element-c8b7819 elementor-widget elementor-widget-shortcode\" data-id=\"c8b7819\" data-element_type=\"widget\" data-e-type=\"widget\" data-widget_type=\"shortcode.default\">\n\t\t\t\t<div class=\"elementor-widget-container\">\n\t\t\t\t\t\t\t<div class=\"elementor-shortcode\"><div id=\"eldia-633950253\" class=\"eldia-columna5_home eldia-entity-placement\"><script async=\"async\" src=\"https:\/\/securepubads.g.doubleclick.net\/tag\/js\/gpt.js\"><\/script>\n<script> var googletag = googletag || {}; googletag.cmd = googletag.cmd || [];<\/script>\n<div id=\"gpt-ad-1959086277119-0\">\n  <script>\n\tgoogletag.cmd.push(function() {\n\t\t\t\tgoogletag.defineSlot( '\/50166482\/diarioeducacion\/columna_5', [[245,90],[300,250],[300,600]], 'gpt-ad-1959086277119-0' )\n\t\t.addService(googletag.pubads());\n\t\t\t\twindow.advadsGamEmptySlotsTimers = window.advadsGamEmptySlotsTimers || {};\n\t\tconst timers                     = window.advadsGamEmptySlotsTimers;\n\n\t\ttimers['gpt-ad-1959086277119-0'] = setTimeout( function () {\n\t\t\tconst id = 'gpt-ad-1959086277119-0';\n\t\t\tdocument.dispatchEvent( new CustomEvent( 'aagam_empty_slot', {detail: id} ) );\n\t\t\tdelete ( timers[id] );\n\t\t}, 1000 );\n\n\t\tif ( typeof window.advadsGamHasEmptySlotListener === 'undefined' ) {\n\t\t\tgoogletag.pubads().addEventListener( 'slotRequested', function ( ev ) {\n\t\t\t\tconst id = ev.slot.getSlotElementId();\n\t\t\t\tif ( typeof timers[id] === 'undefined' ) {\n\t\t\t\t\treturn;\n\t\t\t\t}\n\t\t\t\tclearTimeout( timers[id] );\n\t\t\t\ttimers[id] = setTimeout( function () {\n\t\t\t\t\tdocument.dispatchEvent( new CustomEvent( 'aagam_empty_slot', {detail: id} ) );\n\t\t\t\t\tdelete ( timers[id] );\n\t\t\t\t}, 2500 );\n\t\t\t} );\n\t\t\tgoogletag.pubads().addEventListener( 'slotResponseReceived', function ( ev ) {\n\t\t\t\tconst id = ev.slot.getSlotElementId();\n\t\t\t\tif ( typeof timers[id] !== 'undefined' ) {\n\t\t\t\t\tclearTimeout( timers[id] );\n\t\t\t\t\tdelete ( timers[id] );\n\t\t\t\t}\n\t\t\t\tif ( ! ev.slot.getResponseInformation() ) {\n\t\t\t\t\tdocument.dispatchEvent( new CustomEvent( 'aagam_empty_slot', {detail: id} ) );\n\t\t\t\t}\n\t\t\t} );\n\t\t\twindow.advadsGamHasEmptySlotListener = true;\n\t\t}\n\n\t\tgoogletag.enableServices();\n\t\tgoogletag.display( 'gpt-ad-1959086277119-0' );\n\t} );\n  <\/script>\n<\/div>\n<\/div><\/div>\n\t\t\t\t\t\t<\/div>\n\t\t\t\t<\/div>\n\t\t\t\t<div class=\"elementor-element elementor-element-3a1248c elementor-widget elementor-widget-shortcode\" data-id=\"3a1248c\" data-element_type=\"widget\" data-e-type=\"widget\" data-widget_type=\"shortcode.default\">\n\t\t\t\t<div class=\"elementor-widget-container\">\n\t\t\t\t\t\t\t<div class=\"elementor-shortcode\"><div id=\"eldia-1856174958\" class=\"eldia-columna6_home eldia-entity-placement\"><script async=\"async\" src=\"https:\/\/securepubads.g.doubleclick.net\/tag\/js\/gpt.js\"><\/script>\n<script> var googletag = googletag || {}; googletag.cmd = googletag.cmd || [];<\/script>\n<div id=\"gpt-ad-9590812648644-0\">\n  <script>\n\tgoogletag.cmd.push(function() {\n\t\t\t\tgoogletag.defineSlot( '\/50166482\/diarioeducacion\/columna_6', [[245,90],[300,250],[300,600]], 'gpt-ad-9590812648644-0' )\n\t\t.addService(googletag.pubads());\n\t\t\t\twindow.advadsGamEmptySlotsTimers = window.advadsGamEmptySlotsTimers || {};\n\t\tconst timers                     = window.advadsGamEmptySlotsTimers;\n\n\t\ttimers['gpt-ad-9590812648644-0'] = setTimeout( function () {\n\t\t\tconst id = 'gpt-ad-9590812648644-0';\n\t\t\tdocument.dispatchEvent( new CustomEvent( 'aagam_empty_slot', {detail: id} ) );\n\t\t\tdelete ( timers[id] );\n\t\t}, 1000 );\n\n\t\tif ( typeof window.advadsGamHasEmptySlotListener === 'undefined' ) {\n\t\t\tgoogletag.pubads().addEventListener( 'slotRequested', function ( ev ) {\n\t\t\t\tconst id = ev.slot.getSlotElementId();\n\t\t\t\tif ( typeof timers[id] === 'undefined' ) {\n\t\t\t\t\treturn;\n\t\t\t\t}\n\t\t\t\tclearTimeout( timers[id] );\n\t\t\t\ttimers[id] = setTimeout( function () {\n\t\t\t\t\tdocument.dispatchEvent( new CustomEvent( 'aagam_empty_slot', {detail: id} ) );\n\t\t\t\t\tdelete ( timers[id] );\n\t\t\t\t}, 2500 );\n\t\t\t} );\n\t\t\tgoogletag.pubads().addEventListener( 'slotResponseReceived', function ( ev ) {\n\t\t\t\tconst id = ev.slot.getSlotElementId();\n\t\t\t\tif ( typeof timers[id] !== 'undefined' ) {\n\t\t\t\t\tclearTimeout( timers[id] );\n\t\t\t\t\tdelete ( timers[id] );\n\t\t\t\t}\n\t\t\t\tif ( ! ev.slot.getResponseInformation() ) {\n\t\t\t\t\tdocument.dispatchEvent( new CustomEvent( 'aagam_empty_slot', {detail: id} ) );\n\t\t\t\t}\n\t\t\t} );\n\t\t\twindow.advadsGamHasEmptySlotListener = true;\n\t\t}\n\n\t\tgoogletag.enableServices();\n\t\tgoogletag.display( 'gpt-ad-9590812648644-0' );\n\t} );\n  <\/script>\n<\/div>\n<\/div><\/div>\n\t\t\t\t\t\t<\/div>\n\t\t\t\t<\/div>\n\t\t\t\t<div class=\"elementor-element elementor-element-bb2e051 elementor-widget elementor-widget-shortcode\" data-id=\"bb2e051\" data-element_type=\"widget\" data-e-type=\"widget\" data-widget_type=\"shortcode.default\">\n\t\t\t\t<div class=\"elementor-widget-container\">\n\t\t\t\t\t\t\t<div class=\"elementor-shortcode\"><div id=\"eldia-2747985020\" class=\"eldia-columna7_home eldia-entity-placement\"><script async=\"async\" src=\"https:\/\/securepubads.g.doubleclick.net\/tag\/js\/gpt.js\"><\/script>\n<script> var googletag = googletag || {}; googletag.cmd = googletag.cmd || [];<\/script>\n<div id=\"gpt-ad-7461776574772-0\">\n  <script>\n\tgoogletag.cmd.push(function() {\n\t\t\t\tgoogletag.defineSlot( '\/50166482\/diarioeducacion\/columna_7', [[245,90],[300,250],[300,600]], 'gpt-ad-7461776574772-0' )\n\t\t.addService(googletag.pubads());\n\t\t\t\twindow.advadsGamEmptySlotsTimers = window.advadsGamEmptySlotsTimers || {};\n\t\tconst timers                     = window.advadsGamEmptySlotsTimers;\n\n\t\ttimers['gpt-ad-7461776574772-0'] = setTimeout( function () {\n\t\t\tconst id = 'gpt-ad-7461776574772-0';\n\t\t\tdocument.dispatchEvent( new CustomEvent( 'aagam_empty_slot', {detail: id} ) );\n\t\t\tdelete ( timers[id] );\n\t\t}, 1000 );\n\n\t\tif ( typeof window.advadsGamHasEmptySlotListener === 'undefined' ) {\n\t\t\tgoogletag.pubads().addEventListener( 'slotRequested', function ( ev ) {\n\t\t\t\tconst id = ev.slot.getSlotElementId();\n\t\t\t\tif ( typeof timers[id] === 'undefined' ) {\n\t\t\t\t\treturn;\n\t\t\t\t}\n\t\t\t\tclearTimeout( timers[id] );\n\t\t\t\ttimers[id] = setTimeout( function () {\n\t\t\t\t\tdocument.dispatchEvent( new CustomEvent( 'aagam_empty_slot', {detail: id} ) );\n\t\t\t\t\tdelete ( timers[id] );\n\t\t\t\t}, 2500 );\n\t\t\t} );\n\t\t\tgoogletag.pubads().addEventListener( 'slotResponseReceived', function ( ev ) {\n\t\t\t\tconst id = ev.slot.getSlotElementId();\n\t\t\t\tif ( typeof timers[id] !== 'undefined' ) {\n\t\t\t\t\tclearTimeout( timers[id] );\n\t\t\t\t\tdelete ( timers[id] );\n\t\t\t\t}\n\t\t\t\tif ( ! ev.slot.getResponseInformation() ) {\n\t\t\t\t\tdocument.dispatchEvent( new CustomEvent( 'aagam_empty_slot', {detail: id} ) );\n\t\t\t\t}\n\t\t\t} );\n\t\t\twindow.advadsGamHasEmptySlotListener = true;\n\t\t}\n\n\t\tgoogletag.enableServices();\n\t\tgoogletag.display( 'gpt-ad-7461776574772-0' );\n\t} );\n  <\/script>\n<\/div>\n<\/div><\/div>\n\t\t\t\t\t\t<\/div>\n\t\t\t\t<\/div>\n\t\t\t\t\t<\/div>\n\t\t<\/div>\n\t\t\t\t\t<\/div>\n\t\t<\/section>\n\t\t\t\t<section class=\"elementor-section elementor-top-section elementor-element elementor-element-6c99a5f elementor-section-boxed elementor-section-height-default elementor-section-height-default\" data-id=\"6c99a5f\" data-element_type=\"section\" data-e-type=\"section\">\n\t\t\t\t\t\t<div class=\"elementor-container elementor-column-gap-default\">\n\t\t\t\t\t<div class=\"elementor-column elementor-col-100 elementor-top-column elementor-element elementor-element-ac5f70c\" data-id=\"ac5f70c\" data-element_type=\"column\" data-e-type=\"column\">\n\t\t\t<div class=\"elementor-widget-wrap\">\n\t\t\t\t\t\t\t<\/div>\n\t\t<\/div>\n\t\t\t\t\t<\/div>\n\t\t<\/section>\n\t\t\t\t<\/div>\n\t\t","protected":false},"excerpt":{"rendered":"<p>EXTRA EDUCACI\u00d3N \u00b7 Un blog de El Diario de la Educaci\u00f3n CONTENIDO PATROCINADO Haz que tu voz se escuche: participa en la Teacher\u2019s Survey 2026 Redacci\u00f3n Ser docente es un reto diario: motivar a los estudiantes, adaptarse a sus necesidades y enfrentarse a la diversidad en el aula, mientras se gestionan nuevas herramientas y metodolog\u00edas.<\/p>\n","protected":false},"author":1,"featured_media":0,"parent":0,"menu_order":0,"comment_status":"closed","ping_status":"closed","template":"page-templates\/no-wrapper.php","meta":{"footnotes":""},"class_list":["post-2","page","type-page","status-publish"],"yoast_head":"<!-- This site is optimized with the Yoast SEO plugin v27.5 - https:\/\/yoast.com\/product\/yoast-seo-wordpress\/ -->\n<title>INICIO - Extra Educaci\u00f3n<\/title>\n<meta name=\"robots\" content=\"index, follow, max-snippet:-1, max-image-preview:large, max-video-preview:-1\" \/>\n<link rel=\"canonical\" href=\"https:\/\/eldiariodelaeducacion.com\/extraeducacion\/\" \/>\n<meta property=\"og:locale\" content=\"es_ES\" \/>\n<meta property=\"og:type\" content=\"article\" \/>\n<meta property=\"og:title\" content=\"INICIO - Extra Educaci\u00f3n\" \/>\n<meta property=\"og:description\" content=\"EXTRA EDUCACI\u00d3N \u00b7 Un blog de El Diario de la Educaci\u00f3n CONTENIDO PATROCINADO Haz que tu voz se escuche: participa en la Teacher\u2019s Survey 2026 Redacci\u00f3n Ser docente es un reto diario: motivar a los estudiantes, adaptarse a sus necesidades y enfrentarse a la diversidad en el aula, mientras se gestionan nuevas herramientas y metodolog\u00edas.\" \/>\n<meta property=\"og:url\" content=\"https:\/\/eldiariodelaeducacion.com\/extraeducacion\/\" \/>\n<meta property=\"og:site_name\" content=\"Extra Educaci\u00f3n\" \/>\n<meta property=\"article:modified_time\" content=\"2026-02-02T09:26:21+00:00\" \/>\n<meta property=\"og:image\" content=\"https:\/\/eldiariodelaeducacion.com\/extraeducacion\/wp-content\/uploads\/sites\/5\/2026\/01\/images.jpg\" \/>\n<meta name=\"twitter:card\" content=\"summary_large_image\" \/>\n<meta name=\"twitter:label1\" content=\"Tiempo de lectura\" \/>\n\t<meta name=\"twitter:data1\" content=\"4 minutos\" \/>\n<script type=\"application\/ld+json\" class=\"yoast-schema-graph\">{\"@context\":\"https:\\\/\\\/schema.org\",\"@graph\":[{\"@type\":\"WebPage\",\"@id\":\"https:\\\/\\\/eldiariodelaeducacion.com\\\/extraeducacion\\\/\",\"url\":\"https:\\\/\\\/eldiariodelaeducacion.com\\\/extraeducacion\\\/\",\"name\":\"INICIO - Extra Educaci\u00f3n\",\"isPartOf\":{\"@id\":\"https:\\\/\\\/eldiariodelaeducacion.com\\\/extraeducacion\\\/#website\"},\"primaryImageOfPage\":{\"@id\":\"https:\\\/\\\/eldiariodelaeducacion.com\\\/extraeducacion\\\/#primaryimage\"},\"image\":{\"@id\":\"https:\\\/\\\/eldiariodelaeducacion.com\\\/extraeducacion\\\/#primaryimage\"},\"thumbnailUrl\":\"https:\\\/\\\/eldiariodelaeducacion.com\\\/extraeducacion\\\/wp-content\\\/uploads\\\/sites\\\/5\\\/2026\\\/01\\\/images.jpg\",\"datePublished\":\"2024-02-11T12:34:12+00:00\",\"dateModified\":\"2026-02-02T09:26:21+00:00\",\"breadcrumb\":{\"@id\":\"https:\\\/\\\/eldiariodelaeducacion.com\\\/extraeducacion\\\/#breadcrumb\"},\"inLanguage\":\"es\",\"potentialAction\":[{\"@type\":\"ReadAction\",\"target\":[\"https:\\\/\\\/eldiariodelaeducacion.com\\\/extraeducacion\\\/\"]}]},{\"@type\":\"ImageObject\",\"inLanguage\":\"es\",\"@id\":\"https:\\\/\\\/eldiariodelaeducacion.com\\\/extraeducacion\\\/#primaryimage\",\"url\":\"https:\\\/\\\/eldiariodelaeducacion.com\\\/extraeducacion\\\/wp-content\\\/uploads\\\/sites\\\/5\\\/2026\\\/01\\\/images.jpg\",\"contentUrl\":\"https:\\\/\\\/eldiariodelaeducacion.com\\\/extraeducacion\\\/wp-content\\\/uploads\\\/sites\\\/5\\\/2026\\\/01\\\/images.jpg\",\"width\":310,\"height\":163},{\"@type\":\"BreadcrumbList\",\"@id\":\"https:\\\/\\\/eldiariodelaeducacion.com\\\/extraeducacion\\\/#breadcrumb\",\"itemListElement\":[{\"@type\":\"ListItem\",\"position\":1,\"name\":\"Portada\",\"item\":\"https:\\\/\\\/eldiariodelaeducacion.com\\\/extraeducacion\\\/\"},{\"@type\":\"ListItem\",\"position\":2,\"name\":\"INICIO\"}]},{\"@type\":\"WebSite\",\"@id\":\"https:\\\/\\\/eldiariodelaeducacion.com\\\/extraeducacion\\\/#website\",\"url\":\"https:\\\/\\\/eldiariodelaeducacion.com\\\/extraeducacion\\\/\",\"name\":\"Extra Educaci\u00f3n\",\"description\":\"Un blog de El Diario de la Educaci\u00f3n\",\"potentialAction\":[{\"@type\":\"SearchAction\",\"target\":{\"@type\":\"EntryPoint\",\"urlTemplate\":\"https:\\\/\\\/eldiariodelaeducacion.com\\\/extraeducacion\\\/?s={search_term_string}\"},\"query-input\":{\"@type\":\"PropertyValueSpecification\",\"valueRequired\":true,\"valueName\":\"search_term_string\"}}],\"inLanguage\":\"es\"}]}<\/script>\n<!-- \/ Yoast SEO plugin. -->","yoast_head_json":{"title":"INICIO - Extra Educaci\u00f3n","robots":{"index":"index","follow":"follow","max-snippet":"max-snippet:-1","max-image-preview":"max-image-preview:large","max-video-preview":"max-video-preview:-1"},"canonical":"https:\/\/eldiariodelaeducacion.com\/extraeducacion\/","og_locale":"es_ES","og_type":"article","og_title":"INICIO - Extra Educaci\u00f3n","og_description":"EXTRA EDUCACI\u00d3N \u00b7 Un blog de El Diario de la Educaci\u00f3n CONTENIDO PATROCINADO Haz que tu voz se escuche: participa en la Teacher\u2019s Survey 2026 Redacci\u00f3n Ser docente es un reto diario: motivar a los estudiantes, adaptarse a sus necesidades y enfrentarse a la diversidad en el aula, mientras se gestionan nuevas herramientas y metodolog\u00edas.","og_url":"https:\/\/eldiariodelaeducacion.com\/extraeducacion\/","og_site_name":"Extra Educaci\u00f3n","article_modified_time":"2026-02-02T09:26:21+00:00","og_image":[{"url":"https:\/\/eldiariodelaeducacion.com\/extraeducacion\/wp-content\/uploads\/sites\/5\/2026\/01\/images.jpg","type":"","width":"","height":""}],"twitter_card":"summary_large_image","twitter_misc":{"Tiempo de lectura":"4 minutos"},"schema":{"@context":"https:\/\/schema.org","@graph":[{"@type":"WebPage","@id":"https:\/\/eldiariodelaeducacion.com\/extraeducacion\/","url":"https:\/\/eldiariodelaeducacion.com\/extraeducacion\/","name":"INICIO - Extra Educaci\u00f3n","isPartOf":{"@id":"https:\/\/eldiariodelaeducacion.com\/extraeducacion\/#website"},"primaryImageOfPage":{"@id":"https:\/\/eldiariodelaeducacion.com\/extraeducacion\/#primaryimage"},"image":{"@id":"https:\/\/eldiariodelaeducacion.com\/extraeducacion\/#primaryimage"},"thumbnailUrl":"https:\/\/eldiariodelaeducacion.com\/extraeducacion\/wp-content\/uploads\/sites\/5\/2026\/01\/images.jpg","datePublished":"2024-02-11T12:34:12+00:00","dateModified":"2026-02-02T09:26:21+00:00","breadcrumb":{"@id":"https:\/\/eldiariodelaeducacion.com\/extraeducacion\/#breadcrumb"},"inLanguage":"es","potentialAction":[{"@type":"ReadAction","target":["https:\/\/eldiariodelaeducacion.com\/extraeducacion\/"]}]},{"@type":"ImageObject","inLanguage":"es","@id":"https:\/\/eldiariodelaeducacion.com\/extraeducacion\/#primaryimage","url":"https:\/\/eldiariodelaeducacion.com\/extraeducacion\/wp-content\/uploads\/sites\/5\/2026\/01\/images.jpg","contentUrl":"https:\/\/eldiariodelaeducacion.com\/extraeducacion\/wp-content\/uploads\/sites\/5\/2026\/01\/images.jpg","width":310,"height":163},{"@type":"BreadcrumbList","@id":"https:\/\/eldiariodelaeducacion.com\/extraeducacion\/#breadcrumb","itemListElement":[{"@type":"ListItem","position":1,"name":"Portada","item":"https:\/\/eldiariodelaeducacion.com\/extraeducacion\/"},{"@type":"ListItem","position":2,"name":"INICIO"}]},{"@type":"WebSite","@id":"https:\/\/eldiariodelaeducacion.com\/extraeducacion\/#website","url":"https:\/\/eldiariodelaeducacion.com\/extraeducacion\/","name":"Extra Educaci\u00f3n","description":"Un blog de El Diario de la Educaci\u00f3n","potentialAction":[{"@type":"SearchAction","target":{"@type":"EntryPoint","urlTemplate":"https:\/\/eldiariodelaeducacion.com\/extraeducacion\/?s={search_term_string}"},"query-input":{"@type":"PropertyValueSpecification","valueRequired":true,"valueName":"search_term_string"}}],"inLanguage":"es"}]}},"_links":{"self":[{"href":"https:\/\/eldiariodelaeducacion.com\/extraeducacion\/wp-json\/wp\/v2\/pages\/2","targetHints":{"allow":["GET"]}}],"collection":[{"href":"https:\/\/eldiariodelaeducacion.com\/extraeducacion\/wp-json\/wp\/v2\/pages"}],"about":[{"href":"https:\/\/eldiariodelaeducacion.com\/extraeducacion\/wp-json\/wp\/v2\/types\/page"}],"author":[{"embeddable":true,"href":"https:\/\/eldiariodelaeducacion.com\/extraeducacion\/wp-json\/wp\/v2\/users\/1"}],"replies":[{"embeddable":true,"href":"https:\/\/eldiariodelaeducacion.com\/extraeducacion\/wp-json\/wp\/v2\/comments?post=2"}],"version-history":[{"count":101,"href":"https:\/\/eldiariodelaeducacion.com\/extraeducacion\/wp-json\/wp\/v2\/pages\/2\/revisions"}],"predecessor-version":[{"id":1412,"href":"https:\/\/eldiariodelaeducacion.com\/extraeducacion\/wp-json\/wp\/v2\/pages\/2\/revisions\/1412"}],"wp:attachment":[{"href":"https:\/\/eldiariodelaeducacion.com\/extraeducacion\/wp-json\/wp\/v2\/media?parent=2"}],"curies":[{"name":"wp","href":"https:\/\/api.w.org\/{rel}","templated":true}]}}