{"id":152,"date":"2024-02-20T23:41:06","date_gmt":"2024-02-20T22:41:06","guid":{"rendered":"https:\/\/gracious-carson.82-223-1-47.plesk.page\/prisma-convives\/?page_id=152"},"modified":"2024-02-21T00:39:10","modified_gmt":"2024-02-20T23:39:10","slug":"prisma-convives","status":"publish","type":"page","link":"https:\/\/eldiariodelaeducacion.com\/prisma-convives\/prisma-convives\/","title":{"rendered":"Prisma Convives"},"content":{"rendered":"\t\t<div data-elementor-type=\"wp-page\" data-elementor-id=\"152\" class=\"elementor elementor-152\" data-elementor-post-type=\"page\">\n\t\t\t\t\t\t<section class=\"has-el-gap el-gap-default elementor-section elementor-top-section elementor-element elementor-element-e4d3a9b elementor-section-boxed elementor-section-height-default elementor-section-height-default\" data-id=\"e4d3a9b\" data-element_type=\"section\" data-e-type=\"section\">\n\t\t\t\t\t\t<div class=\"elementor-container elementor-column-gap-no\">\n\t\t\t\t\t<div class=\"elementor-column elementor-col-100 elementor-top-column elementor-element elementor-element-0c0a273\" data-id=\"0c0a273\" data-element_type=\"column\" data-e-type=\"column\">\n\t\t\t<div class=\"elementor-widget-wrap\">\n\t\t\t\t\t\t\t<\/div>\n\t\t<\/div>\n\t\t\t\t\t<\/div>\n\t\t<\/section>\n\t\t\t\t<section class=\"has-el-gap el-gap-default elementor-section elementor-top-section elementor-element elementor-element-eefab2d elementor-section-boxed elementor-section-height-default elementor-section-height-default\" data-id=\"eefab2d\" data-element_type=\"section\" data-e-type=\"section\">\n\t\t\t\t\t\t<div class=\"elementor-container elementor-column-gap-no\">\n\t\t\t\t\t<div class=\"elementor-column elementor-col-100 elementor-top-column elementor-element elementor-element-3849e75\" data-id=\"3849e75\" data-element_type=\"column\" data-e-type=\"column\">\n\t\t\t<div class=\"elementor-widget-wrap elementor-element-populated\">\n\t\t\t\t\t\t<div class=\"elementor-element elementor-element-3fbc73d elementor-widget elementor-widget-smartmag-grid\" data-id=\"3fbc73d\" data-element_type=\"widget\" data-e-type=\"widget\" data-widget_type=\"smartmag-grid.default\">\n\t\t\t\t<div class=\"elementor-widget-container\">\n\t\t\t\t\t\t\t<section class=\"block-wrap block-grid block-sc\" data-id=\"1\">\n\n\t\t\t\t\n\t\t\t<div class=\"block-content\">\n\t\t\t\t\t\n\t<div class=\"loop loop-grid loop-grid-base grid grid-3 md:grid-2 xs:grid-1\">\n\n\t\t\t\t\t\n<article class=\"l-post grid-post grid-base-post\">\n\n\t\n\t\t\t<div class=\"media\">\n\n\t\t\n\t\t\t<a href=\"https:\/\/eldiariodelaeducacion.com\/prisma-convives\/2026\/02\/18\/impacto-inteligencia-artificial-educacion-trabajo-escuela\/\" class=\"image-link media-ratio ratio-16-9\" title=\"La Inteligencia Artificial, certezas e incertidumbres\"><img fetchpriority=\"high\" decoding=\"async\" width=\"377\" height=\"212\" src=\"https:\/\/eldiariodelaeducacion.com\/prisma-convives\/wp-content\/uploads\/sites\/11\/2026\/02\/GettyImages-1480096005-450x241.jpg\" class=\"attachment-bunyad-medium size-bunyad-medium wp-post-image\" alt=\"Grabado de una m\u00e1quina de vapor del siglo XIX\" sizes=\"(max-width: 377px) 100vw, 377px\" title=\"La Inteligencia Artificial, certezas e incertidumbres\" srcset=\"https:\/\/eldiariodelaeducacion.com\/prisma-convives\/wp-content\/uploads\/sites\/11\/2026\/02\/GettyImages-1480096005-450x241.jpg 450w, https:\/\/eldiariodelaeducacion.com\/prisma-convives\/wp-content\/uploads\/sites\/11\/2026\/02\/GettyImages-1480096005-300x161.jpg 300w, https:\/\/eldiariodelaeducacion.com\/prisma-convives\/wp-content\/uploads\/sites\/11\/2026\/02\/GettyImages-1480096005-1024x549.jpg 1024w, https:\/\/eldiariodelaeducacion.com\/prisma-convives\/wp-content\/uploads\/sites\/11\/2026\/02\/GettyImages-1480096005-768x412.jpg 768w, https:\/\/eldiariodelaeducacion.com\/prisma-convives\/wp-content\/uploads\/sites\/11\/2026\/02\/GettyImages-1480096005-1536x824.jpg 1536w, https:\/\/eldiariodelaeducacion.com\/prisma-convives\/wp-content\/uploads\/sites\/11\/2026\/02\/GettyImages-1480096005-2048x1099.jpg 2048w, https:\/\/eldiariodelaeducacion.com\/prisma-convives\/wp-content\/uploads\/sites\/11\/2026\/02\/GettyImages-1480096005-18x10.jpg 18w, https:\/\/eldiariodelaeducacion.com\/prisma-convives\/wp-content\/uploads\/sites\/11\/2026\/02\/GettyImages-1480096005-150x80.jpg 150w, https:\/\/eldiariodelaeducacion.com\/prisma-convives\/wp-content\/uploads\/sites\/11\/2026\/02\/GettyImages-1480096005-1200x644.jpg 1200w\" \/><\/a>\t\t\t\n\t\t\t\n\t\t\t\n\t\t\t\n\t\t\n\t\t<\/div>\n\t\n\n\t\n\t\t<div class=\"content\">\n\n\t\t\t<div class=\"post-meta post-meta-a has-below\"><h2 class=\"is-title post-title\"><a href=\"https:\/\/eldiariodelaeducacion.com\/prisma-convives\/2026\/02\/18\/impacto-inteligencia-artificial-educacion-trabajo-escuela\/\">La Inteligencia Artificial, certezas e incertidumbres<\/a><\/h2><div class=\"post-meta-items meta-below\"><span class=\"meta-item post-author\"><a href=\"https:\/\/eldiariodelaeducacion.com\/prisma-convives\/author\/josepfranco\/\" title=\"Entradas de Josep J. Franco Monill\" rel=\"author\">Josep J. Franco Monill<\/a><\/span><span class=\"meta-item has-next-icon date\"><span class=\"date-link\"><time class=\"post-date\" datetime=\"2026-02-18T12:48:06+01:00\">18 de febrero de 2026<\/time><\/span><\/span><span class=\"meta-item read-time has-icon\"><i class=\"tsi tsi-clock\"><\/i>7 Mins Read<\/span><\/div><\/div>\t\t\t\n\t\t\t\t\t\t\n\t\t\t\t<div class=\"excerpt\">\n\t\t\t\t\t<p>Hace unos d\u00edas, en un reportaje, un nuevo directivo del Superordenador Mare Nostrum, especialista en&hellip;<\/p>\n\t\t\t\t<\/div>\n\t\t\t\n\t\t\t\n\t\t\t\n\t\t<\/div>\n\n\t\n<\/article>\t\t\t\t\t\n<article class=\"l-post grid-post grid-base-post\">\n\n\t\n\t\t\t<div class=\"media\">\n\n\t\t\n\t\t\t<a href=\"https:\/\/eldiariodelaeducacion.com\/prisma-convives\/2025\/12\/17\/ciberayudantes-aprendizaje-servicio-convivencia-digital\/\" class=\"image-link media-ratio ratio-16-9\" title=\"Alumnado ciberayudante: un proyecto de convivencia y TIC\"><img decoding=\"async\" width=\"377\" height=\"212\" src=\"https:\/\/eldiariodelaeducacion.com\/prisma-convives\/wp-content\/uploads\/sites\/11\/2025\/12\/456358d0-77ec-4f29-bd03-b3f1aec10175-450x253.jpg\" class=\"attachment-bunyad-medium size-bunyad-medium wp-post-image\" alt=\"Alumnado de Educaci\u00f3n Primaria participa en una sesi\u00f3n sobre uso seguro de las tecnolog\u00edas.\" sizes=\"(max-width: 377px) 100vw, 377px\" title=\"Alumnado ciberayudante: un proyecto de convivencia y TIC\" srcset=\"https:\/\/eldiariodelaeducacion.com\/prisma-convives\/wp-content\/uploads\/sites\/11\/2025\/12\/456358d0-77ec-4f29-bd03-b3f1aec10175-450x253.jpg 450w, https:\/\/eldiariodelaeducacion.com\/prisma-convives\/wp-content\/uploads\/sites\/11\/2025\/12\/456358d0-77ec-4f29-bd03-b3f1aec10175-300x169.jpg 300w, https:\/\/eldiariodelaeducacion.com\/prisma-convives\/wp-content\/uploads\/sites\/11\/2025\/12\/456358d0-77ec-4f29-bd03-b3f1aec10175-1024x576.jpg 1024w, https:\/\/eldiariodelaeducacion.com\/prisma-convives\/wp-content\/uploads\/sites\/11\/2025\/12\/456358d0-77ec-4f29-bd03-b3f1aec10175-768x432.jpg 768w, https:\/\/eldiariodelaeducacion.com\/prisma-convives\/wp-content\/uploads\/sites\/11\/2025\/12\/456358d0-77ec-4f29-bd03-b3f1aec10175-1536x864.jpg 1536w, https:\/\/eldiariodelaeducacion.com\/prisma-convives\/wp-content\/uploads\/sites\/11\/2025\/12\/456358d0-77ec-4f29-bd03-b3f1aec10175-18x10.jpg 18w, https:\/\/eldiariodelaeducacion.com\/prisma-convives\/wp-content\/uploads\/sites\/11\/2025\/12\/456358d0-77ec-4f29-bd03-b3f1aec10175-150x84.jpg 150w, https:\/\/eldiariodelaeducacion.com\/prisma-convives\/wp-content\/uploads\/sites\/11\/2025\/12\/456358d0-77ec-4f29-bd03-b3f1aec10175-1200x675.jpg 1200w, https:\/\/eldiariodelaeducacion.com\/prisma-convives\/wp-content\/uploads\/sites\/11\/2025\/12\/456358d0-77ec-4f29-bd03-b3f1aec10175.jpg 2048w\" \/><\/a>\t\t\t\n\t\t\t\n\t\t\t\n\t\t\t\n\t\t\n\t\t<\/div>\n\t\n\n\t\n\t\t<div class=\"content\">\n\n\t\t\t<div class=\"post-meta post-meta-a has-below\"><h2 class=\"is-title post-title\"><a href=\"https:\/\/eldiariodelaeducacion.com\/prisma-convives\/2025\/12\/17\/ciberayudantes-aprendizaje-servicio-convivencia-digital\/\">Alumnado ciberayudante: un proyecto de convivencia y TIC<\/a><\/h2><div class=\"post-meta-items meta-below\"><span class=\"meta-item post-author\"><a href=\"https:\/\/eldiariodelaeducacion.com\/prisma-convives\/author\/diegoviejo\/\" title=\"Entradas de Diego Viejo de Mesa\" rel=\"author\">Diego Viejo de Mesa<\/a><\/span><span class=\"meta-item has-next-icon date\"><span class=\"date-link\"><time class=\"post-date\" datetime=\"2025-12-17T05:31:00+01:00\">17 de diciembre de 2025<\/time><\/span><\/span><span class=\"meta-item read-time has-icon\"><i class=\"tsi tsi-clock\"><\/i>7 Mins Read<\/span><\/div><\/div>\t\t\t\n\t\t\t\t\t\t\n\t\t\t\t<div class=\"excerpt\">\n\t\t\t\t\t<p>El pasado 21 de marzo, en nuestra casa salesiana de Estrecho, personal docente y orientador&hellip;<\/p>\n\t\t\t\t<\/div>\n\t\t\t\n\t\t\t\n\t\t\t\n\t\t<\/div>\n\n\t\n<\/article>\t\t\t\t\t\n<article class=\"l-post grid-post grid-base-post\">\n\n\t\n\t\t\t<div class=\"media\">\n\n\t\t\n\t\t\t<a href=\"https:\/\/eldiariodelaeducacion.com\/prisma-convives\/2025\/11\/04\/sin-vivienda-no-hay-educacion-o-por-que-la-crisis-de-vivienda-nos-interpela-a-la-comunidad-educativa\/\" class=\"image-link media-ratio ratio-16-9\" title=\"\u201cSin vivienda no hay educaci\u00f3n\u201d o por qu\u00e9 la crisis de vivienda nos interpela a la comunidad educativa\"><img decoding=\"async\" width=\"377\" height=\"212\" src=\"https:\/\/eldiariodelaeducacion.com\/prisma-convives\/wp-content\/uploads\/sites\/11\/2025\/11\/perfil-X-sindicato-de-inquilinas-450x150.jpg\" class=\"attachment-bunyad-medium size-bunyad-medium wp-post-image\" alt=\"Perfil de Twitter\/X del Sindicato de Inquilinas de Madrid\" sizes=\"(max-width: 377px) 100vw, 377px\" title=\"\u201cSin vivienda no hay educaci\u00f3n\u201d o por qu\u00e9 la crisis de vivienda nos interpela a la comunidad educativa\" srcset=\"https:\/\/eldiariodelaeducacion.com\/prisma-convives\/wp-content\/uploads\/sites\/11\/2025\/11\/perfil-X-sindicato-de-inquilinas-1024x341.jpg 1024w, https:\/\/eldiariodelaeducacion.com\/prisma-convives\/wp-content\/uploads\/sites\/11\/2025\/11\/perfil-X-sindicato-de-inquilinas-768x256.jpg 768w, https:\/\/eldiariodelaeducacion.com\/prisma-convives\/wp-content\/uploads\/sites\/11\/2025\/11\/perfil-X-sindicato-de-inquilinas-1200x400.jpg 1200w, https:\/\/eldiariodelaeducacion.com\/prisma-convives\/wp-content\/uploads\/sites\/11\/2025\/11\/perfil-X-sindicato-de-inquilinas.jpg 1500w\" \/><\/a>\t\t\t\n\t\t\t\n\t\t\t\n\t\t\t\n\t\t\n\t\t<\/div>\n\t\n\n\t\n\t\t<div class=\"content\">\n\n\t\t\t<div class=\"post-meta post-meta-a has-below\"><h2 class=\"is-title post-title\"><a href=\"https:\/\/eldiariodelaeducacion.com\/prisma-convives\/2025\/11\/04\/sin-vivienda-no-hay-educacion-o-por-que-la-crisis-de-vivienda-nos-interpela-a-la-comunidad-educativa\/\">\u201cSin vivienda no hay educaci\u00f3n\u201d o por qu\u00e9 la crisis de vivienda nos interpela a la comunidad educativa<\/a><\/h2><div class=\"post-meta-items meta-below\"><span class=\"meta-item post-author\"><a href=\"https:\/\/eldiariodelaeducacion.com\/prisma-convives\/author\/aliciadelrio\/\" title=\"Entradas de Alicia del R\u00edo\" rel=\"author\">Alicia del R\u00edo<\/a><\/span><span class=\"meta-item has-next-icon date\"><span class=\"date-link\"><time class=\"post-date\" datetime=\"2025-11-04T04:00:00+01:00\">4 de noviembre de 2025<\/time><\/span><\/span><span class=\"meta-item read-time has-icon\"><i class=\"tsi tsi-clock\"><\/i>12 Mins Read<\/span><\/div><\/div>\t\t\t\n\t\t\t\t\t\t\n\t\t\t\t<div class=\"excerpt\">\n\t\t\t\t\t<p>Ahora mismo poco importan nuestros grandes esfuerzos para preparar las clases, corregir, hacer informes y adaptaciones, ratitos de recreo atendiendo dudas y urgencias en lugar de tomarnos el caf\u00e9. No hay vocaci\u00f3n docente ni proyecto educativo que logre compensar lo que la crisis de vivienda est\u00e1 destrozando<\/p>\n\t\t\t\t<\/div>\n\t\t\t\n\t\t\t\n\t\t\t\n\t\t<\/div>\n\n\t\n<\/article>\t\t\n\t<\/div>\n\n\t\t\n\t\t\t<\/div>\n\n\t\t<\/section>\n\t\t\t\t\t\t<\/div>\n\t\t\t\t<\/div>\n\t\t\t\t\t<\/div>\n\t\t<\/div>\n\t\t\t\t\t<\/div>\n\t\t<\/section>\n\t\t\t\t<section class=\"elementor-section elementor-top-section elementor-element elementor-element-c486f08 elementor-section-boxed elementor-section-height-default elementor-section-height-default\" data-id=\"c486f08\" data-element_type=\"section\" data-e-type=\"section\">\n\t\t\t\t\t\t<div class=\"elementor-container elementor-column-gap-default\">\n\t\t\t\t\t<div class=\"elementor-column elementor-col-100 elementor-top-column elementor-element elementor-element-c19717a\" data-id=\"c19717a\" data-element_type=\"column\" data-e-type=\"column\">\n\t\t\t<div class=\"elementor-widget-wrap elementor-element-populated\">\n\t\t\t\t\t\t\t<\/div>\n\t\t<\/div>\n\t\t\t\t\t<\/div>\n\t\t<\/section>\n\t\t\t\t<\/div>\n\t\t","protected":false},"excerpt":{"rendered":"<p>Prisma Convivencia Una experiencia vital de participaci\u00f3n en las instituciones educativas desde la diversidad funcional By Antonio Lobato Cantos15 de diciembre de 20230 En esta ocasi\u00f3n vamos a descubrir a Marta, una toledana de 28 a\u00f1os que, rodeada&hellip; Prisma Convivencia La coordinaci\u00f3n de bienestar y protecci\u00f3n, una oportunidad By Asociaci\u00f3n Convives6 de diciembre de 20230<\/p>\n","protected":false},"author":1,"featured_media":0,"parent":0,"menu_order":0,"comment_status":"closed","ping_status":"closed","template":"page-templates\/no-wrapper.php","meta":{"footnotes":""},"class_list":["post-152","page","type-page","status-publish"],"yoast_head":"<!-- This site is optimized with the Yoast SEO plugin v27.5 - https:\/\/yoast.com\/product\/yoast-seo-wordpress\/ -->\n<title>Prisma Convives - Prisma Convives<\/title>\n<meta name=\"robots\" content=\"index, follow, max-snippet:-1, max-image-preview:large, max-video-preview:-1\" \/>\n<link rel=\"canonical\" href=\"https:\/\/eldiariodelaeducacion.com\/prisma-convives\/prisma-convives\/\" \/>\n<meta property=\"og:locale\" content=\"es_ES\" \/>\n<meta property=\"og:type\" content=\"article\" \/>\n<meta property=\"og:title\" content=\"Prisma Convives - Prisma Convives\" \/>\n<meta property=\"og:description\" content=\"Prisma Convivencia Una experiencia vital de participaci\u00f3n en las instituciones educativas desde la diversidad funcional By Antonio Lobato Cantos15 de diciembre de 20230 En esta ocasi\u00f3n vamos a descubrir a Marta, una toledana de 28 a\u00f1os que, rodeada&hellip; Prisma Convivencia La coordinaci\u00f3n de bienestar y protecci\u00f3n, una oportunidad By Asociaci\u00f3n Convives6 de diciembre de 20230\" \/>\n<meta property=\"og:url\" content=\"https:\/\/eldiariodelaeducacion.com\/prisma-convives\/prisma-convives\/\" \/>\n<meta property=\"og:site_name\" content=\"Prisma Convives\" \/>\n<meta property=\"article:modified_time\" content=\"2024-02-20T23:39:10+00:00\" \/>\n<meta property=\"og:image\" content=\"https:\/\/gracious-carson.82-223-1-47.plesk.page\/prisma-convives\/wp-content\/uploads\/sites\/11\/2023\/12\/Marta-y-Rocio-foto1.jpg\" \/>\n<meta name=\"twitter:card\" content=\"summary_large_image\" \/>\n<meta name=\"twitter:label1\" content=\"Tiempo de lectura\" \/>\n\t<meta name=\"twitter:data1\" content=\"1 minuto\" \/>\n<script type=\"application\/ld+json\" class=\"yoast-schema-graph\">{\"@context\":\"https:\\\/\\\/schema.org\",\"@graph\":[{\"@type\":\"WebPage\",\"@id\":\"https:\\\/\\\/eldiariodelaeducacion.com\\\/prisma-convives\\\/prisma-convives\\\/\",\"url\":\"https:\\\/\\\/eldiariodelaeducacion.com\\\/prisma-convives\\\/prisma-convives\\\/\",\"name\":\"Prisma Convives - Prisma Convives\",\"isPartOf\":{\"@id\":\"https:\\\/\\\/eldiariodelaeducacion.com\\\/prisma-convives\\\/#website\"},\"primaryImageOfPage\":{\"@id\":\"https:\\\/\\\/eldiariodelaeducacion.com\\\/prisma-convives\\\/prisma-convives\\\/#primaryimage\"},\"image\":{\"@id\":\"https:\\\/\\\/eldiariodelaeducacion.com\\\/prisma-convives\\\/prisma-convives\\\/#primaryimage\"},\"thumbnailUrl\":\"https:\\\/\\\/gracious-carson.82-223-1-47.plesk.page\\\/prisma-convives\\\/wp-content\\\/uploads\\\/sites\\\/11\\\/2023\\\/12\\\/Marta-y-Rocio-foto1.jpg\",\"datePublished\":\"2024-02-20T22:41:06+00:00\",\"dateModified\":\"2024-02-20T23:39:10+00:00\",\"breadcrumb\":{\"@id\":\"https:\\\/\\\/eldiariodelaeducacion.com\\\/prisma-convives\\\/prisma-convives\\\/#breadcrumb\"},\"inLanguage\":\"es\",\"potentialAction\":[{\"@type\":\"ReadAction\",\"target\":[\"https:\\\/\\\/eldiariodelaeducacion.com\\\/prisma-convives\\\/prisma-convives\\\/\"]}]},{\"@type\":\"ImageObject\",\"inLanguage\":\"es\",\"@id\":\"https:\\\/\\\/eldiariodelaeducacion.com\\\/prisma-convives\\\/prisma-convives\\\/#primaryimage\",\"url\":\"https:\\\/\\\/gracious-carson.82-223-1-47.plesk.page\\\/prisma-convives\\\/wp-content\\\/uploads\\\/sites\\\/11\\\/2023\\\/12\\\/Marta-y-Rocio-foto1.jpg\",\"contentUrl\":\"https:\\\/\\\/gracious-carson.82-223-1-47.plesk.page\\\/prisma-convives\\\/wp-content\\\/uploads\\\/sites\\\/11\\\/2023\\\/12\\\/Marta-y-Rocio-foto1.jpg\"},{\"@type\":\"BreadcrumbList\",\"@id\":\"https:\\\/\\\/eldiariodelaeducacion.com\\\/prisma-convives\\\/prisma-convives\\\/#breadcrumb\",\"itemListElement\":[{\"@type\":\"ListItem\",\"position\":1,\"name\":\"Portada\",\"item\":\"https:\\\/\\\/eldiariodelaeducacion.com\\\/prisma-convives\\\/\"},{\"@type\":\"ListItem\",\"position\":2,\"name\":\"Prisma Convives\"}]},{\"@type\":\"WebSite\",\"@id\":\"https:\\\/\\\/eldiariodelaeducacion.com\\\/prisma-convives\\\/#website\",\"url\":\"https:\\\/\\\/eldiariodelaeducacion.com\\\/prisma-convives\\\/\",\"name\":\"Prisma Convives\",\"description\":\"Un blog de El Diario de la Educaci\u00f3n\",\"potentialAction\":[{\"@type\":\"SearchAction\",\"target\":{\"@type\":\"EntryPoint\",\"urlTemplate\":\"https:\\\/\\\/eldiariodelaeducacion.com\\\/prisma-convives\\\/?s={search_term_string}\"},\"query-input\":{\"@type\":\"PropertyValueSpecification\",\"valueRequired\":true,\"valueName\":\"search_term_string\"}}],\"inLanguage\":\"es\"}]}<\/script>\n<!-- \/ Yoast SEO plugin. -->","yoast_head_json":{"title":"Prisma Convives - Prisma Convives","robots":{"index":"index","follow":"follow","max-snippet":"max-snippet:-1","max-image-preview":"max-image-preview:large","max-video-preview":"max-video-preview:-1"},"canonical":"https:\/\/eldiariodelaeducacion.com\/prisma-convives\/prisma-convives\/","og_locale":"es_ES","og_type":"article","og_title":"Prisma Convives - Prisma Convives","og_description":"Prisma Convivencia Una experiencia vital de participaci\u00f3n en las instituciones educativas desde la diversidad funcional By Antonio Lobato Cantos15 de diciembre de 20230 En esta ocasi\u00f3n vamos a descubrir a Marta, una toledana de 28 a\u00f1os que, rodeada&hellip; Prisma Convivencia La coordinaci\u00f3n de bienestar y protecci\u00f3n, una oportunidad By Asociaci\u00f3n Convives6 de diciembre de 20230","og_url":"https:\/\/eldiariodelaeducacion.com\/prisma-convives\/prisma-convives\/","og_site_name":"Prisma Convives","article_modified_time":"2024-02-20T23:39:10+00:00","og_image":[{"url":"https:\/\/gracious-carson.82-223-1-47.plesk.page\/prisma-convives\/wp-content\/uploads\/sites\/11\/2023\/12\/Marta-y-Rocio-foto1.jpg","type":"","width":"","height":""}],"twitter_card":"summary_large_image","twitter_misc":{"Tiempo de lectura":"1 minuto"},"schema":{"@context":"https:\/\/schema.org","@graph":[{"@type":"WebPage","@id":"https:\/\/eldiariodelaeducacion.com\/prisma-convives\/prisma-convives\/","url":"https:\/\/eldiariodelaeducacion.com\/prisma-convives\/prisma-convives\/","name":"Prisma Convives - Prisma Convives","isPartOf":{"@id":"https:\/\/eldiariodelaeducacion.com\/prisma-convives\/#website"},"primaryImageOfPage":{"@id":"https:\/\/eldiariodelaeducacion.com\/prisma-convives\/prisma-convives\/#primaryimage"},"image":{"@id":"https:\/\/eldiariodelaeducacion.com\/prisma-convives\/prisma-convives\/#primaryimage"},"thumbnailUrl":"https:\/\/gracious-carson.82-223-1-47.plesk.page\/prisma-convives\/wp-content\/uploads\/sites\/11\/2023\/12\/Marta-y-Rocio-foto1.jpg","datePublished":"2024-02-20T22:41:06+00:00","dateModified":"2024-02-20T23:39:10+00:00","breadcrumb":{"@id":"https:\/\/eldiariodelaeducacion.com\/prisma-convives\/prisma-convives\/#breadcrumb"},"inLanguage":"es","potentialAction":[{"@type":"ReadAction","target":["https:\/\/eldiariodelaeducacion.com\/prisma-convives\/prisma-convives\/"]}]},{"@type":"ImageObject","inLanguage":"es","@id":"https:\/\/eldiariodelaeducacion.com\/prisma-convives\/prisma-convives\/#primaryimage","url":"https:\/\/gracious-carson.82-223-1-47.plesk.page\/prisma-convives\/wp-content\/uploads\/sites\/11\/2023\/12\/Marta-y-Rocio-foto1.jpg","contentUrl":"https:\/\/gracious-carson.82-223-1-47.plesk.page\/prisma-convives\/wp-content\/uploads\/sites\/11\/2023\/12\/Marta-y-Rocio-foto1.jpg"},{"@type":"BreadcrumbList","@id":"https:\/\/eldiariodelaeducacion.com\/prisma-convives\/prisma-convives\/#breadcrumb","itemListElement":[{"@type":"ListItem","position":1,"name":"Portada","item":"https:\/\/eldiariodelaeducacion.com\/prisma-convives\/"},{"@type":"ListItem","position":2,"name":"Prisma Convives"}]},{"@type":"WebSite","@id":"https:\/\/eldiariodelaeducacion.com\/prisma-convives\/#website","url":"https:\/\/eldiariodelaeducacion.com\/prisma-convives\/","name":"Prisma Convives","description":"Un blog de El Diario de la Educaci\u00f3n","potentialAction":[{"@type":"SearchAction","target":{"@type":"EntryPoint","urlTemplate":"https:\/\/eldiariodelaeducacion.com\/prisma-convives\/?s={search_term_string}"},"query-input":{"@type":"PropertyValueSpecification","valueRequired":true,"valueName":"search_term_string"}}],"inLanguage":"es"}]}},"_links":{"self":[{"href":"https:\/\/eldiariodelaeducacion.com\/prisma-convives\/wp-json\/wp\/v2\/pages\/152","targetHints":{"allow":["GET"]}}],"collection":[{"href":"https:\/\/eldiariodelaeducacion.com\/prisma-convives\/wp-json\/wp\/v2\/pages"}],"about":[{"href":"https:\/\/eldiariodelaeducacion.com\/prisma-convives\/wp-json\/wp\/v2\/types\/page"}],"author":[{"embeddable":true,"href":"https:\/\/eldiariodelaeducacion.com\/prisma-convives\/wp-json\/wp\/v2\/users\/1"}],"replies":[{"embeddable":true,"href":"https:\/\/eldiariodelaeducacion.com\/prisma-convives\/wp-json\/wp\/v2\/comments?post=152"}],"version-history":[{"count":17,"href":"https:\/\/eldiariodelaeducacion.com\/prisma-convives\/wp-json\/wp\/v2\/pages\/152\/revisions"}],"predecessor-version":[{"id":172,"href":"https:\/\/eldiariodelaeducacion.com\/prisma-convives\/wp-json\/wp\/v2\/pages\/152\/revisions\/172"}],"wp:attachment":[{"href":"https:\/\/eldiariodelaeducacion.com\/prisma-convives\/wp-json\/wp\/v2\/media?parent=152"}],"curies":[{"name":"wp","href":"https:\/\/api.w.org\/{rel}","templated":true}]}}