{"id":2,"date":"2024-02-11T13:37:04","date_gmt":"2024-02-11T12:37:04","guid":{"rendered":"https:\/\/gracious-carson.82-223-1-47.plesk.page\/red-universitaria-de-renovacion-pedagogica\/?page_id=2"},"modified":"2026-02-02T11:05:13","modified_gmt":"2026-02-02T10:05:13","slug":"inicio-prisma-convives","status":"publish","type":"page","link":"https:\/\/eldiariodelaeducacion.com\/red-universitaria-de-renovacion-pedagogica\/","title":{"rendered":"inicio"},"content":{"rendered":"\t\t<div data-elementor-type=\"wp-page\" data-elementor-id=\"2\" class=\"elementor elementor-2\" data-elementor-post-type=\"page\">\n\t\t\t\t\t\t<section class=\"has-el-gap el-gap-default elementor-section elementor-top-section elementor-element elementor-element-4ce178a elementor-section-boxed elementor-section-height-default elementor-section-height-default\" data-id=\"4ce178a\" data-element_type=\"section\" data-e-type=\"section\">\n\t\t\t\t\t\t<div class=\"elementor-container elementor-column-gap-no\">\n\t\t\t\t\t<div class=\"elementor-column elementor-col-100 elementor-top-column elementor-element elementor-element-3555872\" data-id=\"3555872\" data-element_type=\"column\" data-e-type=\"column\">\n\t\t\t<div class=\"elementor-widget-wrap elementor-element-populated\">\n\t\t\t\t\t\t<div class=\"elementor-element elementor-element-6ca47e3 post-content elementor-widget elementor-widget-text-editor\" data-id=\"6ca47e3\" data-element_type=\"widget\" data-e-type=\"widget\" data-widget_type=\"text-editor.default\">\n\t\t\t\t<div class=\"elementor-widget-container\">\n\t\t\t\t\t\t\t\t\t<h1 style=\"text-align: center; font-family: inter tight; font-size: 20px;\">RED UNIVERSITARIA DE RENOVACI\u00d3N PEDAG\u00d3GICA \u00b7 Un blog de <span style=\"color: #3878b0;\"><a style=\"color: #3878b0; text-decoration: none;\" href=\"https:\/\/eldiariodelaeducacion.com\">El Diario de la Educaci\u00f3n<\/a><\/span><\/h1>\t\t\t\t\t\t\t\t<\/div>\n\t\t\t\t<\/div>\n\t\t\t\t\t<\/div>\n\t\t<\/div>\n\t\t\t\t\t<\/div>\n\t\t<\/section>\n\t\t\t\t<section class=\"has-el-gap el-gap-default elementor-section elementor-top-section elementor-element elementor-element-9eb35ab elementor-section-boxed elementor-section-height-default elementor-section-height-default\" data-id=\"9eb35ab\" data-element_type=\"section\" data-e-type=\"section\">\n\t\t\t\t\t\t<div class=\"elementor-container elementor-column-gap-no\">\n\t\t\t\t\t<div class=\"elementor-column elementor-col-66 elementor-top-column elementor-element elementor-element-9b9a6a4\" data-id=\"9b9a6a4\" data-element_type=\"column\" data-e-type=\"column\">\n\t\t\t<div class=\"elementor-widget-wrap elementor-element-populated\">\n\t\t\t\t\t\t<div class=\"elementor-element elementor-element-34982ab elementor-widget elementor-widget-smartmag-grid\" data-id=\"34982ab\" data-element_type=\"widget\" data-e-type=\"widget\" data-widget_type=\"smartmag-grid.default\">\n\t\t\t\t<div class=\"elementor-widget-container\">\n\t\t\t\t\t\t\t<section class=\"block-wrap block-grid block-sc\" data-id=\"1\">\n\n\t\t\t\t\n\t\t\t<div class=\"block-content\">\n\t\t\t\t\t\n\t<div class=\"loop loop-grid loop-grid-base grid grid-1 md:grid-1 xs:grid-1\">\n\n\t\t\t\t\t\n<article class=\"l-post grid-post grid-base-post\">\n\n\t\n\t\t\t<div class=\"media\">\n\n\t\t\n\t\t\t<a href=\"https:\/\/eldiariodelaeducacion.com\/red-universitaria-de-renovacion-pedagogica\/2026\/03\/19\/relevo-generacional-renovacion-pedagogica-docentes-jovenes\/\" class=\"image-link media-ratio ratio-16-9\" title=\"Docentes j\u00f3venes y renovaci\u00f3n pedag\u00f3gica: entre el compromiso y las dificultades del sistema\"><img fetchpriority=\"high\" decoding=\"async\" width=\"803\" height=\"451\" src=\"https:\/\/eldiariodelaeducacion.com\/red-universitaria-de-renovacion-pedagogica\/wp-content\/uploads\/sites\/29\/2026\/03\/Imagen1-1024x576.jpg\" class=\"attachment-large size-large wp-post-image\" alt=\"\" sizes=\"(max-width: 803px) 100vw, 803px\" title=\"Docentes j\u00f3venes y renovaci\u00f3n pedag\u00f3gica: entre el compromiso y las dificultades del sistema\" srcset=\"https:\/\/eldiariodelaeducacion.com\/red-universitaria-de-renovacion-pedagogica\/wp-content\/uploads\/sites\/29\/2026\/03\/Imagen1-1024x576.jpg 1024w, https:\/\/eldiariodelaeducacion.com\/red-universitaria-de-renovacion-pedagogica\/wp-content\/uploads\/sites\/29\/2026\/03\/Imagen1-300x169.jpg 300w, https:\/\/eldiariodelaeducacion.com\/red-universitaria-de-renovacion-pedagogica\/wp-content\/uploads\/sites\/29\/2026\/03\/Imagen1-768x432.jpg 768w, https:\/\/eldiariodelaeducacion.com\/red-universitaria-de-renovacion-pedagogica\/wp-content\/uploads\/sites\/29\/2026\/03\/Imagen1-18x10.jpg 18w, https:\/\/eldiariodelaeducacion.com\/red-universitaria-de-renovacion-pedagogica\/wp-content\/uploads\/sites\/29\/2026\/03\/Imagen1-150x84.jpg 150w, https:\/\/eldiariodelaeducacion.com\/red-universitaria-de-renovacion-pedagogica\/wp-content\/uploads\/sites\/29\/2026\/03\/Imagen1-450x253.jpg 450w, https:\/\/eldiariodelaeducacion.com\/red-universitaria-de-renovacion-pedagogica\/wp-content\/uploads\/sites\/29\/2026\/03\/Imagen1-1200x675.jpg 1200w, https:\/\/eldiariodelaeducacion.com\/red-universitaria-de-renovacion-pedagogica\/wp-content\/uploads\/sites\/29\/2026\/03\/Imagen1.jpg 1280w\" \/><\/a>\t\t\t\n\t\t\t\n\t\t\t\n\t\t\t\n\t\t\n\t\t<\/div>\n\t\n\n\t\n\t\t<div class=\"content\">\n\n\t\t\t<div class=\"post-meta post-meta-a has-below\"><h2 class=\"is-title post-title\"><a href=\"https:\/\/eldiariodelaeducacion.com\/red-universitaria-de-renovacion-pedagogica\/2026\/03\/19\/relevo-generacional-renovacion-pedagogica-docentes-jovenes\/\">Docentes j\u00f3venes y renovaci\u00f3n pedag\u00f3gica: entre el compromiso y las dificultades del sistema<\/a><\/h2><div class=\"post-meta-items meta-below\"><span class=\"meta-item post-author\"><a href=\"https:\/\/eldiariodelaeducacion.com\/red-universitaria-de-renovacion-pedagogica\/author\/lauraescalona\/\" title=\"Entradas de Laura Escalona\" rel=\"author\">Laura Escalona<\/a><\/span><\/div><\/div>\t\t\t\n\t\t\t\t\t\t\n\t\t\t\t<div class=\"excerpt limit-lines l-lines-2\">\n\t\t\t\t\t<p>Soy maestra, tengo 26 a\u00f1os y vivo en Segovia. El 21 de febrero tuvimos una reuni\u00f3n de la Conspiraci\u00f3n Educativa, un Movimiento de Renovaci\u00f3n Pedag\u00f3gica (MRP) de Segovia. Fue bonito \u2014y, en cierto modo, sorprendente\u2014 ver a tantas personas j\u00f3venes (en su mayor\u00eda estudiantes de Magisterio) involucradas y con ilusi\u00f3n.&hellip;<\/p>\n\t\t\t\t<\/div>\n\t\t\t\n\t\t\t\n\t\t\t\n\t\t<\/div>\n\n\t\n<\/article>\t\t\n\t<\/div>\n\n\t\t\n\t\t\t<\/div>\n\n\t\t<\/section>\n\t\t\t\t\t\t<\/div>\n\t\t\t\t<\/div>\n\t\t\t\t<div class=\"elementor-element elementor-element-fedc279 elementor-widget elementor-widget-smartmag-grid\" data-id=\"fedc279\" data-element_type=\"widget\" data-e-type=\"widget\" data-widget_type=\"smartmag-grid.default\">\n\t\t\t\t<div class=\"elementor-widget-container\">\n\t\t\t\t\t\t\t<section class=\"block-wrap block-grid block-sc\" data-id=\"2\" data-block=\"{&quot;id&quot;:&quot;grid&quot;,&quot;props&quot;:{&quot;cat_labels&quot;:&quot;0&quot;,&quot;cat_labels_pos&quot;:&quot;bot-left&quot;,&quot;reviews&quot;:&quot;stars&quot;,&quot;post_formats_pos&quot;:&quot;center&quot;,&quot;load_more_style&quot;:&quot;a&quot;,&quot;meta_cat_style&quot;:&quot;text&quot;,&quot;media_style_shadow&quot;:0,&quot;meta_sponsor&quot;:1,&quot;meta_sponsor_logo&quot;:0,&quot;meta_sponsor_label&quot;:&quot;Sponsor: {sponsor}&quot;,&quot;meta_sponsor_above&quot;:[],&quot;meta_sponsor_below&quot;:[&quot;sponsor&quot;,&quot;date&quot;],&quot;media_ratio&quot;:&quot;&quot;,&quot;media_ratio_custom&quot;:&quot;&quot;,&quot;read_more&quot;:&quot;none&quot;,&quot;content_center&quot;:0,&quot;posts&quot;:12,&quot;container_width&quot;:66,&quot;offset&quot;:0,&quot;pagination&quot;:&quot;1&quot;,&quot;pagination_type&quot;:&quot;load-more&quot;,&quot;sort_order&quot;:&quot;desc&quot;,&quot;excerpts&quot;:&quot;&quot;,&quot;meta_items_default&quot;:false,&quot;meta_below&quot;:[&quot;author&quot;],&quot;title_tag&quot;:&quot;h3&quot;,&quot;meta_sponsor_items_default&quot;:true,&quot;query_type&quot;:&quot;custom&quot;,&quot;sort_days&quot;:null,&quot;carousel_dots&quot;:null,&quot;is_sc_call&quot;:true}}\">\n\n\t\t\t\t\n\t\t\t<div class=\"block-content\">\n\t\t\t\t\t\n\t<div class=\"loop loop-grid loop-grid-base grid grid-2 md:grid-2 xs:grid-1\">\n\n\t\t\t\t\t\n<article class=\"l-post grid-post grid-base-post\">\n\n\t\n\t\t\t<div class=\"media\">\n\n\t\t\n\t\t\t<a href=\"https:\/\/eldiariodelaeducacion.com\/red-universitaria-de-renovacion-pedagogica\/2026\/03\/19\/relevo-generacional-renovacion-pedagogica-docentes-jovenes\/\" class=\"image-link media-ratio ratio-16-9\" title=\"Docentes j\u00f3venes y renovaci\u00f3n pedag\u00f3gica: entre el compromiso y las dificultades del sistema\"><img decoding=\"async\" width=\"377\" height=\"212\" src=\"https:\/\/eldiariodelaeducacion.com\/red-universitaria-de-renovacion-pedagogica\/wp-content\/uploads\/sites\/29\/2026\/03\/Imagen1-450x253.jpg\" class=\"attachment-bunyad-medium size-bunyad-medium wp-post-image\" alt=\"\" sizes=\"(max-width: 377px) 100vw, 377px\" title=\"Docentes j\u00f3venes y renovaci\u00f3n pedag\u00f3gica: entre el compromiso y las dificultades del sistema\" srcset=\"https:\/\/eldiariodelaeducacion.com\/red-universitaria-de-renovacion-pedagogica\/wp-content\/uploads\/sites\/29\/2026\/03\/Imagen1-450x253.jpg 450w, https:\/\/eldiariodelaeducacion.com\/red-universitaria-de-renovacion-pedagogica\/wp-content\/uploads\/sites\/29\/2026\/03\/Imagen1-300x169.jpg 300w, https:\/\/eldiariodelaeducacion.com\/red-universitaria-de-renovacion-pedagogica\/wp-content\/uploads\/sites\/29\/2026\/03\/Imagen1-1024x576.jpg 1024w, https:\/\/eldiariodelaeducacion.com\/red-universitaria-de-renovacion-pedagogica\/wp-content\/uploads\/sites\/29\/2026\/03\/Imagen1-768x432.jpg 768w, https:\/\/eldiariodelaeducacion.com\/red-universitaria-de-renovacion-pedagogica\/wp-content\/uploads\/sites\/29\/2026\/03\/Imagen1-18x10.jpg 18w, https:\/\/eldiariodelaeducacion.com\/red-universitaria-de-renovacion-pedagogica\/wp-content\/uploads\/sites\/29\/2026\/03\/Imagen1-150x84.jpg 150w, https:\/\/eldiariodelaeducacion.com\/red-universitaria-de-renovacion-pedagogica\/wp-content\/uploads\/sites\/29\/2026\/03\/Imagen1-1200x675.jpg 1200w, https:\/\/eldiariodelaeducacion.com\/red-universitaria-de-renovacion-pedagogica\/wp-content\/uploads\/sites\/29\/2026\/03\/Imagen1.jpg 1280w\" \/><\/a>\t\t\t\n\t\t\t\n\t\t\t\n\t\t\t\n\t\t\n\t\t<\/div>\n\t\n\n\t\n\t\t<div class=\"content\">\n\n\t\t\t<div class=\"post-meta post-meta-a has-below\"><h3 class=\"is-title post-title\"><a href=\"https:\/\/eldiariodelaeducacion.com\/red-universitaria-de-renovacion-pedagogica\/2026\/03\/19\/relevo-generacional-renovacion-pedagogica-docentes-jovenes\/\">Docentes j\u00f3venes y renovaci\u00f3n pedag\u00f3gica: entre el compromiso y las dificultades del sistema<\/a><\/h3><div class=\"post-meta-items meta-below\"><span class=\"meta-item post-author\"><a href=\"https:\/\/eldiariodelaeducacion.com\/red-universitaria-de-renovacion-pedagogica\/author\/lauraescalona\/\" title=\"Entradas de Laura Escalona\" rel=\"author\">Laura Escalona<\/a><\/span><\/div><\/div>\t\t\t\n\t\t\t\n\t\t\t\n\t\t<\/div>\n\n\t\n<\/article>\t\t\t\t\t\n<article class=\"l-post grid-post grid-base-post\">\n\n\t\n\t\t\t<div class=\"media\">\n\n\t\t\n\t\t\t<a href=\"https:\/\/eldiariodelaeducacion.com\/red-universitaria-de-renovacion-pedagogica\/2026\/02\/20\/la-renovacion-pedagogica-en-tiempos-de-normalizacion-de-los-discursos-de-odio\/\" class=\"image-link media-ratio ratio-16-9\" title=\"La renovaci\u00f3n pedag\u00f3gica en tiempos de normalizaci\u00f3n de los discursos de odio\"><img decoding=\"async\" width=\"377\" height=\"212\" src=\"https:\/\/eldiariodelaeducacion.com\/red-universitaria-de-renovacion-pedagogica\/wp-content\/uploads\/sites\/29\/2026\/02\/photo-output-5-450x253.jpeg\" class=\"attachment-bunyad-medium size-bunyad-medium wp-post-image\" alt=\"\" sizes=\"(max-width: 377px) 100vw, 377px\" title=\"La renovaci\u00f3n pedag\u00f3gica en tiempos de normalizaci\u00f3n de los discursos de odio\" srcset=\"https:\/\/eldiariodelaeducacion.com\/red-universitaria-de-renovacion-pedagogica\/wp-content\/uploads\/sites\/29\/2026\/02\/photo-output-5-450x253.jpeg 450w, https:\/\/eldiariodelaeducacion.com\/red-universitaria-de-renovacion-pedagogica\/wp-content\/uploads\/sites\/29\/2026\/02\/photo-output-5-300x169.jpeg 300w, https:\/\/eldiariodelaeducacion.com\/red-universitaria-de-renovacion-pedagogica\/wp-content\/uploads\/sites\/29\/2026\/02\/photo-output-5-1024x576.jpeg 1024w, https:\/\/eldiariodelaeducacion.com\/red-universitaria-de-renovacion-pedagogica\/wp-content\/uploads\/sites\/29\/2026\/02\/photo-output-5-768x432.jpeg 768w, https:\/\/eldiariodelaeducacion.com\/red-universitaria-de-renovacion-pedagogica\/wp-content\/uploads\/sites\/29\/2026\/02\/photo-output-5-1536x864.jpeg 1536w, https:\/\/eldiariodelaeducacion.com\/red-universitaria-de-renovacion-pedagogica\/wp-content\/uploads\/sites\/29\/2026\/02\/photo-output-5-18x10.jpeg 18w, https:\/\/eldiariodelaeducacion.com\/red-universitaria-de-renovacion-pedagogica\/wp-content\/uploads\/sites\/29\/2026\/02\/photo-output-5-150x84.jpeg 150w, https:\/\/eldiariodelaeducacion.com\/red-universitaria-de-renovacion-pedagogica\/wp-content\/uploads\/sites\/29\/2026\/02\/photo-output-5-1200x675.jpeg 1200w, https:\/\/eldiariodelaeducacion.com\/red-universitaria-de-renovacion-pedagogica\/wp-content\/uploads\/sites\/29\/2026\/02\/photo-output-5.jpeg 2016w\" \/><\/a>\t\t\t\n\t\t\t\n\t\t\t\n\t\t\t\n\t\t\n\t\t<\/div>\n\t\n\n\t\n\t\t<div class=\"content\">\n\n\t\t\t<div class=\"post-meta post-meta-a has-below\"><h3 class=\"is-title post-title\"><a href=\"https:\/\/eldiariodelaeducacion.com\/red-universitaria-de-renovacion-pedagogica\/2026\/02\/20\/la-renovacion-pedagogica-en-tiempos-de-normalizacion-de-los-discursos-de-odio\/\">La renovaci\u00f3n pedag\u00f3gica en tiempos de normalizaci\u00f3n de los discursos de odio<\/a><\/h3><div class=\"post-meta-items meta-below\"><span class=\"meta-item post-author\"><a href=\"https:\/\/eldiariodelaeducacion.com\/red-universitaria-de-renovacion-pedagogica\/author\/lmtorrego\/\" title=\"Entradas de Luis Torrego Egido\" rel=\"author\">Luis Torrego Egido<\/a><\/span><\/div><\/div>\t\t\t\n\t\t\t\n\t\t\t\n\t\t<\/div>\n\n\t\n<\/article>\t\t\t\t\t\n<article class=\"l-post grid-post grid-base-post\">\n\n\t\n\t\t\t<div class=\"media\">\n\n\t\t\n\t\t\t<a href=\"https:\/\/eldiariodelaeducacion.com\/red-universitaria-de-renovacion-pedagogica\/2025\/07\/30\/innovacion-educativa-en-el-diario-de-la-educacion\/\" class=\"image-link media-ratio ratio-16-9\" title=\"Innovaci\u00f3n Educativa en &#8216;El Diario de la Educaci\u00f3n&#8217;\"><img loading=\"lazy\" decoding=\"async\" width=\"377\" height=\"212\" src=\"https:\/\/eldiariodelaeducacion.com\/red-universitaria-de-renovacion-pedagogica\/wp-content\/uploads\/sites\/29\/2025\/07\/IMG_0739-450x478.png\" class=\"attachment-bunyad-medium size-bunyad-medium wp-post-image\" alt=\"Ilustraci\u00f3n sobre Innovaci\u00f3n Educativa\" sizes=\"(max-width: 377px) 100vw, 377px\" title=\"Innovaci\u00f3n Educativa en &#8216;El Diario de la Educaci\u00f3n&#8217;\" srcset=\"https:\/\/eldiariodelaeducacion.com\/red-universitaria-de-renovacion-pedagogica\/wp-content\/uploads\/sites\/29\/2025\/07\/IMG_0739-450x478.png 450w, https:\/\/eldiariodelaeducacion.com\/red-universitaria-de-renovacion-pedagogica\/wp-content\/uploads\/sites\/29\/2025\/07\/IMG_0739-283x300.png 283w, https:\/\/eldiariodelaeducacion.com\/red-universitaria-de-renovacion-pedagogica\/wp-content\/uploads\/sites\/29\/2025\/07\/IMG_0739-768x815.png 768w, https:\/\/eldiariodelaeducacion.com\/red-universitaria-de-renovacion-pedagogica\/wp-content\/uploads\/sites\/29\/2025\/07\/IMG_0739.png 828w\" \/><\/a>\t\t\t\n\t\t\t\n\t\t\t\n\t\t\t\n\t\t\n\t\t<\/div>\n\t\n\n\t\n\t\t<div class=\"content\">\n\n\t\t\t<div class=\"post-meta post-meta-a has-below\"><h3 class=\"is-title post-title\"><a href=\"https:\/\/eldiariodelaeducacion.com\/red-universitaria-de-renovacion-pedagogica\/2025\/07\/30\/innovacion-educativa-en-el-diario-de-la-educacion\/\">Innovaci\u00f3n Educativa en &#8216;El Diario de la Educaci\u00f3n&#8217;<\/a><\/h3><div class=\"post-meta-items meta-below\"><span class=\"meta-item post-author\"><a href=\"https:\/\/eldiariodelaeducacion.com\/red-universitaria-de-renovacion-pedagogica\/author\/katherinelaura\/\" title=\"Entradas de Katherine Gajardo Espinoza y Laura Escalona Rubio\" rel=\"author\">Katherine Gajardo Espinoza y Laura Escalona Rubio<\/a><\/span><\/div><\/div>\t\t\t\n\t\t\t\n\t\t\t\n\t\t<\/div>\n\n\t\n<\/article>\t\t\t\t\t\n<article class=\"l-post grid-post grid-base-post\">\n\n\t\n\t\t\t<div class=\"media\">\n\n\t\t\n\t\t\t<a href=\"https:\/\/eldiariodelaeducacion.com\/red-universitaria-de-renovacion-pedagogica\/2025\/06\/12\/docentes-en-secundaria-creadores-de-materiales-pedagogicos-sin-costes\/\" class=\"image-link media-ratio ratio-16-9\" title=\"Docentes, en secundaria, creadores de materiales pedag\u00f3gicos, \u00bfsin costes?\"><img loading=\"lazy\" decoding=\"async\" width=\"377\" height=\"212\" src=\"https:\/\/eldiariodelaeducacion.com\/red-universitaria-de-renovacion-pedagogica\/wp-content\/uploads\/sites\/29\/2025\/05\/photo-output-7-450x253.png\" class=\"attachment-bunyad-medium size-bunyad-medium wp-post-image\" alt=\"Ilustraci\u00f3n que reperesenta la plaza que ocupa un alumno\" sizes=\"(max-width: 377px) 100vw, 377px\" title=\"Docentes, en secundaria, creadores de materiales pedag\u00f3gicos, \u00bfsin costes?\" srcset=\"https:\/\/eldiariodelaeducacion.com\/red-universitaria-de-renovacion-pedagogica\/wp-content\/uploads\/sites\/29\/2025\/05\/photo-output-7-450x253.png 450w, https:\/\/eldiariodelaeducacion.com\/red-universitaria-de-renovacion-pedagogica\/wp-content\/uploads\/sites\/29\/2025\/05\/photo-output-7-300x169.png 300w, https:\/\/eldiariodelaeducacion.com\/red-universitaria-de-renovacion-pedagogica\/wp-content\/uploads\/sites\/29\/2025\/05\/photo-output-7-1024x576.png 1024w, https:\/\/eldiariodelaeducacion.com\/red-universitaria-de-renovacion-pedagogica\/wp-content\/uploads\/sites\/29\/2025\/05\/photo-output-7-768x432.png 768w, https:\/\/eldiariodelaeducacion.com\/red-universitaria-de-renovacion-pedagogica\/wp-content\/uploads\/sites\/29\/2025\/05\/photo-output-7-1536x864.png 1536w, https:\/\/eldiariodelaeducacion.com\/red-universitaria-de-renovacion-pedagogica\/wp-content\/uploads\/sites\/29\/2025\/05\/photo-output-7-18x10.png 18w, https:\/\/eldiariodelaeducacion.com\/red-universitaria-de-renovacion-pedagogica\/wp-content\/uploads\/sites\/29\/2025\/05\/photo-output-7-150x84.png 150w, https:\/\/eldiariodelaeducacion.com\/red-universitaria-de-renovacion-pedagogica\/wp-content\/uploads\/sites\/29\/2025\/05\/photo-output-7-1200x675.png 1200w, https:\/\/eldiariodelaeducacion.com\/red-universitaria-de-renovacion-pedagogica\/wp-content\/uploads\/sites\/29\/2025\/05\/photo-output-7.png 2016w\" \/><\/a>\t\t\t\n\t\t\t\n\t\t\t\n\t\t\t\n\t\t\n\t\t<\/div>\n\t\n\n\t\n\t\t<div class=\"content\">\n\n\t\t\t<div class=\"post-meta post-meta-a has-below\"><h3 class=\"is-title post-title\"><a href=\"https:\/\/eldiariodelaeducacion.com\/red-universitaria-de-renovacion-pedagogica\/2025\/06\/12\/docentes-en-secundaria-creadores-de-materiales-pedagogicos-sin-costes\/\">Docentes, en secundaria, creadores de materiales pedag\u00f3gicos, \u00bfsin costes?<\/a><\/h3><div class=\"post-meta-items meta-below\"><span class=\"meta-item post-author\"><a href=\"https:\/\/eldiariodelaeducacion.com\/red-universitaria-de-renovacion-pedagogica\/author\/nuriaesther\/\" title=\"Entradas de Esther Fatsini-Matheu y N\u00faria Sim\u00f3-Gil\" rel=\"author\">Esther Fatsini-Matheu y N\u00faria Sim\u00f3-Gil<\/a><\/span><\/div><\/div>\t\t\t\n\t\t\t\n\t\t\t\n\t\t<\/div>\n\n\t\n<\/article>\t\t\t\t\t\n<article class=\"l-post grid-post grid-base-post\">\n\n\t\n\t\t\t<div class=\"media\">\n\n\t\t\n\t\t\t<a href=\"https:\/\/eldiariodelaeducacion.com\/red-universitaria-de-renovacion-pedagogica\/2025\/04\/16\/compromiso-el-motor-de-la-renovacion-pedagogica\/\" class=\"image-link media-ratio ratio-16-9\" title=\"Compromiso: el motor de la Renovaci\u00f3n Pedag\u00f3gica\"><img loading=\"lazy\" decoding=\"async\" width=\"377\" height=\"212\" src=\"https:\/\/eldiariodelaeducacion.com\/red-universitaria-de-renovacion-pedagogica\/wp-content\/uploads\/sites\/29\/2025\/04\/WhatsApp-Image-2021-04-17-at-00.04.55-450x338.jpeg\" class=\"attachment-bunyad-medium size-bunyad-medium wp-post-image\" alt=\"Un mosaico de pi\u00f1as y palos en un patio de colegio\" sizes=\"(max-width: 377px) 100vw, 377px\" title=\"Compromiso: el motor de la Renovaci\u00f3n Pedag\u00f3gica\" srcset=\"https:\/\/eldiariodelaeducacion.com\/red-universitaria-de-renovacion-pedagogica\/wp-content\/uploads\/sites\/29\/2025\/04\/WhatsApp-Image-2021-04-17-at-00.04.55-450x338.jpeg 450w, https:\/\/eldiariodelaeducacion.com\/red-universitaria-de-renovacion-pedagogica\/wp-content\/uploads\/sites\/29\/2025\/04\/WhatsApp-Image-2021-04-17-at-00.04.55-300x225.jpeg 300w, https:\/\/eldiariodelaeducacion.com\/red-universitaria-de-renovacion-pedagogica\/wp-content\/uploads\/sites\/29\/2025\/04\/WhatsApp-Image-2021-04-17-at-00.04.55-1024x768.jpeg 1024w, https:\/\/eldiariodelaeducacion.com\/red-universitaria-de-renovacion-pedagogica\/wp-content\/uploads\/sites\/29\/2025\/04\/WhatsApp-Image-2021-04-17-at-00.04.55-768x576.jpeg 768w, https:\/\/eldiariodelaeducacion.com\/red-universitaria-de-renovacion-pedagogica\/wp-content\/uploads\/sites\/29\/2025\/04\/WhatsApp-Image-2021-04-17-at-00.04.55-1536x1152.jpeg 1536w, https:\/\/eldiariodelaeducacion.com\/red-universitaria-de-renovacion-pedagogica\/wp-content\/uploads\/sites\/29\/2025\/04\/WhatsApp-Image-2021-04-17-at-00.04.55-1200x900.jpeg 1200w, https:\/\/eldiariodelaeducacion.com\/red-universitaria-de-renovacion-pedagogica\/wp-content\/uploads\/sites\/29\/2025\/04\/WhatsApp-Image-2021-04-17-at-00.04.55.jpeg 2048w\" \/><\/a>\t\t\t\n\t\t\t\n\t\t\t\n\t\t\t\n\t\t\n\t\t<\/div>\n\t\n\n\t\n\t\t<div class=\"content\">\n\n\t\t\t<div class=\"post-meta post-meta-a has-below\"><h3 class=\"is-title post-title\"><a href=\"https:\/\/eldiariodelaeducacion.com\/red-universitaria-de-renovacion-pedagogica\/2025\/04\/16\/compromiso-el-motor-de-la-renovacion-pedagogica\/\">Compromiso: el motor de la Renovaci\u00f3n Pedag\u00f3gica<\/a><\/h3><div class=\"post-meta-items meta-below\"><span class=\"meta-item post-author\"><a href=\"https:\/\/eldiariodelaeducacion.com\/red-universitaria-de-renovacion-pedagogica\/author\/anadecastro\/\" title=\"Entradas de Ana de Castro\" rel=\"author\">Ana de Castro<\/a><\/span><\/div><\/div>\t\t\t\n\t\t\t\n\t\t\t\n\t\t<\/div>\n\n\t\n<\/article>\t\t\t\t\t\n<article class=\"l-post grid-post grid-base-post\">\n\n\t\n\t\t\t<div class=\"media\">\n\n\t\t\n\t\t\t<a href=\"https:\/\/eldiariodelaeducacion.com\/red-universitaria-de-renovacion-pedagogica\/2025\/03\/13\/el-museu-pedagogic-de-castello-un-laboratorio-ciudadano-para-la-renovacion-pedagogica-en-la-universidad\/\" class=\"image-link media-ratio ratio-16-9\" title=\"El Museu Pedag\u00f2gic de Castell\u00f3: un laboratorio ciudadano para la renovaci\u00f3n pedag\u00f3gica en la universidad\"><img loading=\"lazy\" decoding=\"async\" width=\"377\" height=\"212\" src=\"https:\/\/eldiariodelaeducacion.com\/red-universitaria-de-renovacion-pedagogica\/wp-content\/uploads\/sites\/29\/2025\/03\/600x400_foto-450x300.png\" class=\"attachment-bunyad-medium size-bunyad-medium wp-post-image\" alt=\"\" sizes=\"(max-width: 377px) 100vw, 377px\" title=\"El Museu Pedag\u00f2gic de Castell\u00f3: un laboratorio ciudadano para la renovaci\u00f3n pedag\u00f3gica en la universidad\" srcset=\"https:\/\/eldiariodelaeducacion.com\/red-universitaria-de-renovacion-pedagogica\/wp-content\/uploads\/sites\/29\/2025\/03\/600x400_foto-450x300.png 450w, https:\/\/eldiariodelaeducacion.com\/red-universitaria-de-renovacion-pedagogica\/wp-content\/uploads\/sites\/29\/2025\/03\/600x400_foto.png 600w\" \/><\/a>\t\t\t\n\t\t\t\n\t\t\t\n\t\t\t\n\t\t\n\t\t<\/div>\n\t\n\n\t\n\t\t<div class=\"content\">\n\n\t\t\t<div class=\"post-meta post-meta-a has-below\"><h3 class=\"is-title post-title\"><a href=\"https:\/\/eldiariodelaeducacion.com\/red-universitaria-de-renovacion-pedagogica\/2025\/03\/13\/el-museu-pedagogic-de-castello-un-laboratorio-ciudadano-para-la-renovacion-pedagogica-en-la-universidad\/\">El Museu Pedag\u00f2gic de Castell\u00f3: un laboratorio ciudadano para la renovaci\u00f3n pedag\u00f3gica en la universidad<\/a><\/h3><div class=\"post-meta-items meta-below\"><span class=\"meta-item post-author\"><a href=\"https:\/\/eldiariodelaeducacion.com\/red-universitaria-de-renovacion-pedagogica\/author\/joantomasmaria\/\" title=\"Entradas de Joan A. Traver Mart\u00ed Tom\u00e0s Segarra Arnau y Mar\u00eda Lozano Estivalis\" rel=\"author\">Joan A. Traver Mart\u00ed Tom\u00e0s Segarra Arnau y Mar\u00eda Lozano Estivalis<\/a><\/span><\/div><\/div>\t\t\t\n\t\t\t\n\t\t\t\n\t\t<\/div>\n\n\t\n<\/article>\t\t\t\t\t\n<article class=\"l-post grid-post grid-base-post\">\n\n\t\n\t\t\t<div class=\"media\">\n\n\t\t\n\t\t\t<a href=\"https:\/\/eldiariodelaeducacion.com\/red-universitaria-de-renovacion-pedagogica\/2025\/01\/30\/un-congreso-para-actualizar-la-memoria-de-la-renovacion-y-para-actualizar-el-compromiso-con-las-causas-justas\/\" class=\"image-link media-ratio ratio-16-9\" title=\"Un Congreso para actualizar la memoria de la renovaci\u00f3n y para actualizar el compromiso con las causas justas\"><img loading=\"lazy\" decoding=\"async\" width=\"377\" height=\"212\" src=\"https:\/\/eldiariodelaeducacion.com\/red-universitaria-de-renovacion-pedagogica\/wp-content\/uploads\/sites\/29\/2024\/12\/IMG_2099-450x300.jpg\" class=\"attachment-bunyad-medium size-bunyad-medium wp-post-image\" alt=\"\" sizes=\"(max-width: 377px) 100vw, 377px\" title=\"Un Congreso para actualizar la memoria de la renovaci\u00f3n y para actualizar el compromiso con las causas justas\" srcset=\"https:\/\/eldiariodelaeducacion.com\/red-universitaria-de-renovacion-pedagogica\/wp-content\/uploads\/sites\/29\/2024\/12\/IMG_2099-450x300.jpg 450w, https:\/\/eldiariodelaeducacion.com\/red-universitaria-de-renovacion-pedagogica\/wp-content\/uploads\/sites\/29\/2024\/12\/IMG_2099-1024x683.jpg 1024w, https:\/\/eldiariodelaeducacion.com\/red-universitaria-de-renovacion-pedagogica\/wp-content\/uploads\/sites\/29\/2024\/12\/IMG_2099-768x512.jpg 768w, https:\/\/eldiariodelaeducacion.com\/red-universitaria-de-renovacion-pedagogica\/wp-content\/uploads\/sites\/29\/2024\/12\/IMG_2099-1536x1024.jpg 1536w, https:\/\/eldiariodelaeducacion.com\/red-universitaria-de-renovacion-pedagogica\/wp-content\/uploads\/sites\/29\/2024\/12\/IMG_2099-1200x800.jpg 1200w, https:\/\/eldiariodelaeducacion.com\/red-universitaria-de-renovacion-pedagogica\/wp-content\/uploads\/sites\/29\/2024\/12\/IMG_2099.jpg 1620w\" \/><\/a>\t\t\t\n\t\t\t\n\t\t\t\n\t\t\t\n\t\t\n\t\t<\/div>\n\t\n\n\t\n\t\t<div class=\"content\">\n\n\t\t\t<div class=\"post-meta post-meta-a has-below\"><h3 class=\"is-title post-title\"><a href=\"https:\/\/eldiariodelaeducacion.com\/red-universitaria-de-renovacion-pedagogica\/2025\/01\/30\/un-congreso-para-actualizar-la-memoria-de-la-renovacion-y-para-actualizar-el-compromiso-con-las-causas-justas\/\">Un Congreso para actualizar la memoria de la renovaci\u00f3n y para actualizar el compromiso con las causas justas<\/a><\/h3><div class=\"post-meta-items meta-below\"><span class=\"meta-item post-author\"><a href=\"https:\/\/eldiariodelaeducacion.com\/red-universitaria-de-renovacion-pedagogica\/author\/aberttorrent\/\" title=\"Entradas de \u200eAlbert Torrent Font\" rel=\"author\">\u200eAlbert Torrent Font<\/a><\/span><\/div><\/div>\t\t\t\n\t\t\t\n\t\t\t\n\t\t<\/div>\n\n\t\n<\/article>\t\t\t\t\t\n<article class=\"l-post grid-post grid-base-post\">\n\n\t\n\t\t\t<div class=\"media\">\n\n\t\t\n\t\t\t<a href=\"https:\/\/eldiariodelaeducacion.com\/red-universitaria-de-renovacion-pedagogica\/2024\/12\/03\/ustedes-mis-estudiantes-de-educacion\/\" class=\"image-link media-ratio ratio-16-9\" title=\"Ustedes, mis estudiantes de educaci\u00f3n\"><img loading=\"lazy\" decoding=\"async\" width=\"377\" height=\"212\" src=\"https:\/\/eldiariodelaeducacion.com\/red-universitaria-de-renovacion-pedagogica\/wp-content\/uploads\/sites\/29\/2024\/11\/photo-output-5-450x253.png\" class=\"attachment-bunyad-medium size-bunyad-medium wp-post-image\" alt=\"\" sizes=\"(max-width: 377px) 100vw, 377px\" title=\"Ustedes, mis estudiantes de educaci\u00f3n\" srcset=\"https:\/\/eldiariodelaeducacion.com\/red-universitaria-de-renovacion-pedagogica\/wp-content\/uploads\/sites\/29\/2024\/11\/photo-output-5-450x253.png 450w, https:\/\/eldiariodelaeducacion.com\/red-universitaria-de-renovacion-pedagogica\/wp-content\/uploads\/sites\/29\/2024\/11\/photo-output-5-300x169.png 300w, https:\/\/eldiariodelaeducacion.com\/red-universitaria-de-renovacion-pedagogica\/wp-content\/uploads\/sites\/29\/2024\/11\/photo-output-5-1024x576.png 1024w, https:\/\/eldiariodelaeducacion.com\/red-universitaria-de-renovacion-pedagogica\/wp-content\/uploads\/sites\/29\/2024\/11\/photo-output-5-768x432.png 768w, https:\/\/eldiariodelaeducacion.com\/red-universitaria-de-renovacion-pedagogica\/wp-content\/uploads\/sites\/29\/2024\/11\/photo-output-5-1536x864.png 1536w, https:\/\/eldiariodelaeducacion.com\/red-universitaria-de-renovacion-pedagogica\/wp-content\/uploads\/sites\/29\/2024\/11\/photo-output-5-18x10.png 18w, https:\/\/eldiariodelaeducacion.com\/red-universitaria-de-renovacion-pedagogica\/wp-content\/uploads\/sites\/29\/2024\/11\/photo-output-5-150x84.png 150w, https:\/\/eldiariodelaeducacion.com\/red-universitaria-de-renovacion-pedagogica\/wp-content\/uploads\/sites\/29\/2024\/11\/photo-output-5-1200x675.png 1200w, https:\/\/eldiariodelaeducacion.com\/red-universitaria-de-renovacion-pedagogica\/wp-content\/uploads\/sites\/29\/2024\/11\/photo-output-5.png 2016w\" \/><\/a>\t\t\t\n\t\t\t\n\t\t\t\n\t\t\t\n\t\t\n\t\t<\/div>\n\t\n\n\t\n\t\t<div class=\"content\">\n\n\t\t\t<div class=\"post-meta post-meta-a has-below\"><h3 class=\"is-title post-title\"><a href=\"https:\/\/eldiariodelaeducacion.com\/red-universitaria-de-renovacion-pedagogica\/2024\/12\/03\/ustedes-mis-estudiantes-de-educacion\/\">Ustedes, mis estudiantes de educaci\u00f3n<\/a><\/h3><div class=\"post-meta-items meta-below\"><span class=\"meta-item post-author\"><a href=\"https:\/\/eldiariodelaeducacion.com\/red-universitaria-de-renovacion-pedagogica\/author\/felicianocv\/\" title=\"Entradas de Feliciano Casta\u00f1o Villar\" rel=\"author\">Feliciano Casta\u00f1o Villar<\/a><\/span><\/div><\/div>\t\t\t\n\t\t\t\n\t\t\t\n\t\t<\/div>\n\n\t\n<\/article>\t\t\t\t\t\n<article class=\"l-post grid-post grid-base-post\">\n\n\t\n\t\t\t<div class=\"media\">\n\n\t\t\n\t\t\t<a href=\"https:\/\/eldiariodelaeducacion.com\/red-universitaria-de-renovacion-pedagogica\/2024\/11\/07\/la-renovacion-pedagogica-hoy-transformacion-y-defensa-de-lo-publico-y-el-bien-comun\/\" class=\"image-link media-ratio ratio-16-9\" title=\"La Renovaci\u00f3n Pedag\u00f3gica hoy: transformaci\u00f3n, y defensa de lo p\u00fablico y el bien com\u00fan\"><img loading=\"lazy\" decoding=\"async\" width=\"377\" height=\"212\" src=\"https:\/\/eldiariodelaeducacion.com\/red-universitaria-de-renovacion-pedagogica\/wp-content\/uploads\/sites\/29\/2024\/10\/Democracia-450x253.png\" class=\"attachment-bunyad-medium size-bunyad-medium wp-post-image\" alt=\"\" sizes=\"(max-width: 377px) 100vw, 377px\" title=\"La Renovaci\u00f3n Pedag\u00f3gica hoy: transformaci\u00f3n, y defensa de lo p\u00fablico y el bien com\u00fan\" srcset=\"https:\/\/eldiariodelaeducacion.com\/red-universitaria-de-renovacion-pedagogica\/wp-content\/uploads\/sites\/29\/2024\/10\/Democracia-450x253.png 450w, https:\/\/eldiariodelaeducacion.com\/red-universitaria-de-renovacion-pedagogica\/wp-content\/uploads\/sites\/29\/2024\/10\/Democracia-300x169.png 300w, https:\/\/eldiariodelaeducacion.com\/red-universitaria-de-renovacion-pedagogica\/wp-content\/uploads\/sites\/29\/2024\/10\/Democracia-1024x576.png 1024w, https:\/\/eldiariodelaeducacion.com\/red-universitaria-de-renovacion-pedagogica\/wp-content\/uploads\/sites\/29\/2024\/10\/Democracia-768x432.png 768w, https:\/\/eldiariodelaeducacion.com\/red-universitaria-de-renovacion-pedagogica\/wp-content\/uploads\/sites\/29\/2024\/10\/Democracia-1536x864.png 1536w, https:\/\/eldiariodelaeducacion.com\/red-universitaria-de-renovacion-pedagogica\/wp-content\/uploads\/sites\/29\/2024\/10\/Democracia-18x10.png 18w, https:\/\/eldiariodelaeducacion.com\/red-universitaria-de-renovacion-pedagogica\/wp-content\/uploads\/sites\/29\/2024\/10\/Democracia-150x84.png 150w, https:\/\/eldiariodelaeducacion.com\/red-universitaria-de-renovacion-pedagogica\/wp-content\/uploads\/sites\/29\/2024\/10\/Democracia-1200x675.png 1200w, https:\/\/eldiariodelaeducacion.com\/red-universitaria-de-renovacion-pedagogica\/wp-content\/uploads\/sites\/29\/2024\/10\/Democracia.png 2016w\" \/><\/a>\t\t\t\n\t\t\t\n\t\t\t\n\t\t\t\n\t\t\n\t\t<\/div>\n\t\n\n\t\n\t\t<div class=\"content\">\n\n\t\t\t<div class=\"post-meta post-meta-a has-below\"><h3 class=\"is-title post-title\"><a href=\"https:\/\/eldiariodelaeducacion.com\/red-universitaria-de-renovacion-pedagogica\/2024\/11\/07\/la-renovacion-pedagogica-hoy-transformacion-y-defensa-de-lo-publico-y-el-bien-comun\/\">La Renovaci\u00f3n Pedag\u00f3gica hoy: transformaci\u00f3n, y defensa de lo p\u00fablico y el bien com\u00fan<\/a><\/h3><div class=\"post-meta-items meta-below\"><span class=\"meta-item post-author\"><a href=\"https:\/\/eldiariodelaeducacion.com\/red-universitaria-de-renovacion-pedagogica\/author\/enriquevicentxabiernuria\/\" title=\"Entradas de Enrique Javier D\u00edez Guti\u00e9rrez, Vicent Horcas L\u00f3pez, Xabier Arregui Murguiondo y N\u00faria Sim\u00f3 Gil\" rel=\"author\">Enrique Javier D\u00edez Guti\u00e9rrez, Vicent Horcas L\u00f3pez, Xabier Arregui Murguiondo y N\u00faria Sim\u00f3 Gil<\/a><\/span><\/div><\/div>\t\t\t\n\t\t\t\n\t\t\t\n\t\t<\/div>\n\n\t\n<\/article>\t\t\t\t\t\n<article class=\"l-post grid-post grid-base-post\">\n\n\t\n\t\t\t<div class=\"media\">\n\n\t\t\n\t\t\t<a href=\"https:\/\/eldiariodelaeducacion.com\/red-universitaria-de-renovacion-pedagogica\/2024\/07\/17\/los-mrp-y-la-formacion-permanente-institucional-una-mirada-del-pais-valenciano-desde-brasil\/\" class=\"image-link media-ratio ratio-16-9\" title=\"Los MRP y la formaci\u00f3n permanente institucional: una mirada del Pa\u00eds Valenciano desde Brasil\"><img loading=\"lazy\" decoding=\"async\" width=\"377\" height=\"212\" src=\"https:\/\/eldiariodelaeducacion.com\/red-universitaria-de-renovacion-pedagogica\/wp-content\/uploads\/sites\/29\/2024\/07\/photo-output-3-450x252.png\" class=\"attachment-bunyad-medium size-bunyad-medium wp-post-image\" alt=\"\" sizes=\"(max-width: 377px) 100vw, 377px\" title=\"Los MRP y la formaci\u00f3n permanente institucional: una mirada del Pa\u00eds Valenciano desde Brasil\" srcset=\"https:\/\/eldiariodelaeducacion.com\/red-universitaria-de-renovacion-pedagogica\/wp-content\/uploads\/sites\/29\/2024\/07\/photo-output-3-450x252.png 450w, https:\/\/eldiariodelaeducacion.com\/red-universitaria-de-renovacion-pedagogica\/wp-content\/uploads\/sites\/29\/2024\/07\/photo-output-3-300x168.png 300w, https:\/\/eldiariodelaeducacion.com\/red-universitaria-de-renovacion-pedagogica\/wp-content\/uploads\/sites\/29\/2024\/07\/photo-output-3-1024x574.png 1024w, https:\/\/eldiariodelaeducacion.com\/red-universitaria-de-renovacion-pedagogica\/wp-content\/uploads\/sites\/29\/2024\/07\/photo-output-3-768x431.png 768w, https:\/\/eldiariodelaeducacion.com\/red-universitaria-de-renovacion-pedagogica\/wp-content\/uploads\/sites\/29\/2024\/07\/photo-output-3-1536x861.png 1536w, https:\/\/eldiariodelaeducacion.com\/red-universitaria-de-renovacion-pedagogica\/wp-content\/uploads\/sites\/29\/2024\/07\/photo-output-3-18x10.png 18w, https:\/\/eldiariodelaeducacion.com\/red-universitaria-de-renovacion-pedagogica\/wp-content\/uploads\/sites\/29\/2024\/07\/photo-output-3-150x84.png 150w, https:\/\/eldiariodelaeducacion.com\/red-universitaria-de-renovacion-pedagogica\/wp-content\/uploads\/sites\/29\/2024\/07\/photo-output-3-1200x673.png 1200w, https:\/\/eldiariodelaeducacion.com\/red-universitaria-de-renovacion-pedagogica\/wp-content\/uploads\/sites\/29\/2024\/07\/photo-output-3.png 2048w\" \/><\/a>\t\t\t\n\t\t\t\n\t\t\t\n\t\t\t\n\t\t\n\t\t<\/div>\n\t\n\n\t\n\t\t<div class=\"content\">\n\n\t\t\t<div class=\"post-meta post-meta-a has-below\"><h3 class=\"is-title post-title\"><a href=\"https:\/\/eldiariodelaeducacion.com\/red-universitaria-de-renovacion-pedagogica\/2024\/07\/17\/los-mrp-y-la-formacion-permanente-institucional-una-mirada-del-pais-valenciano-desde-brasil\/\">Los MRP y la formaci\u00f3n permanente institucional: una mirada del Pa\u00eds Valenciano desde Brasil<\/a><\/h3><div class=\"post-meta-items meta-below\"><span class=\"meta-item post-author\"><a href=\"https:\/\/eldiariodelaeducacion.com\/red-universitaria-de-renovacion-pedagogica\/author\/sansano\/\" title=\"Entradas de Albert Sansano\" rel=\"author\">Albert Sansano<\/a><\/span><\/div><\/div>\t\t\t\n\t\t\t\n\t\t\t\n\t\t<\/div>\n\n\t\n<\/article>\t\t\t\t\t\n<article class=\"l-post grid-post grid-base-post\">\n\n\t\n\t\t\t<div class=\"media\">\n\n\t\t\n\t\t\t<a href=\"https:\/\/eldiariodelaeducacion.com\/red-universitaria-de-renovacion-pedagogica\/2024\/07\/04\/la-renovacion-pedagogica-en-la-actualidad\/\" class=\"image-link media-ratio ratio-16-9\" title=\"La Renovaci\u00f3n Pedag\u00f3gica en la actualidad\"><img loading=\"lazy\" decoding=\"async\" width=\"377\" height=\"212\" src=\"https:\/\/eldiariodelaeducacion.com\/red-universitaria-de-renovacion-pedagogica\/wp-content\/uploads\/sites\/29\/2024\/07\/photo-output-2-450x252.png\" class=\"attachment-bunyad-medium size-bunyad-medium wp-post-image\" alt=\"\" sizes=\"(max-width: 377px) 100vw, 377px\" title=\"La Renovaci\u00f3n Pedag\u00f3gica en la actualidad\" srcset=\"https:\/\/eldiariodelaeducacion.com\/red-universitaria-de-renovacion-pedagogica\/wp-content\/uploads\/sites\/29\/2024\/07\/photo-output-2-450x252.png 450w, https:\/\/eldiariodelaeducacion.com\/red-universitaria-de-renovacion-pedagogica\/wp-content\/uploads\/sites\/29\/2024\/07\/photo-output-2-300x168.png 300w, https:\/\/eldiariodelaeducacion.com\/red-universitaria-de-renovacion-pedagogica\/wp-content\/uploads\/sites\/29\/2024\/07\/photo-output-2-1024x574.png 1024w, https:\/\/eldiariodelaeducacion.com\/red-universitaria-de-renovacion-pedagogica\/wp-content\/uploads\/sites\/29\/2024\/07\/photo-output-2-768x431.png 768w, https:\/\/eldiariodelaeducacion.com\/red-universitaria-de-renovacion-pedagogica\/wp-content\/uploads\/sites\/29\/2024\/07\/photo-output-2-1536x861.png 1536w, https:\/\/eldiariodelaeducacion.com\/red-universitaria-de-renovacion-pedagogica\/wp-content\/uploads\/sites\/29\/2024\/07\/photo-output-2-18x10.png 18w, https:\/\/eldiariodelaeducacion.com\/red-universitaria-de-renovacion-pedagogica\/wp-content\/uploads\/sites\/29\/2024\/07\/photo-output-2-150x84.png 150w, https:\/\/eldiariodelaeducacion.com\/red-universitaria-de-renovacion-pedagogica\/wp-content\/uploads\/sites\/29\/2024\/07\/photo-output-2-1200x673.png 1200w, https:\/\/eldiariodelaeducacion.com\/red-universitaria-de-renovacion-pedagogica\/wp-content\/uploads\/sites\/29\/2024\/07\/photo-output-2.png 2048w\" \/><\/a>\t\t\t\n\t\t\t\n\t\t\t\n\t\t\t\n\t\t\n\t\t<\/div>\n\t\n\n\t\n\t\t<div class=\"content\">\n\n\t\t\t<div class=\"post-meta post-meta-a has-below\"><h3 class=\"is-title post-title\"><a href=\"https:\/\/eldiariodelaeducacion.com\/red-universitaria-de-renovacion-pedagogica\/2024\/07\/04\/la-renovacion-pedagogica-en-la-actualidad\/\">La Renovaci\u00f3n Pedag\u00f3gica en la actualidad<\/a><\/h3><div class=\"post-meta-items meta-below\"><span class=\"meta-item post-author\"><a href=\"https:\/\/eldiariodelaeducacion.com\/red-universitaria-de-renovacion-pedagogica\/author\/francescimbernon\/\" title=\"Entradas de Francesc Imbernon\" rel=\"author\">Francesc Imbernon<\/a><\/span><\/div><\/div>\t\t\t\n\t\t\t\n\t\t\t\n\t\t<\/div>\n\n\t\n<\/article>\t\t\t\t\t\n<article class=\"l-post grid-post grid-base-post\">\n\n\t\n\t\t\t<div class=\"media\">\n\n\t\t\n\t\t\t<a href=\"https:\/\/eldiariodelaeducacion.com\/red-universitaria-de-renovacion-pedagogica\/2024\/06\/18\/un-movimiento-de-renovacion-pedagogica\/\" class=\"image-link media-ratio ratio-16-9\" title=\"Un Movimiento de Renovaci\u00f3n Pedag\u00f3gica\"><img loading=\"lazy\" decoding=\"async\" width=\"377\" height=\"212\" src=\"https:\/\/eldiariodelaeducacion.com\/red-universitaria-de-renovacion-pedagogica\/wp-content\/uploads\/sites\/29\/2024\/06\/photo-output-450x252.png\" class=\"attachment-bunyad-medium size-bunyad-medium wp-post-image\" alt=\"\" sizes=\"(max-width: 377px) 100vw, 377px\" title=\"Un Movimiento de Renovaci\u00f3n Pedag\u00f3gica\" srcset=\"https:\/\/eldiariodelaeducacion.com\/red-universitaria-de-renovacion-pedagogica\/wp-content\/uploads\/sites\/29\/2024\/06\/photo-output-450x252.png 450w, https:\/\/eldiariodelaeducacion.com\/red-universitaria-de-renovacion-pedagogica\/wp-content\/uploads\/sites\/29\/2024\/06\/photo-output-300x168.png 300w, https:\/\/eldiariodelaeducacion.com\/red-universitaria-de-renovacion-pedagogica\/wp-content\/uploads\/sites\/29\/2024\/06\/photo-output-1024x574.png 1024w, https:\/\/eldiariodelaeducacion.com\/red-universitaria-de-renovacion-pedagogica\/wp-content\/uploads\/sites\/29\/2024\/06\/photo-output-768x431.png 768w, https:\/\/eldiariodelaeducacion.com\/red-universitaria-de-renovacion-pedagogica\/wp-content\/uploads\/sites\/29\/2024\/06\/photo-output-1536x861.png 1536w, https:\/\/eldiariodelaeducacion.com\/red-universitaria-de-renovacion-pedagogica\/wp-content\/uploads\/sites\/29\/2024\/06\/photo-output-18x10.png 18w, https:\/\/eldiariodelaeducacion.com\/red-universitaria-de-renovacion-pedagogica\/wp-content\/uploads\/sites\/29\/2024\/06\/photo-output-150x84.png 150w, https:\/\/eldiariodelaeducacion.com\/red-universitaria-de-renovacion-pedagogica\/wp-content\/uploads\/sites\/29\/2024\/06\/photo-output-1200x673.png 1200w, https:\/\/eldiariodelaeducacion.com\/red-universitaria-de-renovacion-pedagogica\/wp-content\/uploads\/sites\/29\/2024\/06\/photo-output.png 2048w\" \/><\/a>\t\t\t\n\t\t\t\n\t\t\t\n\t\t\t\n\t\t\n\t\t<\/div>\n\t\n\n\t\n\t\t<div class=\"content\">\n\n\t\t\t<div class=\"post-meta post-meta-a has-below\"><h3 class=\"is-title post-title\"><a href=\"https:\/\/eldiariodelaeducacion.com\/red-universitaria-de-renovacion-pedagogica\/2024\/06\/18\/un-movimiento-de-renovacion-pedagogica\/\">Un Movimiento de Renovaci\u00f3n Pedag\u00f3gica<\/a><\/h3><div class=\"post-meta-items meta-below\"><span class=\"meta-item post-author\"><a href=\"https:\/\/eldiariodelaeducacion.com\/red-universitaria-de-renovacion-pedagogica\/author\/jaume-martinez-bonafe\/\" title=\"Entradas de Jaume Mart\u00ednez Bonaf\u00e9\" rel=\"author\">Jaume Mart\u00ednez Bonaf\u00e9<\/a><\/span><\/div><\/div>\t\t\t\n\t\t\t\n\t\t\t\n\t\t<\/div>\n\n\t\n<\/article>\t\t\n\t<\/div>\n\n\t\n\n\t\n\t\t\n\t<div class=\"main-pagination pagination-more\" data-type=\"load-more\">\n\t\t<a href=\"https:\/\/eldiariodelaeducacion.com\/red-universitaria-de-renovacion-pedagogica\/wp-json\/wp\/v2\/pages\/2\/page\/2\/\" class=\"ts-button load-button load-button-a ts-button-alt\" data-page=\"1\">\n\t\t\t\tLoad More \n\t\t\t\t<i class=\"icon tsi tsi-repeat\"><\/i>\n\t\t<\/a>\n\t<\/div>\t\n\t\n\t\n\n\t\n\t\t\t<\/div>\n\n\t\t<\/section>\n\t\t\t\t\t\t<\/div>\n\t\t\t\t<\/div>\n\t\t\t\t\t<\/div>\n\t\t<\/div>\n\t\t\t\t<div class=\"elementor-column elementor-col-33 elementor-top-column elementor-element elementor-element-f5e41ac\" data-id=\"f5e41ac\" data-element_type=\"column\" data-e-type=\"column\" data-settings=\"{&quot;background_background&quot;:&quot;classic&quot;,&quot;background_sd_background&quot;:&quot;classic&quot;}\">\n\t\t\t<div class=\"elementor-widget-wrap elementor-element-populated\">\n\t\t\t\t\t\t<div class=\"elementor-element elementor-element-d3f24c9 elementor-widget elementor-widget-heading\" data-id=\"d3f24c9\" data-element_type=\"widget\" data-e-type=\"widget\" data-settings=\"{&quot;_background_sd_background&quot;:&quot;classic&quot;}\" data-widget_type=\"heading.default\">\n\t\t\t\t<div class=\"elementor-widget-container\">\n\t\t\t\t\t<h2 class=\"elementor-heading-title elementor-size-default\">Sobre el blog<\/h2>\t\t\t\t<\/div>\n\t\t\t\t<\/div>\n\t\t\t\t<div class=\"elementor-element elementor-element-6e628bc elementor-widget elementor-widget-text-editor\" data-id=\"6e628bc\" data-element_type=\"widget\" data-e-type=\"widget\" data-settings=\"{&quot;_background_sd_background&quot;:&quot;classic&quot;}\" data-widget_type=\"text-editor.default\">\n\t\t\t\t<div class=\"elementor-widget-container\">\n\t\t\t\t\t\t\t\t\t<p>Este blog nace con la idea de expresar la voz, el an\u00e1lisis y los debates del profesorado de las universidades p\u00fablicas espa\u00f1olas que apoyan y difunden apoyar las iniciativas de los Movimientos de Renovaci\u00f3n Pedag\u00f3gica (MRP), con una larga trayectoria de compromiso y defensa de la educaci\u00f3n p\u00fablica e inclusiva desde el final del franquismo y para defender una innovaci\u00f3n con memoria hist\u00f3rica y comprometida con la defensa de la escuela p\u00fablica y el rechazo a la segregaci\u00f3n. El comienzo de 2024 ha tra\u00eddo la constituci\u00f3n de la Red Universitaria de Renovaci\u00f3n Pedag\u00f3gica de Espa\u00f1a.<\/p><p>La idea de crear esta red universitaria surge en un contexto educativo caracterizado por una explosi\u00f3n de iniciativas adjetivadas como innovadoras que ha convertido los cambios superficiales en la educaci\u00f3n en un escaparate de venta y promoci\u00f3n luminoso y con mucho ruido. La Red Universitaria de Renovaci\u00f3n Pedag\u00f3gica apuesta por una aut\u00e9ntica renovaci\u00f3n educativa (a) con memoria hist\u00f3rica democr\u00e1tica y atenta al contexto social, (b) con compromiso con un educaci\u00f3n transformadora de la sociedad hacia la justicia social, (c) con una clara defensa de la escuela p\u00fablica e inclusiva, (d) con el rechazo a cualquier tipo de segregaci\u00f3n y (e) con el af\u00e1n por construir comunidad educativa y desarrollar una educaci\u00f3n integral, as\u00ed como el pensamiento cr\u00edtico y la autonom\u00eda del alumnado.<\/p><p>Una de sus finalidades se concreta en la voluntad de apoyar las iniciativas y actividades de los\u00a0<a href=\"http:\/\/accioneducativa-mrp.org\/federacion\/\" data-saferedirecturl=\"https:\/\/www.google.com\/url?q=http:\/\/accioneducativa-mrp.org\/federacion\/&amp;source=gmail&amp;ust=1714732609951000&amp;usg=AOvVaw3almiV-h7kpS_i5-Q9omMN\">Movimientos de Renovaci\u00f3n Pedag\u00f3gica<\/a>\u00a0(MRP) y de difundir sus postulados. De ah\u00ed que se vincule con la Confederaci\u00f3n Estatal de Movimientos de Renovaci\u00f3n Pedag\u00f3gica. Por otra parte, este colectivo se integrar\u00e1 y colaborar\u00e1 con la red internacional de Renovaci\u00f3n Pedag\u00f3gica\u00a0<a href=\"https:\/\/convergences-educnouv.org\/es\/accueil-espanol\/\" data-saferedirecturl=\"https:\/\/www.google.com\/url?q=https:\/\/convergences-educnouv.org\/es\/accueil-espanol\/&amp;source=gmail&amp;ust=1714732609951000&amp;usg=AOvVaw3pegk--0L-pGFIlr2lSCll\"><strong>Convergence(s) pour l\u2019Education Nouvelle<\/strong><\/a>, red internacional que recoge la continuaci\u00f3n de la\u00a0<em>Ligue internationale pour l\u2019\u00c9ducation nouvelle<\/em>, creada en 1921 y que re\u00fane a entidades y federaciones freinetianas y de renovaci\u00f3n pedag\u00f3gica de distintos pa\u00edses.<\/p>\t\t\t\t\t\t\t\t<\/div>\n\t\t\t\t<\/div>\n\t\t\t\t<div class=\"elementor-element elementor-element-8e8a04e elementor-widget elementor-widget-shortcode\" data-id=\"8e8a04e\" data-element_type=\"widget\" data-e-type=\"widget\" data-widget_type=\"shortcode.default\">\n\t\t\t\t<div class=\"elementor-widget-container\">\n\t\t\t\t\t\t\t<div class=\"elementor-shortcode\"><div id=\"eldia-664056843\" class=\"eldia-columna1_home eldia-entity-placement\"><script async=\"async\" src=\"https:\/\/securepubads.g.doubleclick.net\/tag\/js\/gpt.js\"><\/script>\n<script> var googletag = googletag || {}; googletag.cmd = googletag.cmd || [];<\/script>\n<div id=\"gpt-ad-4292277880380-0\">\n  <script>\n\tgoogletag.cmd.push(function() {\n\t\t\t\tgoogletag.defineSlot( '\/50166482\/diarioeducacion\/columna_1', [[245,90],[300,250],[300,600]], 'gpt-ad-4292277880380-0' )\n\t\t.addService(googletag.pubads());\n\t\t\t\twindow.advadsGamEmptySlotsTimers = window.advadsGamEmptySlotsTimers || {};\n\t\tconst timers                     = window.advadsGamEmptySlotsTimers;\n\n\t\ttimers['gpt-ad-4292277880380-0'] = setTimeout( function () {\n\t\t\tconst id = 'gpt-ad-4292277880380-0';\n\t\t\tdocument.dispatchEvent( new CustomEvent( 'aagam_empty_slot', {detail: id} ) );\n\t\t\tdelete ( timers[id] );\n\t\t}, 1000 );\n\n\t\tif ( typeof window.advadsGamHasEmptySlotListener === 'undefined' ) {\n\t\t\tgoogletag.pubads().addEventListener( 'slotRequested', function ( ev ) {\n\t\t\t\tconst id = ev.slot.getSlotElementId();\n\t\t\t\tif ( typeof timers[id] === 'undefined' ) {\n\t\t\t\t\treturn;\n\t\t\t\t}\n\t\t\t\tclearTimeout( timers[id] );\n\t\t\t\ttimers[id] = setTimeout( function () {\n\t\t\t\t\tdocument.dispatchEvent( new CustomEvent( 'aagam_empty_slot', {detail: id} ) );\n\t\t\t\t\tdelete ( timers[id] );\n\t\t\t\t}, 2500 );\n\t\t\t} );\n\t\t\tgoogletag.pubads().addEventListener( 'slotResponseReceived', function ( ev ) {\n\t\t\t\tconst id = ev.slot.getSlotElementId();\n\t\t\t\tif ( typeof timers[id] !== 'undefined' ) {\n\t\t\t\t\tclearTimeout( timers[id] );\n\t\t\t\t\tdelete ( timers[id] );\n\t\t\t\t}\n\t\t\t\tif ( ! ev.slot.getResponseInformation() ) {\n\t\t\t\t\tdocument.dispatchEvent( new CustomEvent( 'aagam_empty_slot', {detail: id} ) );\n\t\t\t\t}\n\t\t\t} );\n\t\t\twindow.advadsGamHasEmptySlotListener = true;\n\t\t}\n\n\t\tgoogletag.enableServices();\n\t\tgoogletag.display( 'gpt-ad-4292277880380-0' );\n\t} );\n  <\/script>\n<\/div>\n<\/div><\/div>\n\t\t\t\t\t\t<\/div>\n\t\t\t\t<\/div>\n\t\t\t\t<div class=\"elementor-element elementor-element-980f4c4 elementor-widget elementor-widget-shortcode\" data-id=\"980f4c4\" data-element_type=\"widget\" data-e-type=\"widget\" data-widget_type=\"shortcode.default\">\n\t\t\t\t<div class=\"elementor-widget-container\">\n\t\t\t\t\t\t\t<div class=\"elementor-shortcode\"><div id=\"eldia-2460190012\" class=\"eldia-columna2_home eldia-entity-placement\"><script async=\"async\" src=\"https:\/\/securepubads.g.doubleclick.net\/tag\/js\/gpt.js\"><\/script>\n<script> var googletag = googletag || {}; googletag.cmd = googletag.cmd || [];<\/script>\n<div id=\"gpt-ad-2628052435675-0\">\n  <script>\n\tgoogletag.cmd.push(function() {\n\t\t\t\tgoogletag.defineSlot( '\/50166482\/diarioeducacion\/columna_2', [[245,90],[300,250],[300,600]], 'gpt-ad-2628052435675-0' )\n\t\t.addService(googletag.pubads());\n\t\t\t\twindow.advadsGamEmptySlotsTimers = window.advadsGamEmptySlotsTimers || {};\n\t\tconst timers                     = window.advadsGamEmptySlotsTimers;\n\n\t\ttimers['gpt-ad-2628052435675-0'] = setTimeout( function () {\n\t\t\tconst id = 'gpt-ad-2628052435675-0';\n\t\t\tdocument.dispatchEvent( new CustomEvent( 'aagam_empty_slot', {detail: id} ) );\n\t\t\tdelete ( timers[id] );\n\t\t}, 1000 );\n\n\t\tif ( typeof window.advadsGamHasEmptySlotListener === 'undefined' ) {\n\t\t\tgoogletag.pubads().addEventListener( 'slotRequested', function ( ev ) {\n\t\t\t\tconst id = ev.slot.getSlotElementId();\n\t\t\t\tif ( typeof timers[id] === 'undefined' ) {\n\t\t\t\t\treturn;\n\t\t\t\t}\n\t\t\t\tclearTimeout( timers[id] );\n\t\t\t\ttimers[id] = setTimeout( function () {\n\t\t\t\t\tdocument.dispatchEvent( new CustomEvent( 'aagam_empty_slot', {detail: id} ) );\n\t\t\t\t\tdelete ( timers[id] );\n\t\t\t\t}, 2500 );\n\t\t\t} );\n\t\t\tgoogletag.pubads().addEventListener( 'slotResponseReceived', function ( ev ) {\n\t\t\t\tconst id = ev.slot.getSlotElementId();\n\t\t\t\tif ( typeof timers[id] !== 'undefined' ) {\n\t\t\t\t\tclearTimeout( timers[id] );\n\t\t\t\t\tdelete ( timers[id] );\n\t\t\t\t}\n\t\t\t\tif ( ! ev.slot.getResponseInformation() ) {\n\t\t\t\t\tdocument.dispatchEvent( new CustomEvent( 'aagam_empty_slot', {detail: id} ) );\n\t\t\t\t}\n\t\t\t} );\n\t\t\twindow.advadsGamHasEmptySlotListener = true;\n\t\t}\n\n\t\tgoogletag.enableServices();\n\t\tgoogletag.display( 'gpt-ad-2628052435675-0' );\n\t} );\n  <\/script>\n<\/div>\n<\/div><\/div>\n\t\t\t\t\t\t<\/div>\n\t\t\t\t<\/div>\n\t\t\t\t<div class=\"elementor-element elementor-element-dd4c139 elementor-widget elementor-widget-shortcode\" data-id=\"dd4c139\" data-element_type=\"widget\" data-e-type=\"widget\" data-widget_type=\"shortcode.default\">\n\t\t\t\t<div class=\"elementor-widget-container\">\n\t\t\t\t\t\t\t<div class=\"elementor-shortcode\"><div id=\"eldia-1599022329\" class=\"eldia-columna3_home eldia-entity-placement\"><script async=\"async\" src=\"https:\/\/securepubads.g.doubleclick.net\/tag\/js\/gpt.js\"><\/script>\n<script> var googletag = googletag || {}; googletag.cmd = googletag.cmd || [];<\/script>\n<div id=\"gpt-ad-3758314440871-0\">\n  <script>\n\tgoogletag.cmd.push(function() {\n\t\t\t\tgoogletag.defineSlot( '\/50166482\/diarioeducacion\/columna_3', [[245,90],[300,250],[300,600]], 'gpt-ad-3758314440871-0' )\n\t\t.addService(googletag.pubads());\n\t\t\t\twindow.advadsGamEmptySlotsTimers = window.advadsGamEmptySlotsTimers || {};\n\t\tconst timers                     = window.advadsGamEmptySlotsTimers;\n\n\t\ttimers['gpt-ad-3758314440871-0'] = setTimeout( function () {\n\t\t\tconst id = 'gpt-ad-3758314440871-0';\n\t\t\tdocument.dispatchEvent( new CustomEvent( 'aagam_empty_slot', {detail: id} ) );\n\t\t\tdelete ( timers[id] );\n\t\t}, 1000 );\n\n\t\tif ( typeof window.advadsGamHasEmptySlotListener === 'undefined' ) {\n\t\t\tgoogletag.pubads().addEventListener( 'slotRequested', function ( ev ) {\n\t\t\t\tconst id = ev.slot.getSlotElementId();\n\t\t\t\tif ( typeof timers[id] === 'undefined' ) {\n\t\t\t\t\treturn;\n\t\t\t\t}\n\t\t\t\tclearTimeout( timers[id] );\n\t\t\t\ttimers[id] = setTimeout( function () {\n\t\t\t\t\tdocument.dispatchEvent( new CustomEvent( 'aagam_empty_slot', {detail: id} ) );\n\t\t\t\t\tdelete ( timers[id] );\n\t\t\t\t}, 2500 );\n\t\t\t} );\n\t\t\tgoogletag.pubads().addEventListener( 'slotResponseReceived', function ( ev ) {\n\t\t\t\tconst id = ev.slot.getSlotElementId();\n\t\t\t\tif ( typeof timers[id] !== 'undefined' ) {\n\t\t\t\t\tclearTimeout( timers[id] );\n\t\t\t\t\tdelete ( timers[id] );\n\t\t\t\t}\n\t\t\t\tif ( ! ev.slot.getResponseInformation() ) {\n\t\t\t\t\tdocument.dispatchEvent( new CustomEvent( 'aagam_empty_slot', {detail: id} ) );\n\t\t\t\t}\n\t\t\t} );\n\t\t\twindow.advadsGamHasEmptySlotListener = true;\n\t\t}\n\n\t\tgoogletag.enableServices();\n\t\tgoogletag.display( 'gpt-ad-3758314440871-0' );\n\t} );\n  <\/script>\n<\/div>\n<\/div><\/div>\n\t\t\t\t\t\t<\/div>\n\t\t\t\t<\/div>\n\t\t\t\t<div class=\"elementor-element elementor-element-ddb7429 elementor-widget elementor-widget-shortcode\" data-id=\"ddb7429\" data-element_type=\"widget\" data-e-type=\"widget\" data-widget_type=\"shortcode.default\">\n\t\t\t\t<div class=\"elementor-widget-container\">\n\t\t\t\t\t\t\t<div class=\"elementor-shortcode\"><div id=\"eldia-1596163310\" class=\"eldia-columna4_home eldia-entity-placement\"><script async=\"async\" src=\"https:\/\/securepubads.g.doubleclick.net\/tag\/js\/gpt.js\"><\/script>\n<script> var googletag = googletag || {}; googletag.cmd = googletag.cmd || [];<\/script>\n<div id=\"gpt-ad-1573264519537-0\">\n  <script>\n\tgoogletag.cmd.push(function() {\n\t\t\t\tgoogletag.defineSlot( '\/50166482\/diarioeducacion\/columna_4', [[245,90],[300,250],[300,600]], 'gpt-ad-1573264519537-0' )\n\t\t.addService(googletag.pubads());\n\t\t\t\twindow.advadsGamEmptySlotsTimers = window.advadsGamEmptySlotsTimers || {};\n\t\tconst timers                     = window.advadsGamEmptySlotsTimers;\n\n\t\ttimers['gpt-ad-1573264519537-0'] = setTimeout( function () {\n\t\t\tconst id = 'gpt-ad-1573264519537-0';\n\t\t\tdocument.dispatchEvent( new CustomEvent( 'aagam_empty_slot', {detail: id} ) );\n\t\t\tdelete ( timers[id] );\n\t\t}, 1000 );\n\n\t\tif ( typeof window.advadsGamHasEmptySlotListener === 'undefined' ) {\n\t\t\tgoogletag.pubads().addEventListener( 'slotRequested', function ( ev ) {\n\t\t\t\tconst id = ev.slot.getSlotElementId();\n\t\t\t\tif ( typeof timers[id] === 'undefined' ) {\n\t\t\t\t\treturn;\n\t\t\t\t}\n\t\t\t\tclearTimeout( timers[id] );\n\t\t\t\ttimers[id] = setTimeout( function () {\n\t\t\t\t\tdocument.dispatchEvent( new CustomEvent( 'aagam_empty_slot', {detail: id} ) );\n\t\t\t\t\tdelete ( timers[id] );\n\t\t\t\t}, 2500 );\n\t\t\t} );\n\t\t\tgoogletag.pubads().addEventListener( 'slotResponseReceived', function ( ev ) {\n\t\t\t\tconst id = ev.slot.getSlotElementId();\n\t\t\t\tif ( typeof timers[id] !== 'undefined' ) {\n\t\t\t\t\tclearTimeout( timers[id] );\n\t\t\t\t\tdelete ( timers[id] );\n\t\t\t\t}\n\t\t\t\tif ( ! ev.slot.getResponseInformation() ) {\n\t\t\t\t\tdocument.dispatchEvent( new CustomEvent( 'aagam_empty_slot', {detail: id} ) );\n\t\t\t\t}\n\t\t\t} );\n\t\t\twindow.advadsGamHasEmptySlotListener = true;\n\t\t}\n\n\t\tgoogletag.enableServices();\n\t\tgoogletag.display( 'gpt-ad-1573264519537-0' );\n\t} );\n  <\/script>\n<\/div>\n<\/div><\/div>\n\t\t\t\t\t\t<\/div>\n\t\t\t\t<\/div>\n\t\t\t\t<div class=\"elementor-element elementor-element-ec3c9d7 elementor-widget elementor-widget-shortcode\" data-id=\"ec3c9d7\" data-element_type=\"widget\" data-e-type=\"widget\" data-widget_type=\"shortcode.default\">\n\t\t\t\t<div class=\"elementor-widget-container\">\n\t\t\t\t\t\t\t<div class=\"elementor-shortcode\"><div id=\"eldia-3397819832\" class=\"eldia-columna5_home eldia-entity-placement\"><script async=\"async\" src=\"https:\/\/securepubads.g.doubleclick.net\/tag\/js\/gpt.js\"><\/script>\n<script> var googletag = googletag || {}; googletag.cmd = googletag.cmd || [];<\/script>\n<div id=\"gpt-ad-2749621168654-0\">\n  <script>\n\tgoogletag.cmd.push(function() {\n\t\t\t\tgoogletag.defineSlot( '\/50166482\/diarioeducacion\/columna_5', [[245,90],[300,250],[300,600]], 'gpt-ad-2749621168654-0' )\n\t\t.addService(googletag.pubads());\n\t\t\t\twindow.advadsGamEmptySlotsTimers = window.advadsGamEmptySlotsTimers || {};\n\t\tconst timers                     = window.advadsGamEmptySlotsTimers;\n\n\t\ttimers['gpt-ad-2749621168654-0'] = setTimeout( function () {\n\t\t\tconst id = 'gpt-ad-2749621168654-0';\n\t\t\tdocument.dispatchEvent( new CustomEvent( 'aagam_empty_slot', {detail: id} ) );\n\t\t\tdelete ( timers[id] );\n\t\t}, 1000 );\n\n\t\tif ( typeof window.advadsGamHasEmptySlotListener === 'undefined' ) {\n\t\t\tgoogletag.pubads().addEventListener( 'slotRequested', function ( ev ) {\n\t\t\t\tconst id = ev.slot.getSlotElementId();\n\t\t\t\tif ( typeof timers[id] === 'undefined' ) {\n\t\t\t\t\treturn;\n\t\t\t\t}\n\t\t\t\tclearTimeout( timers[id] );\n\t\t\t\ttimers[id] = setTimeout( function () {\n\t\t\t\t\tdocument.dispatchEvent( new CustomEvent( 'aagam_empty_slot', {detail: id} ) );\n\t\t\t\t\tdelete ( timers[id] );\n\t\t\t\t}, 2500 );\n\t\t\t} );\n\t\t\tgoogletag.pubads().addEventListener( 'slotResponseReceived', function ( ev ) {\n\t\t\t\tconst id = ev.slot.getSlotElementId();\n\t\t\t\tif ( typeof timers[id] !== 'undefined' ) {\n\t\t\t\t\tclearTimeout( timers[id] );\n\t\t\t\t\tdelete ( timers[id] );\n\t\t\t\t}\n\t\t\t\tif ( ! ev.slot.getResponseInformation() ) {\n\t\t\t\t\tdocument.dispatchEvent( new CustomEvent( 'aagam_empty_slot', {detail: id} ) );\n\t\t\t\t}\n\t\t\t} );\n\t\t\twindow.advadsGamHasEmptySlotListener = true;\n\t\t}\n\n\t\tgoogletag.enableServices();\n\t\tgoogletag.display( 'gpt-ad-2749621168654-0' );\n\t} );\n  <\/script>\n<\/div>\n<\/div><\/div>\n\t\t\t\t\t\t<\/div>\n\t\t\t\t<\/div>\n\t\t\t\t<div class=\"elementor-element elementor-element-59d1fe6 elementor-widget elementor-widget-shortcode\" data-id=\"59d1fe6\" data-element_type=\"widget\" data-e-type=\"widget\" data-widget_type=\"shortcode.default\">\n\t\t\t\t<div class=\"elementor-widget-container\">\n\t\t\t\t\t\t\t<div class=\"elementor-shortcode\"><div id=\"eldia-1102678895\" class=\"eldia-columna6_home eldia-entity-placement\"><script async=\"async\" src=\"https:\/\/securepubads.g.doubleclick.net\/tag\/js\/gpt.js\"><\/script>\n<script> var googletag = googletag || {}; googletag.cmd = googletag.cmd || [];<\/script>\n<div id=\"gpt-ad-1617026317538-0\">\n  <script>\n\tgoogletag.cmd.push(function() {\n\t\t\t\tgoogletag.defineSlot( '\/50166482\/diarioeducacion\/columna_6', [[245,90],[300,250],[300,600]], 'gpt-ad-1617026317538-0' )\n\t\t.addService(googletag.pubads());\n\t\t\t\twindow.advadsGamEmptySlotsTimers = window.advadsGamEmptySlotsTimers || {};\n\t\tconst timers                     = window.advadsGamEmptySlotsTimers;\n\n\t\ttimers['gpt-ad-1617026317538-0'] = setTimeout( function () {\n\t\t\tconst id = 'gpt-ad-1617026317538-0';\n\t\t\tdocument.dispatchEvent( new CustomEvent( 'aagam_empty_slot', {detail: id} ) );\n\t\t\tdelete ( timers[id] );\n\t\t}, 1000 );\n\n\t\tif ( typeof window.advadsGamHasEmptySlotListener === 'undefined' ) {\n\t\t\tgoogletag.pubads().addEventListener( 'slotRequested', function ( ev ) {\n\t\t\t\tconst id = ev.slot.getSlotElementId();\n\t\t\t\tif ( typeof timers[id] === 'undefined' ) {\n\t\t\t\t\treturn;\n\t\t\t\t}\n\t\t\t\tclearTimeout( timers[id] );\n\t\t\t\ttimers[id] = setTimeout( function () {\n\t\t\t\t\tdocument.dispatchEvent( new CustomEvent( 'aagam_empty_slot', {detail: id} ) );\n\t\t\t\t\tdelete ( timers[id] );\n\t\t\t\t}, 2500 );\n\t\t\t} );\n\t\t\tgoogletag.pubads().addEventListener( 'slotResponseReceived', function ( ev ) {\n\t\t\t\tconst id = ev.slot.getSlotElementId();\n\t\t\t\tif ( typeof timers[id] !== 'undefined' ) {\n\t\t\t\t\tclearTimeout( timers[id] );\n\t\t\t\t\tdelete ( timers[id] );\n\t\t\t\t}\n\t\t\t\tif ( ! ev.slot.getResponseInformation() ) {\n\t\t\t\t\tdocument.dispatchEvent( new CustomEvent( 'aagam_empty_slot', {detail: id} ) );\n\t\t\t\t}\n\t\t\t} );\n\t\t\twindow.advadsGamHasEmptySlotListener = true;\n\t\t}\n\n\t\tgoogletag.enableServices();\n\t\tgoogletag.display( 'gpt-ad-1617026317538-0' );\n\t} );\n  <\/script>\n<\/div>\n<\/div><\/div>\n\t\t\t\t\t\t<\/div>\n\t\t\t\t<\/div>\n\t\t\t\t<div class=\"elementor-element elementor-element-d609175 elementor-widget elementor-widget-shortcode\" data-id=\"d609175\" data-element_type=\"widget\" data-e-type=\"widget\" data-widget_type=\"shortcode.default\">\n\t\t\t\t<div class=\"elementor-widget-container\">\n\t\t\t\t\t\t\t<div class=\"elementor-shortcode\"><div id=\"eldia-2088320605\" class=\"eldia-columna7_home eldia-entity-placement\"><script async=\"async\" src=\"https:\/\/securepubads.g.doubleclick.net\/tag\/js\/gpt.js\"><\/script>\n<script> var googletag = googletag || {}; googletag.cmd = googletag.cmd || [];<\/script>\n<div id=\"gpt-ad-9661959965066-0\">\n  <script>\n\tgoogletag.cmd.push(function() {\n\t\t\t\tgoogletag.defineSlot( '\/50166482\/diarioeducacion\/columna_7', [[245,90],[300,250],[300,600]], 'gpt-ad-9661959965066-0' )\n\t\t.addService(googletag.pubads());\n\t\t\t\twindow.advadsGamEmptySlotsTimers = window.advadsGamEmptySlotsTimers || {};\n\t\tconst timers                     = window.advadsGamEmptySlotsTimers;\n\n\t\ttimers['gpt-ad-9661959965066-0'] = setTimeout( function () {\n\t\t\tconst id = 'gpt-ad-9661959965066-0';\n\t\t\tdocument.dispatchEvent( new CustomEvent( 'aagam_empty_slot', {detail: id} ) );\n\t\t\tdelete ( timers[id] );\n\t\t}, 1000 );\n\n\t\tif ( typeof window.advadsGamHasEmptySlotListener === 'undefined' ) {\n\t\t\tgoogletag.pubads().addEventListener( 'slotRequested', function ( ev ) {\n\t\t\t\tconst id = ev.slot.getSlotElementId();\n\t\t\t\tif ( typeof timers[id] === 'undefined' ) {\n\t\t\t\t\treturn;\n\t\t\t\t}\n\t\t\t\tclearTimeout( timers[id] );\n\t\t\t\ttimers[id] = setTimeout( function () {\n\t\t\t\t\tdocument.dispatchEvent( new CustomEvent( 'aagam_empty_slot', {detail: id} ) );\n\t\t\t\t\tdelete ( timers[id] );\n\t\t\t\t}, 2500 );\n\t\t\t} );\n\t\t\tgoogletag.pubads().addEventListener( 'slotResponseReceived', function ( ev ) {\n\t\t\t\tconst id = ev.slot.getSlotElementId();\n\t\t\t\tif ( typeof timers[id] !== 'undefined' ) {\n\t\t\t\t\tclearTimeout( timers[id] );\n\t\t\t\t\tdelete ( timers[id] );\n\t\t\t\t}\n\t\t\t\tif ( ! ev.slot.getResponseInformation() ) {\n\t\t\t\t\tdocument.dispatchEvent( new CustomEvent( 'aagam_empty_slot', {detail: id} ) );\n\t\t\t\t}\n\t\t\t} );\n\t\t\twindow.advadsGamHasEmptySlotListener = true;\n\t\t}\n\n\t\tgoogletag.enableServices();\n\t\tgoogletag.display( 'gpt-ad-9661959965066-0' );\n\t} );\n  <\/script>\n<\/div>\n<\/div><\/div>\n\t\t\t\t\t\t<\/div>\n\t\t\t\t<\/div>\n\t\t\t\t\t<\/div>\n\t\t<\/div>\n\t\t\t\t\t<\/div>\n\t\t<\/section>\n\t\t\t\t<\/div>\n\t\t","protected":false},"excerpt":{"rendered":"<p>RED UNIVERSITARIA DE RENOVACI\u00d3N PEDAG\u00d3GICA \u00b7 Un blog de El Diario de la Educaci\u00f3n Innovaci\u00f3n Educativa en &#8216;El Diario de la Educaci\u00f3n&#8217; Katherine Gajardo Espinoza y Laura Escalona Rubio El Diario de la Educaci\u00f3n es una referencia fundamental de la prensa pedag\u00f3gica en Espa\u00f1a. Hace alg\u00fan tiempo -y despu\u00e9s de un par de a\u00f1os de<\/p>\n","protected":false},"author":1,"featured_media":0,"parent":0,"menu_order":0,"comment_status":"closed","ping_status":"closed","template":"page-templates\/no-wrapper.php","meta":{"footnotes":""},"class_list":["post-2","page","type-page","status-publish"],"yoast_head":"<!-- This site is optimized with the Yoast SEO plugin v27.5 - https:\/\/yoast.com\/product\/yoast-seo-wordpress\/ -->\n<title>inicio - Red universitaria de renovaci\u00f3n pedag\u00f3gica<\/title>\n<meta name=\"robots\" content=\"index, follow, max-snippet:-1, max-image-preview:large, max-video-preview:-1\" \/>\n<link rel=\"canonical\" href=\"https:\/\/eldiariodelaeducacion.com\/red-universitaria-de-renovacion-pedagogica\/\" \/>\n<meta property=\"og:locale\" content=\"es_ES\" \/>\n<meta property=\"og:type\" content=\"article\" \/>\n<meta property=\"og:title\" content=\"inicio - Red universitaria de renovaci\u00f3n pedag\u00f3gica\" \/>\n<meta property=\"og:description\" content=\"RED UNIVERSITARIA DE RENOVACI\u00d3N PEDAG\u00d3GICA \u00b7 Un blog de El Diario de la Educaci\u00f3n Innovaci\u00f3n Educativa en &#8216;El Diario de la Educaci\u00f3n&#8217; Katherine Gajardo Espinoza y Laura Escalona Rubio El Diario de la Educaci\u00f3n es una referencia fundamental de la prensa pedag\u00f3gica en Espa\u00f1a. Hace alg\u00fan tiempo -y despu\u00e9s de un par de a\u00f1os de\" \/>\n<meta property=\"og:url\" content=\"https:\/\/eldiariodelaeducacion.com\/red-universitaria-de-renovacion-pedagogica\/\" \/>\n<meta property=\"og:site_name\" content=\"Red universitaria de renovaci\u00f3n pedag\u00f3gica\" \/>\n<meta property=\"article:modified_time\" content=\"2026-02-02T10:05:13+00:00\" \/>\n<meta property=\"og:image\" content=\"https:\/\/eldiariodelaeducacion.com\/red-universitaria-de-renovacion-pedagogica\/wp-content\/uploads\/sites\/29\/2025\/07\/IMG_0739.png\" \/>\n<meta name=\"twitter:card\" content=\"summary_large_image\" \/>\n<meta name=\"twitter:label1\" content=\"Tiempo de lectura\" \/>\n\t<meta name=\"twitter:data1\" content=\"6 minutos\" \/>\n<script type=\"application\/ld+json\" class=\"yoast-schema-graph\">{\"@context\":\"https:\\\/\\\/schema.org\",\"@graph\":[{\"@type\":\"WebPage\",\"@id\":\"https:\\\/\\\/eldiariodelaeducacion.com\\\/red-universitaria-de-renovacion-pedagogica\\\/\",\"url\":\"https:\\\/\\\/eldiariodelaeducacion.com\\\/red-universitaria-de-renovacion-pedagogica\\\/\",\"name\":\"inicio - Red universitaria de renovaci\u00f3n pedag\u00f3gica\",\"isPartOf\":{\"@id\":\"https:\\\/\\\/eldiariodelaeducacion.com\\\/red-universitaria-de-renovacion-pedagogica\\\/#website\"},\"primaryImageOfPage\":{\"@id\":\"https:\\\/\\\/eldiariodelaeducacion.com\\\/red-universitaria-de-renovacion-pedagogica\\\/#primaryimage\"},\"image\":{\"@id\":\"https:\\\/\\\/eldiariodelaeducacion.com\\\/red-universitaria-de-renovacion-pedagogica\\\/#primaryimage\"},\"thumbnailUrl\":\"https:\\\/\\\/eldiariodelaeducacion.com\\\/red-universitaria-de-renovacion-pedagogica\\\/wp-content\\\/uploads\\\/sites\\\/29\\\/2025\\\/07\\\/IMG_0739.png\",\"datePublished\":\"2024-02-11T12:37:04+00:00\",\"dateModified\":\"2026-02-02T10:05:13+00:00\",\"breadcrumb\":{\"@id\":\"https:\\\/\\\/eldiariodelaeducacion.com\\\/red-universitaria-de-renovacion-pedagogica\\\/#breadcrumb\"},\"inLanguage\":\"es\",\"potentialAction\":[{\"@type\":\"ReadAction\",\"target\":[\"https:\\\/\\\/eldiariodelaeducacion.com\\\/red-universitaria-de-renovacion-pedagogica\\\/\"]}]},{\"@type\":\"ImageObject\",\"inLanguage\":\"es\",\"@id\":\"https:\\\/\\\/eldiariodelaeducacion.com\\\/red-universitaria-de-renovacion-pedagogica\\\/#primaryimage\",\"url\":\"https:\\\/\\\/eldiariodelaeducacion.com\\\/red-universitaria-de-renovacion-pedagogica\\\/wp-content\\\/uploads\\\/sites\\\/29\\\/2025\\\/07\\\/IMG_0739.png\",\"contentUrl\":\"https:\\\/\\\/eldiariodelaeducacion.com\\\/red-universitaria-de-renovacion-pedagogica\\\/wp-content\\\/uploads\\\/sites\\\/29\\\/2025\\\/07\\\/IMG_0739.png\",\"width\":828,\"height\":879,\"caption\":\"Ilustraci\u00f3n cedida por Govalart\"},{\"@type\":\"BreadcrumbList\",\"@id\":\"https:\\\/\\\/eldiariodelaeducacion.com\\\/red-universitaria-de-renovacion-pedagogica\\\/#breadcrumb\",\"itemListElement\":[{\"@type\":\"ListItem\",\"position\":1,\"name\":\"Portada\",\"item\":\"https:\\\/\\\/eldiariodelaeducacion.com\\\/red-universitaria-de-renovacion-pedagogica\\\/\"},{\"@type\":\"ListItem\",\"position\":2,\"name\":\"inicio\"}]},{\"@type\":\"WebSite\",\"@id\":\"https:\\\/\\\/eldiariodelaeducacion.com\\\/red-universitaria-de-renovacion-pedagogica\\\/#website\",\"url\":\"https:\\\/\\\/eldiariodelaeducacion.com\\\/red-universitaria-de-renovacion-pedagogica\\\/\",\"name\":\"Red universitaria de renovaci\u00f3n pedag\u00f3gica\",\"description\":\"Un blog de El Diario de la Educaci\u00f3n\",\"potentialAction\":[{\"@type\":\"SearchAction\",\"target\":{\"@type\":\"EntryPoint\",\"urlTemplate\":\"https:\\\/\\\/eldiariodelaeducacion.com\\\/red-universitaria-de-renovacion-pedagogica\\\/?s={search_term_string}\"},\"query-input\":{\"@type\":\"PropertyValueSpecification\",\"valueRequired\":true,\"valueName\":\"search_term_string\"}}],\"inLanguage\":\"es\"}]}<\/script>\n<!-- \/ Yoast SEO plugin. -->","yoast_head_json":{"title":"inicio - Red universitaria de renovaci\u00f3n pedag\u00f3gica","robots":{"index":"index","follow":"follow","max-snippet":"max-snippet:-1","max-image-preview":"max-image-preview:large","max-video-preview":"max-video-preview:-1"},"canonical":"https:\/\/eldiariodelaeducacion.com\/red-universitaria-de-renovacion-pedagogica\/","og_locale":"es_ES","og_type":"article","og_title":"inicio - Red universitaria de renovaci\u00f3n pedag\u00f3gica","og_description":"RED UNIVERSITARIA DE RENOVACI\u00d3N PEDAG\u00d3GICA \u00b7 Un blog de El Diario de la Educaci\u00f3n Innovaci\u00f3n Educativa en &#8216;El Diario de la Educaci\u00f3n&#8217; Katherine Gajardo Espinoza y Laura Escalona Rubio El Diario de la Educaci\u00f3n es una referencia fundamental de la prensa pedag\u00f3gica en Espa\u00f1a. Hace alg\u00fan tiempo -y despu\u00e9s de un par de a\u00f1os de","og_url":"https:\/\/eldiariodelaeducacion.com\/red-universitaria-de-renovacion-pedagogica\/","og_site_name":"Red universitaria de renovaci\u00f3n pedag\u00f3gica","article_modified_time":"2026-02-02T10:05:13+00:00","og_image":[{"url":"https:\/\/eldiariodelaeducacion.com\/red-universitaria-de-renovacion-pedagogica\/wp-content\/uploads\/sites\/29\/2025\/07\/IMG_0739.png","type":"","width":"","height":""}],"twitter_card":"summary_large_image","twitter_misc":{"Tiempo de lectura":"6 minutos"},"schema":{"@context":"https:\/\/schema.org","@graph":[{"@type":"WebPage","@id":"https:\/\/eldiariodelaeducacion.com\/red-universitaria-de-renovacion-pedagogica\/","url":"https:\/\/eldiariodelaeducacion.com\/red-universitaria-de-renovacion-pedagogica\/","name":"inicio - Red universitaria de renovaci\u00f3n pedag\u00f3gica","isPartOf":{"@id":"https:\/\/eldiariodelaeducacion.com\/red-universitaria-de-renovacion-pedagogica\/#website"},"primaryImageOfPage":{"@id":"https:\/\/eldiariodelaeducacion.com\/red-universitaria-de-renovacion-pedagogica\/#primaryimage"},"image":{"@id":"https:\/\/eldiariodelaeducacion.com\/red-universitaria-de-renovacion-pedagogica\/#primaryimage"},"thumbnailUrl":"https:\/\/eldiariodelaeducacion.com\/red-universitaria-de-renovacion-pedagogica\/wp-content\/uploads\/sites\/29\/2025\/07\/IMG_0739.png","datePublished":"2024-02-11T12:37:04+00:00","dateModified":"2026-02-02T10:05:13+00:00","breadcrumb":{"@id":"https:\/\/eldiariodelaeducacion.com\/red-universitaria-de-renovacion-pedagogica\/#breadcrumb"},"inLanguage":"es","potentialAction":[{"@type":"ReadAction","target":["https:\/\/eldiariodelaeducacion.com\/red-universitaria-de-renovacion-pedagogica\/"]}]},{"@type":"ImageObject","inLanguage":"es","@id":"https:\/\/eldiariodelaeducacion.com\/red-universitaria-de-renovacion-pedagogica\/#primaryimage","url":"https:\/\/eldiariodelaeducacion.com\/red-universitaria-de-renovacion-pedagogica\/wp-content\/uploads\/sites\/29\/2025\/07\/IMG_0739.png","contentUrl":"https:\/\/eldiariodelaeducacion.com\/red-universitaria-de-renovacion-pedagogica\/wp-content\/uploads\/sites\/29\/2025\/07\/IMG_0739.png","width":828,"height":879,"caption":"Ilustraci\u00f3n cedida por Govalart"},{"@type":"BreadcrumbList","@id":"https:\/\/eldiariodelaeducacion.com\/red-universitaria-de-renovacion-pedagogica\/#breadcrumb","itemListElement":[{"@type":"ListItem","position":1,"name":"Portada","item":"https:\/\/eldiariodelaeducacion.com\/red-universitaria-de-renovacion-pedagogica\/"},{"@type":"ListItem","position":2,"name":"inicio"}]},{"@type":"WebSite","@id":"https:\/\/eldiariodelaeducacion.com\/red-universitaria-de-renovacion-pedagogica\/#website","url":"https:\/\/eldiariodelaeducacion.com\/red-universitaria-de-renovacion-pedagogica\/","name":"Red universitaria de renovaci\u00f3n pedag\u00f3gica","description":"Un blog de El Diario de la Educaci\u00f3n","potentialAction":[{"@type":"SearchAction","target":{"@type":"EntryPoint","urlTemplate":"https:\/\/eldiariodelaeducacion.com\/red-universitaria-de-renovacion-pedagogica\/?s={search_term_string}"},"query-input":{"@type":"PropertyValueSpecification","valueRequired":true,"valueName":"search_term_string"}}],"inLanguage":"es"}]}},"_links":{"self":[{"href":"https:\/\/eldiariodelaeducacion.com\/red-universitaria-de-renovacion-pedagogica\/wp-json\/wp\/v2\/pages\/2","targetHints":{"allow":["GET"]}}],"collection":[{"href":"https:\/\/eldiariodelaeducacion.com\/red-universitaria-de-renovacion-pedagogica\/wp-json\/wp\/v2\/pages"}],"about":[{"href":"https:\/\/eldiariodelaeducacion.com\/red-universitaria-de-renovacion-pedagogica\/wp-json\/wp\/v2\/types\/page"}],"author":[{"embeddable":true,"href":"https:\/\/eldiariodelaeducacion.com\/red-universitaria-de-renovacion-pedagogica\/wp-json\/wp\/v2\/users\/1"}],"replies":[{"embeddable":true,"href":"https:\/\/eldiariodelaeducacion.com\/red-universitaria-de-renovacion-pedagogica\/wp-json\/wp\/v2\/comments?post=2"}],"version-history":[{"count":91,"href":"https:\/\/eldiariodelaeducacion.com\/red-universitaria-de-renovacion-pedagogica\/wp-json\/wp\/v2\/pages\/2\/revisions"}],"predecessor-version":[{"id":579,"href":"https:\/\/eldiariodelaeducacion.com\/red-universitaria-de-renovacion-pedagogica\/wp-json\/wp\/v2\/pages\/2\/revisions\/579"}],"wp:attachment":[{"href":"https:\/\/eldiariodelaeducacion.com\/red-universitaria-de-renovacion-pedagogica\/wp-json\/wp\/v2\/media?parent=2"}],"curies":[{"name":"wp","href":"https:\/\/api.w.org\/{rel}","templated":true}]}}